{"id":29265,"date":"2024-01-18T18:42:13","date_gmt":"2024-01-18T17:42:13","guid":{"rendered":"https:\/\/fica-oc.pt\/?page_id=29265"},"modified":"2026-03-18T15:22:52","modified_gmt":"2026-03-18T15:22:52","slug":"screen-printing-workshops","status":"publish","type":"page","link":"https:\/\/fica-oc.pt\/en\/workshops-de-serigrafia\/","title":{"rendered":"Screen Printing Workshops"},"content":{"rendered":"\n<div style=\"height:100px\" aria-hidden=\"true\" class=\"wp-block-spacer\"><\/div>\n\n\n\n<div class=\"wp-block-group alignfull is-layout-constrained wp-container-core-group-is-layout-68e6aeda wp-block-group-is-layout-constrained\" style=\"margin-top:0;margin-bottom:0\">\n<div class=\"wp-block-columns is-layout-flex wp-container-core-columns-is-layout-04f11067 wp-block-columns-is-layout-flex\" style=\"margin-top:0;margin-bottom:0;padding-right:var(--wp--preset--spacing--80);padding-left:var(--wp--preset--spacing--80)\">\n<div class=\"wp-block-column is-layout-flow wp-container-core-column-is-layout-c5fbc5c1 wp-block-column-is-layout-flow\" style=\"padding-top:0;padding-right:var(--wp--preset--spacing--30);padding-bottom:0;padding-left:var(--wp--preset--spacing--30)\">\n<div class=\"wp-block-columns has-custom-blue-fica-background-color has-background is-layout-flex wp-container-core-columns-is-layout-b81e679e wp-block-columns-is-layout-flex\" style=\"border-radius:100px;margin-top:var(--wp--preset--spacing--20);margin-bottom:var(--wp--preset--spacing--20);padding-top:2px;padding-right:0;padding-bottom:2px;padding-left:0\">\n<div class=\"wp-block-column is-layout-flow wp-block-column-is-layout-flow\" style=\"padding-right:0;padding-left:0\">\n<p class=\"has-text-align-center has-secondary-color has-text-color has-link-color has-tiny-font-size wp-elements-77af8c42dab72f7192e359bd59bc64b3 wp-block-paragraph\" style=\"font-style:normal;font-weight:700\">Serigrafia<\/p>\n<\/div>\n<\/div>\n<\/div>\n<\/div>\n\n\n\n<div style=\"height:20px\" aria-hidden=\"true\" class=\"wp-block-spacer\"><\/div>\n\n\n\n<div class=\"wp-block-columns alignwide is-layout-flex wp-container-core-columns-is-layout-2a25a130 wp-block-columns-is-layout-flex\" style=\"margin-top:0;margin-bottom:0;padding-top:0;padding-right:0;padding-bottom:0;padding-left:0\">\n<div class=\"wp-block-column is-layout-flow wp-block-column-is-layout-flow\">\n<h1 class=\"wp-block-heading has-text-align-center alignwide has-larger-font-size\" id=\"workshop-s-de-serigrafia\" style=\"font-style:normal;font-weight:700;text-transform:uppercase\">WorkshopS de Serigrafia<\/h1>\n<\/div>\n<\/div>\n\n\n\n<div style=\"height:20px\" aria-hidden=\"true\" class=\"wp-block-spacer\"><\/div>\n\n\n\n<div class=\"wp-block-group alignwide is-layout-constrained wp-container-core-group-is-layout-0b967fb3 wp-block-group-is-layout-constrained\">\n<div class=\"wp-block-columns alignwide is-layout-flex wp-container-core-columns-is-layout-1a9244c7 wp-block-columns-is-layout-flex\">\n<div class=\"wp-block-column is-layout-flow wp-block-column-is-layout-flow\">\n<p class=\"has-text-align-center wp-block-paragraph\" style=\"font-style:normal;font-weight:500\">A serigrafia destaca-se como uma das nossas principais t\u00e9cnicas, para al\u00e9m da <a href=\"http:\/\/fica-oc.pt\/workshops-de-ceramica\">cer\u00e2mica<\/a> e <a href=\"http:\/\/fica-oc.pt\/workshops-de-marcenaria\">marcenaria<\/a>. Assim, os workshops de serigrafia s\u00e3o realizados regularmente. Ocorrem mensalmente, com os hor\u00e1rios a variar de m\u00eas para m\u00eas.<\/p>\n<\/div>\n<\/div>\n<\/div>\n\n\n\n<div style=\"height:30px\" aria-hidden=\"true\" class=\"wp-block-spacer\"><\/div>\n\n\n\n<div class=\"wp-block-columns is-layout-flex wp-container-core-columns-is-layout-81eafdeb wp-block-columns-is-layout-flex\" style=\"padding-right:0;padding-left:0\">\n<div class=\"wp-block-column is-layout-flow wp-container-core-column-is-layout-aac87c2f wp-block-column-is-layout-flow\" style=\"padding-top:0;padding-right:0;padding-bottom:0;padding-left:0;flex-basis:50%\">\n<div class=\"wp-block-columns is-layout-flex wp-container-core-columns-is-layout-f0278649 wp-block-columns-is-layout-flex\" style=\"border-width:3px;border-radius:100px;margin-top:var(--wp--preset--spacing--20);margin-bottom:var(--wp--preset--spacing--20);padding-top:var(--wp--preset--spacing--20);padding-right:0;padding-bottom:var(--wp--preset--spacing--20);padding-left:0\">\n<div class=\"wp-block-column is-layout-flow wp-block-column-is-layout-flow\" style=\"padding-right:0;padding-left:0\">\n<p class=\"has-text-align-center has-primary-color has-text-color has-link-color wp-elements-5b1bba093b5ec9c7482131019255ee1c wp-block-paragraph\" style=\"font-style:normal;font-weight:700\"><a href=\"#proximos-workshops-de-serigrafia\">dias \u00fateis \u2022 s\u00e1bados<\/a><\/p>\n<\/div>\n<\/div>\n<\/div>\n\n\n\n<div class=\"wp-block-column is-layout-flow wp-container-core-column-is-layout-9a8d42c5 wp-block-column-is-layout-flow\" style=\"padding-right:0;padding-left:0;flex-basis:55%\">\n<div class=\"wp-block-columns is-layout-flex wp-container-core-columns-is-layout-8d3243df wp-block-columns-is-layout-flex\" style=\"border-width:3px;border-radius:100px;margin-top:var(--wp--preset--spacing--20);margin-bottom:var(--wp--preset--spacing--20);padding-top:var(--wp--preset--spacing--20);padding-right:0;padding-bottom:var(--wp--preset--spacing--20);padding-left:0\">\n<div class=\"wp-block-column is-layout-flow wp-container-core-column-is-layout-aac87c2f wp-block-column-is-layout-flow\" style=\"padding-top:0;padding-right:0;padding-bottom:0;padding-left:0\">\n<p class=\"has-text-align-center has-primary-color has-text-color has-link-color wp-elements-1b86c3113bee837c84ba00ebea5c7095 wp-block-paragraph\" style=\"font-style:normal;font-weight:700\"><a href=\"#proximos-workshops-de-serigrafia\">manh\u00e3 \u2022 tarde \u2022 p\u00f3s-laboral<\/a><\/p>\n<\/div>\n<\/div>\n<\/div>\n<\/div>\n\n\n\n<div style=\"height:30px\" aria-hidden=\"true\" class=\"wp-block-spacer\"><\/div>\n\n\n\n<div class=\"wp-block-columns alignwide is-layout-flex wp-container-core-columns-is-layout-1a9244c7 wp-block-columns-is-layout-flex\">\n<div class=\"wp-block-column is-layout-flow wp-block-column-is-layout-flow\">\n<p class=\"has-text-align-center wp-block-paragraph\" style=\"font-style:normal;font-weight:500\">Os workshops de serigrafia acontecem em dias \u00fateis e\/ou s\u00e1bados. Temos forma\u00e7\u00f5es de 3 a 9 horas. <br>Os workshop n\u00e3o requerem conhecimentos pr\u00e9vios.<\/p>\n<\/div>\n<\/div>\n<\/div>\n\n\n\n<div style=\"height:50px\" aria-hidden=\"true\" class=\"wp-block-spacer\"><\/div>\n\n\n\n<div class=\"wp-block-buttons is-content-justification-center is-layout-flex wp-container-core-buttons-is-layout-d9a36c2f wp-block-buttons-is-layout-flex\">\n<div class=\"wp-block-button is-style-outline is-style-outline--1\"><a class=\"wp-block-button__link has-custom-l-grey-fica-color has-custom-d-blue-fica-background-color has-text-color has-background has-link-color has-text-align-center has-small-font-size has-custom-font-size wp-element-button\" href=\"#proximos-workshops-de-serigrafia\" style=\"border-style:none;border-width:0px;border-radius:68px\"><strong>workshops de SERIGRAFIA<\/strong><\/a><\/div>\n<\/div>\n\n\n\n<div style=\"height:50px\" aria-hidden=\"true\" class=\"wp-block-spacer\"><\/div>\n\n\n\n<div class=\"wp-block-group alignfull is-layout-constrained wp-block-group-is-layout-constrained\">\n<div class=\"wp-block-columns alignwide is-layout-flex wp-container-core-columns-is-layout-1a9244c7 wp-block-columns-is-layout-flex\">\n<div class=\"wp-block-column is-layout-flow wp-block-column-is-layout-flow\">\n<div class=\"wp-block-columns is-layout-flex wp-container-core-columns-is-layout-1a9244c7 wp-block-columns-is-layout-flex\">\n<div class=\"wp-block-column is-layout-flow wp-block-column-is-layout-flow\">\n<figure class=\"wp-block-image size-full has-custom-border\"><img loading=\"lazy\" decoding=\"async\" width=\"500\" height=\"625\" src=\"https:\/\/fica-oc.pt\/wp-content\/uploads\/2024\/01\/fica-workshops-de-serigrafia-oficina.webp\" alt=\"workshops de serigrafia - oficina\" class=\"wp-image-29276\" style=\"border-style:none;border-width:0px\" srcset=\"https:\/\/fica-oc.pt\/wp-content\/uploads\/2024\/01\/fica-workshops-de-serigrafia-oficina.webp 500w, https:\/\/fica-oc.pt\/wp-content\/uploads\/2024\/01\/fica-workshops-de-serigrafia-oficina-240x300.webp 240w\" sizes=\"auto, (max-width: 500px) 100vw, 500px\" \/><\/figure>\n<\/div>\n\n\n\n<div class=\"wp-block-column is-layout-flow wp-block-column-is-layout-flow\">\n<figure class=\"wp-block-image size-full\"><img loading=\"lazy\" decoding=\"async\" width=\"500\" height=\"625\" src=\"https:\/\/fica-oc.pt\/wp-content\/uploads\/2024\/01\/fica-workshops-de-serigrafia-carrossel-impressao.webp\" alt=\"workshops de serigrafia - carrossel de impress\u00e3o\" class=\"wp-image-29274\" srcset=\"https:\/\/fica-oc.pt\/wp-content\/uploads\/2024\/01\/fica-workshops-de-serigrafia-carrossel-impressao.webp 500w, https:\/\/fica-oc.pt\/wp-content\/uploads\/2024\/01\/fica-workshops-de-serigrafia-carrossel-impressao-240x300.webp 240w\" sizes=\"auto, (max-width: 500px) 100vw, 500px\" \/><\/figure>\n<\/div>\n<\/div>\n<\/div>\n\n\n\n<div class=\"wp-block-column is-layout-flow wp-block-column-is-layout-flow\">\n<div class=\"wp-block-columns is-layout-flex wp-container-core-columns-is-layout-1a9244c7 wp-block-columns-is-layout-flex\">\n<div class=\"wp-block-column is-layout-flow wp-block-column-is-layout-flow\">\n<figure class=\"wp-block-image size-full\"><img loading=\"lazy\" decoding=\"async\" width=\"500\" height=\"625\" src=\"https:\/\/fica-oc.pt\/wp-content\/uploads\/2024\/01\/fica-workshops-de-serigrafia-estampagem.webp\" alt=\"workshops de serigrafia - estampagem\" class=\"wp-image-29275\" srcset=\"https:\/\/fica-oc.pt\/wp-content\/uploads\/2024\/01\/fica-workshops-de-serigrafia-estampagem.webp 500w, https:\/\/fica-oc.pt\/wp-content\/uploads\/2024\/01\/fica-workshops-de-serigrafia-estampagem-240x300.webp 240w\" sizes=\"auto, (max-width: 500px) 100vw, 500px\" \/><\/figure>\n<\/div>\n\n\n\n<div class=\"wp-block-column is-layout-flow wp-block-column-is-layout-flow\">\n<figure class=\"wp-block-image size-full\"><img loading=\"lazy\" decoding=\"async\" width=\"500\" height=\"625\" src=\"https:\/\/fica-oc.pt\/wp-content\/uploads\/2024\/01\/fica-workshops-de-serigrafia-tintas.webp\" alt=\"workshops de serigrafia - tintas\" class=\"wp-image-29277\" srcset=\"https:\/\/fica-oc.pt\/wp-content\/uploads\/2024\/01\/fica-workshops-de-serigrafia-tintas.webp 500w, https:\/\/fica-oc.pt\/wp-content\/uploads\/2024\/01\/fica-workshops-de-serigrafia-tintas-240x300.webp 240w\" sizes=\"auto, (max-width: 500px) 100vw, 500px\" \/><\/figure>\n<\/div>\n<\/div>\n<\/div>\n<\/div>\n<\/div>\n\n\n\n<div style=\"height:60px\" aria-hidden=\"true\" class=\"wp-block-spacer\"><\/div>\n\n\n\n<div class=\"wp-block-group alignwide is-layout-constrained wp-block-group-is-layout-constrained\">\n<div class=\"wp-block-columns alignwide is-layout-flex wp-container-core-columns-is-layout-1a9244c7 wp-block-columns-is-layout-flex\">\n<div class=\"wp-block-column is-layout-flow wp-container-core-column-is-layout-d010593d wp-block-column-is-layout-flow\" style=\"padding-top:var(--wp--preset--spacing--30);padding-bottom:var(--wp--preset--spacing--30)\">\n<h2 class=\"wp-block-heading has-text-align-center has-x-large-font-size\" id=\"os-nossos-workshops-de-serigrafia\" style=\"font-style:normal;font-weight:700\">OS NOSSOS WORKSHOPS DE SERIGRAFIA<\/h2>\n\n\n\n<div style=\"height:10px\" aria-hidden=\"true\" class=\"wp-block-spacer\"><\/div>\n\n\n\n<div class=\"wp-block-group is-layout-constrained wp-container-core-group-is-layout-bdf4ecfb wp-block-group-is-layout-constrained\">\n<p class=\"has-text-align-center wp-block-paragraph\" style=\"padding-top:var(--wp--preset--spacing--30);padding-right:0;padding-bottom:var(--wp--preset--spacing--30);padding-left:0\">Nos workshops de serigrafia, proporcionamos uma aprendizagem abrangente do processo de impress\u00e3o, desde o in\u00edcio at\u00e9 ao fim. Exploramos dois m\u00e9todos: a utiliza\u00e7\u00e3o de emuls\u00e3o fotossens\u00edvel e stencil, com enfoque em dois substratos distintos, papel e tecido, conforme a tem\u00e1tica espec\u00edfica de cada workshop.<\/p>\n<\/div>\n\n\n\n<div style=\"height:20px\" aria-hidden=\"true\" class=\"wp-block-spacer\"><\/div>\n<\/div>\n<\/div>\n<\/div>\n\n\n\n<div class=\"wp-block-group alignwide is-layout-constrained wp-block-group-is-layout-constrained\">\n<div class=\"wp-block-columns alignwide has-secondary-color has-custom-blue-fica-background-color has-text-color has-background has-link-color wp-elements-f28bd1aacb471672c46324cb1a026f48 is-layout-flex wp-container-core-columns-is-layout-98a674b2 wp-block-columns-is-layout-flex\" id=\"inscricao-ginasio-de-oficios\" style=\"border-radius:15px;margin-top:0;margin-bottom:0;padding-top:var(--wp--preset--spacing--50);padding-right:var(--wp--preset--spacing--60);padding-bottom:var(--wp--preset--spacing--50);padding-left:var(--wp--preset--spacing--60)\">\n<div class=\"wp-block-column is-vertically-aligned-center is-layout-flow wp-container-core-column-is-layout-fa101823 wp-block-column-is-layout-flow\" style=\"padding-top:var(--wp--preset--spacing--20);padding-right:var(--wp--preset--spacing--30);padding-bottom:var(--wp--preset--spacing--20);padding-left:0;flex-basis:40%\">\n<h3 id=\"workshopsde-serigrafia\" class=\"wp-block-heading has-large-font-size\" style=\"font-style:normal;font-weight:700;text-transform:uppercase\">Workshops<br>de SERIGRAFIA<\/h3>\n\n\n\n<p class=\"has-medium-font-size wp-block-paragraph\" style=\"font-style:normal;font-weight:400\">EM PAPEL<\/p>\n<\/div>\n\n\n\n<div class=\"wp-block-column is-vertically-aligned-center is-layout-flow wp-container-core-column-is-layout-ee7f3dad wp-block-column-is-layout-flow\" style=\"padding-top:0;padding-right:0;padding-bottom:0;padding-left:0;flex-basis:80%\">\n<p class=\"wp-block-paragraph\" style=\"font-style:normal;font-weight:500\">Nestes workshops de serigrafia, aprendes o processo de forma geral. O Flash Workshop \u00e9 uma breve introdu\u00e7\u00e3o \u00e0 serigrafia, no entanto percorremos todo o processo.<\/p>\n\n\n\n<p class=\"wp-block-paragraph\" style=\"font-style:normal;font-weight:500\">A Oficina \u00e9 mais completa, para al\u00e9m de aprenderes o processo, vais imprimir duas artes finais, com acompanhamento.<\/p>\n\n\n\n<p class=\"wp-block-paragraph\" style=\"font-style:normal;font-weight:500\">Pelo menos um destes workshops, salvo excep\u00e7\u00f5es, realiza-se uma vez por m\u00eas.<\/p>\n\n\n\n<p class=\"has-regular-font-size wp-block-paragraph\" style=\"padding-top:var(--wp--preset--spacing--40);font-style:normal;font-weight:700\"><a href=\"#proximos-workshops-de-serigrafia\">PR\u00d3XIMOS WORKSHOPS &gt;<\/a><\/p>\n<\/div>\n<\/div>\n<\/div>\n\n\n\n<div style=\"height:50px\" aria-hidden=\"true\" class=\"wp-block-spacer\"><\/div>\n\n\n\n<div class=\"wp-block-group alignwide is-layout-constrained wp-block-group-is-layout-constrained\">\n<div class=\"wp-block-columns alignwide is-layout-flex wp-container-core-columns-is-layout-1a9244c7 wp-block-columns-is-layout-flex\">\n<div class=\"wp-block-column is-layout-flow wp-block-column-is-layout-flow\">\n<h4 class=\"wp-block-heading has-text-align-center\" id=\"flash-workshop-de-serigrafia\" style=\"font-size:30px;font-style:normal;font-weight:700\">FLASH WORKSHOP DE SERIGRAFIA<\/h4>\n<\/div>\n<\/div>\n\n\n\n<div style=\"height:10px\" aria-hidden=\"true\" class=\"wp-block-spacer\"><\/div>\n\n\n\n<div class=\"wp-block-columns alignfull is-layout-flex wp-container-core-columns-is-layout-1a9244c7 wp-block-columns-is-layout-flex\">\n<div class=\"wp-block-column is-vertically-aligned-top is-layout-flow wp-block-column-is-layout-flow\" style=\"flex-basis:45%\">\n<figure class=\"wp-block-image size-full is-resized\"><img loading=\"lazy\" decoding=\"async\" width=\"400\" height=\"400\" src=\"https:\/\/fica-oc.pt\/wp-content\/uploads\/2023\/09\/FICA-Flash-Serigrafia-Original.webp\" alt=\"flash workshop serigrafia - workshops de serigrafia\" class=\"wp-image-26331\" style=\"object-fit:cover;width:400px;height:400px\" srcset=\"https:\/\/fica-oc.pt\/wp-content\/uploads\/2023\/09\/FICA-Flash-Serigrafia-Original.webp 400w, https:\/\/fica-oc.pt\/wp-content\/uploads\/2023\/09\/FICA-Flash-Serigrafia-Original-300x300.webp 300w, https:\/\/fica-oc.pt\/wp-content\/uploads\/2023\/09\/FICA-Flash-Serigrafia-Original-150x150.webp 150w, https:\/\/fica-oc.pt\/wp-content\/uploads\/2023\/09\/FICA-Flash-Serigrafia-Original-161x161.webp 161w\" sizes=\"auto, (max-width: 400px) 100vw, 400px\" \/><\/figure>\n<\/div>\n\n\n\n<div class=\"wp-block-column is-layout-flow wp-container-core-column-is-layout-7c874152 wp-block-column-is-layout-flow\" style=\"flex-basis:100%\">\n<p class=\"has-text-align-left wp-block-paragraph\" style=\"padding-top:var(--wp--preset--spacing--30);padding-bottom:var(--wp--preset--spacing--30)\">O Flash Workshop Serigrafia \u00e9 um workshop introdut\u00f3rio \u00e0 serigrafia. Permite-te conhecer todo sobre o processo, as ferramentas necess\u00e1rias e a t\u00e9cnica de impress\u00e3o em papel. Neste workshop vais aprender os principais passos do processo de impress\u00e3o em serigrafia, bem como realizar um exerc\u00edcio de impress\u00e3o.<\/p>\n\n\n\n<p class=\"wp-block-paragraph\" style=\"padding-bottom:var(--wp--preset--spacing--40)\">Neste workshop imprimimos juntos uma mini zine, frente e verso, usando dois tipos de impress\u00e3o, com stencil e atrav\u00e9s da exposi\u00e7\u00e3o de tela. N\u00e3o precisas de trazer nenhum desenho ou material, pois iremos preparar uma arte final colectiva usando materiais de desenho e colagens.<\/p>\n\n\n\n<div class=\"wp-block-columns is-layout-flex wp-container-core-columns-is-layout-8dc10a71 wp-block-columns-is-layout-flex\">\n<div class=\"wp-block-column is-layout-flow wp-container-core-column-is-layout-7c874152 wp-block-column-is-layout-flow\">\n<h4 class=\"wp-block-heading has-text-align-left has-small-font-size\" id=\"tecnicas\" style=\"font-style:normal;font-weight:700\">Custo<\/h4>\n\n\n\n<p class=\"has-text-align-left wp-block-paragraph\" style=\"padding-top:var(--wp--preset--spacing--30);padding-bottom:var(--wp--preset--spacing--30)\">55\u20ac<\/p>\n<\/div>\n\n\n\n<div class=\"wp-block-column is-layout-flow wp-container-core-column-is-layout-7c874152 wp-block-column-is-layout-flow\">\n<h4 class=\"wp-block-heading has-text-align-left has-small-font-size\" id=\"duracao\" style=\"font-style:normal;font-weight:700\">Dura\u00e7\u00e3o<\/h4>\n\n\n\n<p class=\"has-text-align-left wp-block-paragraph\" style=\"padding-top:var(--wp--preset--spacing--30);padding-bottom:var(--wp--preset--spacing--30)\">1 sess\u00e3o de 3 horas<\/p>\n<\/div>\n<\/div>\n\n\n\n<div class=\"wp-block-columns is-layout-flex wp-container-core-columns-is-layout-8dc10a71 wp-block-columns-is-layout-flex\">\n<div class=\"wp-block-column is-layout-flow wp-container-core-column-is-layout-7c874152 wp-block-column-is-layout-flow\">\n<h4 class=\"wp-block-heading has-text-align-left has-small-font-size\" id=\"inclui\" style=\"font-style:normal;font-weight:700\">Inclui<\/h4>\n\n\n\n<p class=\"has-text-align-left wp-block-paragraph\" style=\"padding-top:var(--wp--preset--spacing--30);padding-bottom:var(--wp--preset--spacing--30)\">Todos os workshops de serigrafia incluem o material necess\u00e1rio para a realiza\u00e7\u00e3o do mesmo.<\/p>\n<\/div>\n<\/div>\n\n\n\n<div class=\"wp-block-columns is-layout-flex wp-container-core-columns-is-layout-8dc10a71 wp-block-columns-is-layout-flex\">\n<div class=\"wp-block-column is-layout-flow wp-container-core-column-is-layout-7c874152 wp-block-column-is-layout-flow\">\n<div class=\"wp-block-buttons is-content-justification-left is-layout-flex wp-container-core-buttons-is-layout-e717c0cb wp-block-buttons-is-layout-flex\" style=\"margin-top:0;margin-bottom:0\">\n<div class=\"wp-block-button is-style-outline is-style-outline--2\"><a class=\"wp-block-button__link has-custom-d-blue-fica-color has-custom-l-grey-fica-background-color has-text-color has-background has-link-color has-border-color has-custom-d-blue-fica-border-color has-text-align-center has-custom-font-size wp-element-button\" href=\"#proximos-workshops-de-serigrafia\" style=\"border-width:3px;border-radius:68px;padding-top:var(--wp--preset--spacing--30);padding-right:var(--wp--preset--spacing--50);padding-bottom:var(--wp--preset--spacing--30);padding-left:var(--wp--preset--spacing--50);font-size:12px\"><strong>vER PR\u00d3XIMO workshop<\/strong><\/a><\/div>\n<\/div>\n<\/div>\n<\/div>\n<\/div>\n<\/div>\n\n\n\n<div style=\"height:10px\" aria-hidden=\"true\" class=\"wp-block-spacer\"><\/div>\n<\/div>\n\n\n\n<hr class=\"wp-block-separator alignwide has-text-color has-custom-d-grey-fica-color has-alpha-channel-opacity has-custom-d-grey-fica-background-color has-background is-style-wide\"\/>\n\n\n\n<div class=\"wp-block-group alignwide is-layout-constrained wp-block-group-is-layout-constrained\">\n<div style=\"height:10px\" aria-hidden=\"true\" class=\"wp-block-spacer\"><\/div>\n\n\n\n<div class=\"wp-block-columns alignwide is-layout-flex wp-container-core-columns-is-layout-1a9244c7 wp-block-columns-is-layout-flex\">\n<div class=\"wp-block-column is-layout-flow wp-container-core-column-is-layout-7c874152 wp-block-column-is-layout-flow\">\n<h4 class=\"wp-block-heading has-text-align-center has-medium-font-size\" id=\"oficina-de-serigrafia\" style=\"font-style:normal;font-weight:700\">OFICINA DE SERIGRAFIA<\/h4>\n\n\n\n<div style=\"height:10px\" aria-hidden=\"true\" class=\"wp-block-spacer\"><\/div>\n<\/div>\n<\/div>\n\n\n\n<div class=\"wp-block-columns alignfull is-layout-flex wp-container-core-columns-is-layout-1a9244c7 wp-block-columns-is-layout-flex\">\n<div class=\"wp-block-column is-vertically-aligned-top is-layout-flow wp-block-column-is-layout-flow\" style=\"flex-basis:45%\">\n<figure class=\"wp-block-image size-full is-resized\"><img loading=\"lazy\" decoding=\"async\" width=\"400\" height=\"400\" src=\"https:\/\/fica-oc.pt\/wp-content\/uploads\/2023\/11\/FICA-Oficina-Serigrafia.webp\" alt=\"oficina serigrafia - workshops de serigrafia\" class=\"wp-image-28039\" style=\"object-fit:cover;width:400px;height:400px\" srcset=\"https:\/\/fica-oc.pt\/wp-content\/uploads\/2023\/11\/FICA-Oficina-Serigrafia.webp 400w, https:\/\/fica-oc.pt\/wp-content\/uploads\/2023\/11\/FICA-Oficina-Serigrafia-300x300.webp 300w, https:\/\/fica-oc.pt\/wp-content\/uploads\/2023\/11\/FICA-Oficina-Serigrafia-150x150.webp 150w, https:\/\/fica-oc.pt\/wp-content\/uploads\/2023\/11\/FICA-Oficina-Serigrafia-161x161.webp 161w\" sizes=\"auto, (max-width: 400px) 100vw, 400px\" \/><\/figure>\n<\/div>\n\n\n\n<div class=\"wp-block-column is-layout-flow wp-container-core-column-is-layout-7c874152 wp-block-column-is-layout-flow\" style=\"flex-basis:100%\">\n<p class=\"has-text-align-left wp-block-paragraph\" style=\"padding-top:var(--wp--preset--spacing--30);padding-bottom:var(--wp--preset--spacing--30)\">Nesta Oficina de Serigrafia ir\u00e1s imprimir em papel as tuas pr\u00f3prias artes finais. Iremos passar por todo o processo de impress\u00e3o em serigrafia, desde a escolha da tela para a grava\u00e7\u00e3o das matrizes (anal\u00f3gicas e digitais), toda a log\u00edstica de prepara\u00e7\u00e3o do set de trabalho at\u00e9 \u00e0 recupera\u00e7\u00e3o da tela. Durante as duas sess\u00f5es vais utilizar quadros de serigrafia com diferentes tamanhos e fios (72F\/90F) e perceber o tipo de aplica\u00e7\u00e3o que corresponde a cada um. Vamos explicar-te os tipos de papel a imprimir, mas tamb\u00e9m as tintas adequadas, na FICA utilizamos tintas para papel \u00e0 base de \u00e1gua pr\u00f3prias para serigrafia.<\/p>\n\n\n\n<p class=\"has-text-align-left wp-block-paragraph\" style=\"padding-top:0;padding-bottom:var(--wp--preset--spacing--30)\"><strong>Aula 1.<\/strong> Impress\u00e3o de uma arte final a 1 cor.<br>Exerc\u00edcio com fotolito anal\u00f3gico A5, produzido durante a aula com materiais pr\u00f3prios e colagens. Teremos uma vasta gama de stencils e materiais com o qual poder\u00e1s experimentar e combinar algo criativo.<br>T\u00e9cnicas de sobreposi\u00e7\u00e3o com o mesmo layer \u2013 mancha.<br>Edi\u00e7\u00e3o numerada e assinada de 15 prints \u00fanicos, mais testes e troca de prints dos outros participantes;<strong><br>Aula 2.<\/strong> Impress\u00e3o de uma arte final a 2 cores.<br>Exerc\u00edcio de registo e maior detalhe, com fotolito digital (tamb\u00e9m pode ser anal\u00f3gico).<br>T\u00e9cnica de registo rigoroso e sobreposi\u00e7\u00e3o de cores com transpar\u00eancia.<br>Edi\u00e7\u00e3o numerada e assinada de 20 prints \u00fanicos, mais testes e troca de prints dos outros participantes<\/p>\n\n\n\n<p class=\"has-text-align-left wp-block-paragraph\" style=\"padding-top:0;padding-bottom:var(--wp--preset--spacing--30)\"><\/p>\n\n\n\n<div class=\"wp-block-columns is-layout-flex wp-container-core-columns-is-layout-05dd7326 wp-block-columns-is-layout-flex\" style=\"padding-right:0;padding-left:0\">\n<div class=\"wp-block-column is-layout-flow wp-container-core-column-is-layout-7c874152 wp-block-column-is-layout-flow\">\n<h4 class=\"wp-block-heading has-text-align-left has-small-font-size\" id=\"tecnicas-1\" style=\"font-style:normal;font-weight:700\">Custo<\/h4>\n\n\n\n<p class=\"has-text-align-left wp-block-paragraph\" style=\"padding-top:var(--wp--preset--spacing--30);padding-bottom:var(--wp--preset--spacing--30)\">95\u20ac<\/p>\n<\/div>\n\n\n\n<div class=\"wp-block-column is-layout-flow wp-container-core-column-is-layout-7c874152 wp-block-column-is-layout-flow\">\n<h4 class=\"wp-block-heading has-text-align-left has-small-font-size\" id=\"duracao-2\" style=\"font-style:normal;font-weight:700\">Dura\u00e7\u00e3o<\/h4>\n\n\n\n<p class=\"has-text-align-left wp-block-paragraph\" style=\"padding-top:var(--wp--preset--spacing--30);padding-bottom:var(--wp--preset--spacing--30)\">2 sess\u00f5es de 3 horas (6 horas no total)<\/p>\n<\/div>\n<\/div>\n\n\n\n<div class=\"wp-block-columns is-layout-flex wp-container-core-columns-is-layout-8dc10a71 wp-block-columns-is-layout-flex\">\n<div class=\"wp-block-column is-layout-flow wp-container-core-column-is-layout-7c874152 wp-block-column-is-layout-flow\">\n<h4 class=\"wp-block-heading has-text-align-left has-small-font-size\" id=\"inclui-4\" style=\"font-style:normal;font-weight:700\">Inclui<\/h4>\n\n\n\n<p class=\"has-text-align-left wp-block-paragraph\" style=\"padding-top:var(--wp--preset--spacing--30);padding-bottom:var(--wp--preset--spacing--30)\">Todos os workshops de serigrafia incluem o material necess\u00e1rio para a realiza\u00e7\u00e3o do mesmo.<\/p>\n<\/div>\n<\/div>\n\n\n\n<div class=\"wp-block-columns is-layout-flex wp-container-core-columns-is-layout-8dc10a71 wp-block-columns-is-layout-flex\">\n<div class=\"wp-block-column is-layout-flow wp-container-core-column-is-layout-7c874152 wp-block-column-is-layout-flow\">\n<div class=\"wp-block-buttons is-content-justification-left is-layout-flex wp-container-core-buttons-is-layout-e717c0cb wp-block-buttons-is-layout-flex\" style=\"margin-top:0;margin-bottom:0\">\n<div class=\"wp-block-button is-style-outline is-style-outline--3\"><a class=\"wp-block-button__link has-custom-d-blue-fica-color has-custom-l-grey-fica-background-color has-text-color has-background has-link-color has-border-color has-custom-d-blue-fica-border-color has-text-align-center has-custom-font-size wp-element-button\" href=\"#proximos-workshops-de-serigrafia\" style=\"border-width:3px;border-radius:68px;padding-top:var(--wp--preset--spacing--30);padding-right:var(--wp--preset--spacing--50);padding-bottom:var(--wp--preset--spacing--30);padding-left:var(--wp--preset--spacing--50);font-size:12px\"><strong>vER PR\u00d3XIMO workshop<\/strong><\/a><\/div>\n<\/div>\n<\/div>\n<\/div>\n<\/div>\n<\/div>\n\n\n\n<div style=\"height:20px\" aria-hidden=\"true\" class=\"wp-block-spacer\"><\/div>\n<\/div>\n\n\n\n<div style=\"height:60px\" aria-hidden=\"true\" class=\"wp-block-spacer\"><\/div>\n\n\n\n<div class=\"wp-block-group alignwide is-layout-constrained wp-block-group-is-layout-constrained\">\n<div class=\"wp-block-columns alignwide has-secondary-color has-custom-blue-fica-background-color has-text-color has-background has-link-color wp-elements-17319506632030d92188f2b4f603964c is-layout-flex wp-container-core-columns-is-layout-98a674b2 wp-block-columns-is-layout-flex\" id=\"inscricao-ginasio-de-oficios\" style=\"border-radius:15px;margin-top:0;margin-bottom:0;padding-top:var(--wp--preset--spacing--50);padding-right:var(--wp--preset--spacing--60);padding-bottom:var(--wp--preset--spacing--50);padding-left:var(--wp--preset--spacing--60)\">\n<div class=\"wp-block-column is-vertically-aligned-center is-layout-flow wp-container-core-column-is-layout-fa101823 wp-block-column-is-layout-flow\" style=\"padding-top:var(--wp--preset--spacing--20);padding-right:var(--wp--preset--spacing--30);padding-bottom:var(--wp--preset--spacing--20);padding-left:0;flex-basis:40%\">\n<h3 id=\"workshopsde-serigrafia-5\" class=\"wp-block-heading has-large-font-size\" style=\"font-style:normal;font-weight:700;text-transform:uppercase\">Workshops<br>de SERIGRAFIA<\/h3>\n\n\n\n<p class=\"has-medium-font-size wp-block-paragraph\" style=\"font-style:normal;font-weight:400\">TECIDO \/ PAPEL<\/p>\n<\/div>\n\n\n\n<div class=\"wp-block-column is-vertically-aligned-center is-layout-flow wp-container-core-column-is-layout-ee7f3dad wp-block-column-is-layout-flow\" style=\"padding-top:0;padding-right:0;padding-bottom:0;padding-left:0;flex-basis:80%\">\n<p class=\"wp-block-paragraph\" style=\"font-style:normal;font-weight:500\">Para al\u00e9m dos workshops que abrangem de forma geral este processo, existem outros workshops de serigrafia, com uma periodicidade menos regular.<\/p>\n\n\n\n<p class=\"wp-block-paragraph\" style=\"font-style:normal;font-weight:500\">Temos workshops dedicados a uma t\u00e9cnica ou substrato espec\u00edfico. Desde a utiliza\u00e7\u00e3o do nosso kit de serigrafia, \u00e0s diferentes t\u00e9cnicas de estampagem. Bem como aprender a fazer tintas naturais para aplicar, em tecido e papel, atrav\u00e9s da serigrafia.<\/p>\n\n\n\n<p class=\"has-regular-font-size wp-block-paragraph\" style=\"padding-top:var(--wp--preset--spacing--40);font-style:normal;font-weight:700\"><a href=\"#proximos-workshops-de-serigrafia\">PR\u00d3XIMOS WORKSHOPS &gt;<\/a><\/p>\n<\/div>\n<\/div>\n\n\n\n<div style=\"height:60px\" aria-hidden=\"true\" class=\"wp-block-spacer\"><\/div>\n<\/div>\n\n\n\n<div class=\"wp-block-group alignwide is-layout-constrained wp-block-group-is-layout-constrained\">\n<div style=\"height:10px\" aria-hidden=\"true\" class=\"wp-block-spacer\"><\/div>\n\n\n\n<div class=\"wp-block-columns alignwide is-layout-flex wp-container-core-columns-is-layout-1a9244c7 wp-block-columns-is-layout-flex\">\n<div class=\"wp-block-column is-layout-flow wp-container-core-column-is-layout-7c874152 wp-block-column-is-layout-flow\">\n<h4 class=\"wp-block-heading has-text-align-center has-medium-font-size\" id=\"workshop-de-serigrafia-em-tecido\" style=\"font-style:normal;font-weight:700\">WORKSHOP DE SERIGRAFIA EM TECIDO<\/h4>\n\n\n\n<div style=\"height:10px\" aria-hidden=\"true\" class=\"wp-block-spacer\"><\/div>\n<\/div>\n<\/div>\n\n\n\n<div class=\"wp-block-columns alignfull is-layout-flex wp-container-core-columns-is-layout-1a9244c7 wp-block-columns-is-layout-flex\">\n<div class=\"wp-block-column is-vertically-aligned-top is-layout-flow wp-block-column-is-layout-flow\" style=\"flex-basis:45%\">\n<figure class=\"wp-block-image size-full is-resized\"><img loading=\"lazy\" decoding=\"async\" width=\"400\" height=\"400\" src=\"https:\/\/fica-oc.pt\/wp-content\/uploads\/2023\/09\/FICA-Serigrafia-Tecido-Original.webp\" alt=\"Workshop Serigrafia em Tecido\" class=\"wp-image-26335\" style=\"object-fit:cover;width:400px;height:400px\" srcset=\"https:\/\/fica-oc.pt\/wp-content\/uploads\/2023\/09\/FICA-Serigrafia-Tecido-Original.webp 400w, https:\/\/fica-oc.pt\/wp-content\/uploads\/2023\/09\/FICA-Serigrafia-Tecido-Original-300x300.webp 300w, https:\/\/fica-oc.pt\/wp-content\/uploads\/2023\/09\/FICA-Serigrafia-Tecido-Original-150x150.webp 150w, https:\/\/fica-oc.pt\/wp-content\/uploads\/2023\/09\/FICA-Serigrafia-Tecido-Original-161x161.webp 161w\" sizes=\"auto, (max-width: 400px) 100vw, 400px\" \/><\/figure>\n<\/div>\n\n\n\n<div class=\"wp-block-column is-layout-flow wp-container-core-column-is-layout-7c874152 wp-block-column-is-layout-flow\" style=\"flex-basis:100%\">\n<p class=\"has-text-align-left wp-block-paragraph\" style=\"padding-top:var(--wp--preset--spacing--30);padding-bottom:var(--wp--preset--spacing--30)\">A&nbsp;serigrafia&nbsp;\u00e9 umas das t\u00e9cnicas mais usadas para estampar tecido e permite duplicar de maneira eficaz diferentes tipos de artes finais. Nos Workshops de Serigrafia em Tecido, usando ferramentas mais especificas como o carrossel de impress\u00e3o (para registos perfeitos ou pe\u00e7as j\u00e1 costuradas) ou preparando o set para uma estampagem a metro, iremos partilhar tudo aquilo que precisas de saber sobre a t\u00e9cnica, do inicio ao fim. Das tintas \u00e0s telas, da emuls\u00e3o aos fotolitos, bem como tipos de tecido.<\/p>\n\n\n\n<p class=\"has-text-align-left wp-block-paragraph\" style=\"padding-top:0;padding-bottom:var(--wp--preset--spacing--30)\">No Workshop de Serigrafia em Tecido iremos estampar um tecido a metro em conjunto, usando o m\u00e9todo de exposi\u00e7\u00e3o de tela. E imprimir peda\u00e7os de tecido individualmente, usando o m\u00e9todo original do stencil. Ir\u00e3o ser usadas formas e recortes previamente preparados, desse modo, n\u00e3o \u00e9 necess\u00e1rio trazeres nenhum desenho nem ideia.<\/p>\n\n\n\n<div class=\"wp-block-columns is-layout-flex wp-container-core-columns-is-layout-3d95dc9d wp-block-columns-is-layout-flex\">\n<div class=\"wp-block-column is-layout-flow wp-container-core-column-is-layout-7c874152 wp-block-column-is-layout-flow\">\n<h4 class=\"wp-block-heading has-text-align-left has-small-font-size\" id=\"duracao-6\" style=\"font-style:normal;font-weight:700\">Dura\u00e7\u00e3o<\/h4>\n\n\n\n<p class=\"has-text-align-left wp-block-paragraph\" style=\"padding-top:var(--wp--preset--spacing--30);padding-bottom:var(--wp--preset--spacing--30)\">1 sess\u00e3o de 4 horas<\/p>\n<\/div>\n\n\n\n<div class=\"wp-block-column is-layout-flow wp-container-core-column-is-layout-7c874152 wp-block-column-is-layout-flow\">\n<h4 class=\"wp-block-heading has-text-align-left has-small-font-size\" id=\"custo-7\" style=\"font-style:normal;font-weight:700\">Custo<\/h4>\n\n\n\n<p class=\"has-text-align-left wp-block-paragraph\" style=\"padding-top:var(--wp--preset--spacing--30);padding-bottom:var(--wp--preset--spacing--30)\">70\u20ac<\/p>\n<\/div>\n<\/div>\n\n\n\n<div class=\"wp-block-columns is-layout-flex wp-container-core-columns-is-layout-3d95dc9d wp-block-columns-is-layout-flex\">\n<div class=\"wp-block-column is-layout-flow wp-container-core-column-is-layout-7c874152 wp-block-column-is-layout-flow\">\n<h4 class=\"wp-block-heading has-text-align-left has-small-font-size\" id=\"inclui-8\" style=\"font-style:normal;font-weight:700\">Inclui<\/h4>\n\n\n\n<p class=\"has-text-align-left wp-block-paragraph\" style=\"padding-top:var(--wp--preset--spacing--30);padding-bottom:var(--wp--preset--spacing--30)\">Todos os workshops de serigrafia incluem o material necess\u00e1rio para a realiza\u00e7\u00e3o do mesmo.<\/p>\n<\/div>\n<\/div>\n\n\n\n<div class=\"wp-block-columns is-layout-flex wp-container-core-columns-is-layout-8dc10a71 wp-block-columns-is-layout-flex\">\n<div class=\"wp-block-column is-layout-flow wp-container-core-column-is-layout-7c874152 wp-block-column-is-layout-flow\">\n<div class=\"wp-block-buttons is-content-justification-left is-layout-flex wp-container-core-buttons-is-layout-e717c0cb wp-block-buttons-is-layout-flex\" style=\"margin-top:0;margin-bottom:0\">\n<div class=\"wp-block-button is-style-outline is-style-outline--4\"><a class=\"wp-block-button__link has-custom-d-blue-fica-color has-custom-l-grey-fica-background-color has-text-color has-background has-link-color has-border-color has-custom-d-blue-fica-border-color has-text-align-center has-custom-font-size wp-element-button\" href=\"#proximos-workshops-de-serigrafia\" style=\"border-width:3px;border-radius:68px;padding-top:var(--wp--preset--spacing--30);padding-right:var(--wp--preset--spacing--50);padding-bottom:var(--wp--preset--spacing--30);padding-left:var(--wp--preset--spacing--50);font-size:12px\"><strong>vER PR\u00d3XIMO workshop<\/strong><\/a><\/div>\n<\/div>\n<\/div>\n<\/div>\n<\/div>\n<\/div>\n\n\n\n<div style=\"height:10px\" aria-hidden=\"true\" class=\"wp-block-spacer\"><\/div>\n\n\n\n<hr class=\"wp-block-separator alignwide has-text-color has-custom-d-grey-fica-color has-alpha-channel-opacity has-custom-d-grey-fica-background-color has-background is-style-wide\"\/>\n<\/div>\n\n\n\n<div class=\"wp-block-group alignwide is-layout-constrained wp-block-group-is-layout-constrained\">\n<div style=\"height:10px\" aria-hidden=\"true\" class=\"wp-block-spacer\"><\/div>\n\n\n\n<div class=\"wp-block-columns alignwide is-layout-flex wp-container-core-columns-is-layout-1a9244c7 wp-block-columns-is-layout-flex\">\n<div class=\"wp-block-column is-layout-flow wp-container-core-column-is-layout-7c874152 wp-block-column-is-layout-flow\">\n<h4 class=\"wp-block-heading has-text-align-center has-medium-font-size\" id=\"workshop-kit-de-serigrafia\" style=\"font-style:normal;font-weight:700\">WORKSHOP KIT DE SERIGRAFIA<\/h4>\n\n\n\n<div style=\"height:10px\" aria-hidden=\"true\" class=\"wp-block-spacer\"><\/div>\n<\/div>\n<\/div>\n\n\n\n<div class=\"wp-block-columns alignfull is-layout-flex wp-container-core-columns-is-layout-1a9244c7 wp-block-columns-is-layout-flex\">\n<div class=\"wp-block-column is-vertically-aligned-top is-layout-flow wp-block-column-is-layout-flow\" style=\"flex-basis:45%\">\n<figure class=\"wp-block-image size-full is-resized\"><img loading=\"lazy\" decoding=\"async\" width=\"400\" height=\"400\" src=\"https:\/\/fica-oc.pt\/wp-content\/uploads\/2023\/09\/FICA-Workshop-Kit-Serigrafia-Original-1.webp\" alt=\"Workshop Kit de Serigrafia\" class=\"wp-image-26341\" style=\"object-fit:cover;width:400px;height:400px\" srcset=\"https:\/\/fica-oc.pt\/wp-content\/uploads\/2023\/09\/FICA-Workshop-Kit-Serigrafia-Original-1.webp 400w, https:\/\/fica-oc.pt\/wp-content\/uploads\/2023\/09\/FICA-Workshop-Kit-Serigrafia-Original-1-300x300.webp 300w, https:\/\/fica-oc.pt\/wp-content\/uploads\/2023\/09\/FICA-Workshop-Kit-Serigrafia-Original-1-150x150.webp 150w, https:\/\/fica-oc.pt\/wp-content\/uploads\/2023\/09\/FICA-Workshop-Kit-Serigrafia-Original-1-161x161.webp 161w\" sizes=\"auto, (max-width: 400px) 100vw, 400px\" \/><\/figure>\n<\/div>\n\n\n\n<div class=\"wp-block-column is-layout-flow wp-container-core-column-is-layout-7c874152 wp-block-column-is-layout-flow\" style=\"flex-basis:100%\">\n<p class=\"wp-block-paragraph\" style=\"padding-top:var(--wp--preset--spacing--30);padding-bottom:var(--wp--preset--spacing--30)\">Neste workshop vamos utilizar o nosso kit de serigrafia para aprender o processo de impress\u00e3o em serigrafia, usando o m\u00e9todo de stencil. O Kit de Serigrafia inclui um manual onde explicamos o processo, no entanto este \u00e9 o workshop ideal caso queiras aprender o passo a passo acompanhado pela nossa formadora, aproveitando conselhos e dicas.<\/p>\n\n\n\n<p class=\"wp-block-paragraph\" style=\"padding-bottom:var(--wp--preset--spacing--30)\">Para al\u00e9m de aprender o processo, iremos imprimir uma arte final com duas cores, em papel e tote bags (inclu\u00edmos 2 tote bags para al\u00e9m do kit). O objectivo do workshop ser\u00e1 obter os conhecimentos necess\u00e1rios para continuar a imprimir de forma independente.<\/p>\n\n\n\n<div class=\"wp-block-columns is-layout-flex wp-container-core-columns-is-layout-3d95dc9d wp-block-columns-is-layout-flex\">\n<div class=\"wp-block-column is-layout-flow wp-container-core-column-is-layout-7c874152 wp-block-column-is-layout-flow\">\n<h4 class=\"wp-block-heading has-text-align-left has-small-font-size\" id=\"duracao-9\" style=\"font-style:normal;font-weight:700\">Dura\u00e7\u00e3o<\/h4>\n\n\n\n<p class=\"has-text-align-left wp-block-paragraph\" style=\"padding-top:var(--wp--preset--spacing--30);padding-bottom:var(--wp--preset--spacing--30)\">1 sess\u00e3o de 3 horas<\/p>\n<\/div>\n\n\n\n<div class=\"wp-block-column is-layout-flow wp-container-core-column-is-layout-7c874152 wp-block-column-is-layout-flow\">\n<h4 class=\"wp-block-heading has-text-align-left has-small-font-size\" id=\"custo-10\" style=\"font-style:normal;font-weight:700\">Custo<\/h4>\n\n\n\n<p class=\"has-text-align-left wp-block-paragraph\" style=\"padding-top:var(--wp--preset--spacing--30);padding-bottom:var(--wp--preset--spacing--30)\">105\u20ac<\/p>\n<\/div>\n<\/div>\n\n\n\n<div class=\"wp-block-columns is-layout-flex wp-container-core-columns-is-layout-3d95dc9d wp-block-columns-is-layout-flex\">\n<div class=\"wp-block-column is-layout-flow wp-container-core-column-is-layout-7c874152 wp-block-column-is-layout-flow\">\n<h4 class=\"wp-block-heading has-text-align-left has-small-font-size\" id=\"inclui-11\" style=\"font-style:normal;font-weight:700\">Inclui<\/h4>\n\n\n\n<p class=\"has-text-align-left wp-block-paragraph\" style=\"padding-top:var(--wp--preset--spacing--30);padding-bottom:var(--wp--preset--spacing--30)\"><a href=\"https:\/\/fica-oc.pt\/produto\/kit-de-serigrafia\/\">Kit de Serigrafia<\/a><br>2 tote bags extra<\/p>\n<\/div>\n<\/div>\n\n\n\n<div class=\"wp-block-columns is-layout-flex wp-container-core-columns-is-layout-8dc10a71 wp-block-columns-is-layout-flex\">\n<div class=\"wp-block-column is-layout-flow wp-container-core-column-is-layout-7c874152 wp-block-column-is-layout-flow\">\n<div class=\"wp-block-buttons is-content-justification-left is-layout-flex wp-container-core-buttons-is-layout-e717c0cb wp-block-buttons-is-layout-flex\" style=\"margin-top:0;margin-bottom:0\">\n<div class=\"wp-block-button is-style-outline is-style-outline--5\"><a class=\"wp-block-button__link has-custom-d-blue-fica-color has-custom-l-grey-fica-background-color has-text-color has-background has-link-color has-border-color has-custom-d-blue-fica-border-color has-text-align-center has-custom-font-size wp-element-button\" href=\"#proximos-workshops-de-serigrafia\" style=\"border-width:3px;border-radius:68px;padding-top:var(--wp--preset--spacing--30);padding-right:var(--wp--preset--spacing--50);padding-bottom:var(--wp--preset--spacing--30);padding-left:var(--wp--preset--spacing--50);font-size:12px\"><strong>vER PR\u00d3XIMO workshop<\/strong><\/a><\/div>\n<\/div>\n<\/div>\n<\/div>\n<\/div>\n<\/div>\n\n\n\n<div style=\"height:10px\" aria-hidden=\"true\" class=\"wp-block-spacer\"><\/div>\n\n\n\n<hr class=\"wp-block-separator alignwide has-text-color has-custom-d-grey-fica-color has-alpha-channel-opacity has-custom-d-grey-fica-background-color has-background is-style-wide\"\/>\n<\/div>\n\n\n\n<div class=\"wp-block-group alignwide is-layout-constrained wp-block-group-is-layout-constrained\">\n<div style=\"height:10px\" aria-hidden=\"true\" class=\"wp-block-spacer\"><\/div>\n\n\n\n<div class=\"wp-block-columns alignwide is-layout-flex wp-container-core-columns-is-layout-1a9244c7 wp-block-columns-is-layout-flex\">\n<div class=\"wp-block-column is-layout-flow wp-container-core-column-is-layout-7c874152 wp-block-column-is-layout-flow\">\n<h4 class=\"wp-block-heading has-text-align-center has-medium-font-size\" id=\"workshop-kit-de-serigrafia\" style=\"font-style:normal;font-weight:700\">WORKSHOP MONOTIPIA EM SERIGRAFIA<\/h4>\n\n\n\n<div style=\"height:10px\" aria-hidden=\"true\" class=\"wp-block-spacer\"><\/div>\n<\/div>\n<\/div>\n\n\n\n<div class=\"wp-block-columns alignfull is-layout-flex wp-container-core-columns-is-layout-1a9244c7 wp-block-columns-is-layout-flex\">\n<div class=\"wp-block-column is-vertically-aligned-top is-layout-flow wp-block-column-is-layout-flow\" style=\"flex-basis:45%\">\n<figure class=\"wp-block-image size-full is-resized\"><img loading=\"lazy\" decoding=\"async\" width=\"400\" height=\"400\" src=\"https:\/\/fica-oc.pt\/wp-content\/uploads\/2025\/02\/FICA-Workshop-Serigrafia-Monotipia-01.jpg\" alt=\"Workshop Monotipia Serigrafia\" class=\"wp-image-36384\" style=\"object-fit:cover;width:400px;height:400px\" srcset=\"https:\/\/fica-oc.pt\/wp-content\/uploads\/2025\/02\/FICA-Workshop-Serigrafia-Monotipia-01.jpg 400w, https:\/\/fica-oc.pt\/wp-content\/uploads\/2025\/02\/FICA-Workshop-Serigrafia-Monotipia-01-300x300.jpg 300w, https:\/\/fica-oc.pt\/wp-content\/uploads\/2025\/02\/FICA-Workshop-Serigrafia-Monotipia-01-150x150.jpg 150w, https:\/\/fica-oc.pt\/wp-content\/uploads\/2025\/02\/FICA-Workshop-Serigrafia-Monotipia-01-12x12.jpg 12w, https:\/\/fica-oc.pt\/wp-content\/uploads\/2025\/02\/FICA-Workshop-Serigrafia-Monotipia-01-161x161.jpg 161w\" sizes=\"auto, (max-width: 400px) 100vw, 400px\" \/><\/figure>\n<\/div>\n\n\n\n<div class=\"wp-block-column is-layout-flow wp-container-core-column-is-layout-7c874152 wp-block-column-is-layout-flow\" style=\"flex-basis:100%\">\n<p class=\"wp-block-paragraph\" style=\"padding-top:var(--wp--preset--spacing--30);padding-bottom:var(--wp--preset--spacing--30)\">No Workshop Monotipia Serigrafia vamos explorar uma t\u00e9cnica que combina o melhor da pintura manual com o acabamento gr\u00e1fico da serigrafia. Com ela, podes explorar sobreposi\u00e7\u00f5es de cores, texturas e pinceladas de forma controlada, criando pe\u00e7as \u00fanicas com um visual art\u00edstico e expressivo.<\/p>\n\n\n\n<p class=\"wp-block-paragraph\">Esta abordagem destaca-se pela liberdade criativa que oferece, permitindo trabalhar diretamente sobre a tela de forma intuitiva e experimental. Al\u00e9m disso, \u00e9 uma t\u00e9cnica vers\u00e1til que pode ser aplicada em diferentes materiais e superf\u00edcies, ideal para quem procura explorar novas formas de express\u00e3o art\u00edstica com um acabamento visual impactante.<\/p>\n\n\n\n<p class=\"wp-block-paragraph\" style=\"padding-top:var(--wp--preset--spacing--30);padding-bottom:var(--wp--preset--spacing--30)\">Vamos experimentar e criar a partir de uma curadoria de materiais e ferramentas dispon\u00edveis para inspirar o teu processo criativo.<\/p>\n\n\n\n<div class=\"wp-block-columns is-layout-flex wp-container-core-columns-is-layout-3d95dc9d wp-block-columns-is-layout-flex\">\n<div class=\"wp-block-column is-layout-flow wp-container-core-column-is-layout-7c874152 wp-block-column-is-layout-flow\">\n<h4 class=\"wp-block-heading has-text-align-left has-small-font-size\" id=\"duracao-9\" style=\"font-style:normal;font-weight:700\">Dura\u00e7\u00e3o<\/h4>\n\n\n\n<p class=\"has-text-align-left wp-block-paragraph\" style=\"padding-top:var(--wp--preset--spacing--30);padding-bottom:var(--wp--preset--spacing--30)\">1 sess\u00e3o de 3 horas<\/p>\n<\/div>\n\n\n\n<div class=\"wp-block-column is-layout-flow wp-container-core-column-is-layout-7c874152 wp-block-column-is-layout-flow\">\n<h4 class=\"wp-block-heading has-text-align-left has-small-font-size\" id=\"custo-10\" style=\"font-style:normal;font-weight:700\">Custo<\/h4>\n\n\n\n<p class=\"has-text-align-left wp-block-paragraph\" style=\"padding-top:var(--wp--preset--spacing--30);padding-bottom:var(--wp--preset--spacing--30)\">65\u20ac<\/p>\n<\/div>\n<\/div>\n\n\n\n<div class=\"wp-block-columns is-layout-flex wp-container-core-columns-is-layout-3d95dc9d wp-block-columns-is-layout-flex\">\n<div class=\"wp-block-column is-layout-flow wp-container-core-column-is-layout-7c874152 wp-block-column-is-layout-flow\">\n<h4 class=\"wp-block-heading has-text-align-left has-small-font-size\" id=\"inclui-11\" style=\"font-style:normal;font-weight:700\">Inclui<\/h4>\n\n\n\n<p class=\"has-text-align-left wp-block-paragraph\" style=\"padding-top:var(--wp--preset--spacing--30);padding-bottom:var(--wp--preset--spacing--30)\">Todos os workshops de serigrafia incluem o material necess\u00e1rio para a realiza\u00e7\u00e3o do mesmo.<\/p>\n<\/div>\n<\/div>\n\n\n\n<div class=\"wp-block-columns is-layout-flex wp-container-core-columns-is-layout-8dc10a71 wp-block-columns-is-layout-flex\">\n<div class=\"wp-block-column is-layout-flow wp-container-core-column-is-layout-7c874152 wp-block-column-is-layout-flow\">\n<div class=\"wp-block-buttons is-content-justification-left is-layout-flex wp-container-core-buttons-is-layout-e717c0cb wp-block-buttons-is-layout-flex\" style=\"margin-top:0;margin-bottom:0\">\n<div class=\"wp-block-button is-style-outline is-style-outline--6\"><a class=\"wp-block-button__link has-custom-d-blue-fica-color has-custom-l-grey-fica-background-color has-text-color has-background has-link-color has-border-color has-custom-d-blue-fica-border-color has-text-align-center has-custom-font-size wp-element-button\" href=\"#proximos-workshops-de-serigrafia\" style=\"border-width:3px;border-radius:68px;padding-top:var(--wp--preset--spacing--30);padding-right:var(--wp--preset--spacing--50);padding-bottom:var(--wp--preset--spacing--30);padding-left:var(--wp--preset--spacing--50);font-size:12px\"><strong>vER PR\u00d3XIMO workshop<\/strong><\/a><\/div>\n<\/div>\n<\/div>\n<\/div>\n<\/div>\n<\/div>\n\n\n\n<div style=\"height:10px\" aria-hidden=\"true\" class=\"wp-block-spacer\"><\/div>\n\n\n\n<hr class=\"wp-block-separator alignwide has-text-color has-custom-d-grey-fica-color has-alpha-channel-opacity has-custom-d-grey-fica-background-color has-background is-style-wide\"\/>\n<\/div>\n\n\n\n<div class=\"wp-block-group alignwide is-layout-constrained wp-block-group-is-layout-constrained\">\n<div style=\"height:10px\" aria-hidden=\"true\" class=\"wp-block-spacer\"><\/div>\n\n\n\n<div class=\"wp-block-columns alignwide is-layout-flex wp-container-core-columns-is-layout-1a9244c7 wp-block-columns-is-layout-flex\">\n<div class=\"wp-block-column is-layout-flow wp-container-core-column-is-layout-7c874152 wp-block-column-is-layout-flow\">\n<h4 class=\"wp-block-heading has-text-align-center has-medium-font-size\" id=\"workshop-kit-de-serigrafia\" style=\"font-style:normal;font-weight:700\">WORKSHOP CMYK SERIGRAFIA<\/h4>\n\n\n\n<div style=\"height:10px\" aria-hidden=\"true\" class=\"wp-block-spacer\"><\/div>\n<\/div>\n<\/div>\n\n\n\n<div class=\"wp-block-columns alignfull is-layout-flex wp-container-core-columns-is-layout-1a9244c7 wp-block-columns-is-layout-flex\">\n<div class=\"wp-block-column is-vertically-aligned-top is-layout-flow wp-block-column-is-layout-flow\" style=\"flex-basis:45%\"><\/div>\n\n\n\n<div class=\"wp-block-column is-layout-flow wp-container-core-column-is-layout-7c874152 wp-block-column-is-layout-flow\" style=\"flex-basis:100%\">\n<p class=\"wp-block-paragraph\" style=\"padding-top:var(--wp--preset--spacing--30);padding-bottom:var(--wp--preset--spacing--30)\">No Workshop CMYK Serigrafia vamos explorar como imprimir fotografias coloridas em serigrafia utilizando o sistema de cores CMYK. A partir de uma fotografia de tua autoria, vamos passar por todas as etapas do processo de serigrafia, come\u00e7ando edi\u00e7\u00e3o do ficheiro, prepara\u00e7\u00e3o das telas e impress\u00e3o das 4 camadas.<\/p>\n\n\n\n<h4 class=\"wp-block-heading has-text-align-left has-small-font-size\" id=\"duracao-9\" style=\"font-style:normal;font-weight:700\">Programa<\/h4>\n\n\n\n<p class=\"wp-block-paragraph\" style=\"padding-top:var(--wp--preset--spacing--30);padding-bottom:var(--wp--preset--spacing--30)\">Manh\u00e3 \/ 10h-13h<\/p>\n\n\n\n<ul class=\"wp-block-list\">\n<li>Introdu\u00e7\u00e3o \u00e0 Serigrafia<\/li>\n\n\n\n<li>Prepara\u00e7\u00e3o do ficheiro em Adobe Photoshop da tua imagem (\u00e9 necess\u00e1rio trazer um computador port\u00e1til com o Adobe Photoshop instalado)<\/li>\n\n\n\n<li>Impress\u00e3o dos fotolitos, emulsionar e garvar artes finais em cada tela<\/li>\n<\/ul>\n\n\n\n<div style=\"height:15px\" aria-hidden=\"true\" class=\"wp-block-spacer\"><\/div>\n\n\n\n<p class=\"wp-block-paragraph\" style=\"padding-top:var(--wp--preset--spacing--30);padding-bottom:var(--wp--preset--spacing--30)\">Tarde \/ 14h-17h<\/p>\n\n\n\n<ul class=\"wp-block-list\">\n<li>Observa\u00e7\u00e3o de resultados e troca de prints com os restantes partipantes<\/li>\n<\/ul>\n\n\n\n<ul class=\"wp-block-list\">\n<li>Impress\u00e3o de 20 postais, a quatro cores em formato A6.<\/li>\n<\/ul>\n\n\n\n<div class=\"wp-block-columns is-layout-flex wp-container-core-columns-is-layout-3d95dc9d wp-block-columns-is-layout-flex\">\n<div class=\"wp-block-column is-layout-flow wp-container-core-column-is-layout-7c874152 wp-block-column-is-layout-flow\">\n<h4 class=\"wp-block-heading has-text-align-left has-small-font-size\" id=\"duracao-9\" style=\"font-style:normal;font-weight:700\">Dura\u00e7\u00e3o<\/h4>\n\n\n\n<p class=\"has-text-align-left wp-block-paragraph\" style=\"padding-top:var(--wp--preset--spacing--30);padding-bottom:var(--wp--preset--spacing--30)\">1 sess\u00e3o de 6 horas<\/p>\n<\/div>\n\n\n\n<div class=\"wp-block-column is-layout-flow wp-container-core-column-is-layout-7c874152 wp-block-column-is-layout-flow\">\n<h4 class=\"wp-block-heading has-text-align-left has-small-font-size\" id=\"custo-10\" style=\"font-style:normal;font-weight:700\">Custo<\/h4>\n\n\n\n<p class=\"has-text-align-left wp-block-paragraph\" style=\"padding-top:var(--wp--preset--spacing--30);padding-bottom:var(--wp--preset--spacing--30)\">\u20ac<\/p>\n<\/div>\n<\/div>\n\n\n\n<div class=\"wp-block-columns is-layout-flex wp-container-core-columns-is-layout-3d95dc9d wp-block-columns-is-layout-flex\">\n<div class=\"wp-block-column is-layout-flow wp-container-core-column-is-layout-7c874152 wp-block-column-is-layout-flow\">\n<h4 class=\"wp-block-heading has-text-align-left has-small-font-size\" id=\"inclui-11\" style=\"font-style:normal;font-weight:700\">Inclui<\/h4>\n\n\n\n<p class=\"has-text-align-left wp-block-paragraph\" style=\"padding-top:var(--wp--preset--spacing--30);padding-bottom:var(--wp--preset--spacing--30)\">Todos os workshops de serigrafia incluem o material necess\u00e1rio para a realiza\u00e7\u00e3o do mesmo.<\/p>\n<\/div>\n<\/div>\n\n\n\n<div class=\"wp-block-columns is-layout-flex wp-container-core-columns-is-layout-8dc10a71 wp-block-columns-is-layout-flex\">\n<div class=\"wp-block-column is-layout-flow wp-container-core-column-is-layout-7c874152 wp-block-column-is-layout-flow\">\n<div class=\"wp-block-buttons is-content-justification-left is-layout-flex wp-container-core-buttons-is-layout-e717c0cb wp-block-buttons-is-layout-flex\" style=\"margin-top:0;margin-bottom:0\">\n<div class=\"wp-block-button is-style-outline is-style-outline--7\"><a class=\"wp-block-button__link has-custom-d-blue-fica-color has-custom-l-grey-fica-background-color has-text-color has-background has-link-color has-border-color has-custom-d-blue-fica-border-color has-text-align-center has-custom-font-size wp-element-button\" href=\"#proximos-workshops-de-serigrafia\" style=\"border-width:3px;border-radius:68px;padding-top:var(--wp--preset--spacing--30);padding-right:var(--wp--preset--spacing--50);padding-bottom:var(--wp--preset--spacing--30);padding-left:var(--wp--preset--spacing--50);font-size:12px\"><strong>vER PR\u00d3XIMO workshop<\/strong><\/a><\/div>\n<\/div>\n<\/div>\n<\/div>\n<\/div>\n<\/div>\n\n\n\n<div style=\"height:10px\" aria-hidden=\"true\" class=\"wp-block-spacer\"><\/div>\n\n\n\n<hr class=\"wp-block-separator alignwide has-text-color has-custom-d-grey-fica-color has-alpha-channel-opacity has-custom-d-grey-fica-background-color has-background is-style-wide\"\/>\n<\/div>\n\n\n\n<div class=\"wp-block-group alignwide is-layout-constrained wp-container-core-group-is-layout-78802d21 wp-block-group-is-layout-constrained\" style=\"min-height:0px\">\n<div class=\"wp-block-columns alignfull is-layout-flex wp-container-core-columns-is-layout-19433b3a wp-block-columns-is-layout-flex\" style=\"margin-top:0;margin-bottom:0;padding-top:0;padding-bottom:0\">\n<div class=\"wp-block-column is-vertically-aligned-top is-layout-flow wp-container-core-column-is-layout-7c874152 wp-block-column-is-layout-flow\">\n<p class=\"has-text-align-center wp-block-paragraph\">As informa\u00e7\u00f5es dos workshops, presentes nesta p\u00e1gina, est\u00e3o sujeitas a altera\u00e7\u00f5es e devem ser confirmadas na p\u00e1gina dos workshops<\/p>\n<\/div>\n<\/div>\n<\/div>\n\n\n\n<div style=\"height:60px\" aria-hidden=\"true\" class=\"wp-block-spacer\"><\/div>\n\n\n\n<div class=\"wp-block-group alignwide is-layout-constrained wp-block-group-is-layout-constrained\">\n<h2 class=\"wp-block-heading has-text-align-center alignwide has-large-font-size\" style=\"font-style:normal;font-weight:700\">O que dizem sobre os workshops de serigrafia<\/h2>\n\n\n\n<p class=\"has-text-align-center alignwide wp-block-paragraph\">Aqui ficam algumas opini\u00f5es de participantes que j\u00e1 frequentaram workshops de serigrafia na FICA<\/p>\n\n\n\n<figure class=\"wp-block-image size-medium\"><a href=\"https:\/\/www.google.com\/search?sa=X&amp;sca_esv=cb0b2358a0071c17&amp;rlz=1C5CHFA_enPT943PT944&amp;biw=1383&amp;bih=900&amp;sxsrf=ANbL-n4ROPbLGLToNm-fVei27-Y3hIDS-A:1772532757611&amp;q=avalia%C3%A7%C3%B5es%20sobre%20fica%20oficina%20criativa&amp;rflfq=1&amp;num=20&amp;stick=H4sIAAAAAAAAAONgkxIxNDU3Nzc2MjexNDcwMTQwMTA2Nd_AyPiKUSOxLDEnM_Hw8sNbU4sVivOTilIV0jKTExXygWRmXqJCclFmYklmWeIiVqKVAgCmCkxLcQAAAA&amp;rldimm=15777327497041040357&amp;tbm=lcl&amp;hl=pt-PT&amp;ved=0CFAQ5foLahcKEwiY_rCLv4OTAxUAAAAAHQAAAAAQCQ#lkt=LocalPoiReviews&amp;arid=Ci9DQUlRQUNvZENodHljRjlvT2sxdFdteDFibmswT0hJMlNGRmtNak5pWW14aVVsRRAB\" target=\"_blank\" rel=\" noreferrer noopener\"><img loading=\"lazy\" decoding=\"async\" width=\"300\" height=\"100\" src=\"https:\/\/fica-oc.pt\/wp-content\/uploads\/2026\/03\/google-reviews-fica-215-300x100.png\" alt=\"fica oficina criativa google reviews\" class=\"wp-image-44375\" srcset=\"https:\/\/fica-oc.pt\/wp-content\/uploads\/2026\/03\/google-reviews-fica-215-300x100.png 300w, https:\/\/fica-oc.pt\/wp-content\/uploads\/2026\/03\/google-reviews-fica-215-18x6.png 18w, https:\/\/fica-oc.pt\/wp-content\/uploads\/2026\/03\/google-reviews-fica-215.png 600w\" sizes=\"auto, (max-width: 300px) 100vw, 300px\" \/><\/a><\/figure>\n\n\n\n<div style=\"height:20px\" aria-hidden=\"true\" class=\"wp-block-spacer\"><\/div>\n<\/div>\n\n\n\n<div class=\"wp-block-columns alignfull is-layout-flex wp-container-core-columns-is-layout-9ce3776d wp-block-columns-is-layout-flex\" style=\"margin-top:0;margin-bottom:0;padding-top:0;padding-right:40px;padding-bottom:0;padding-left:40px\">\n<div class=\"wp-block-column is-vertically-aligned-top has-secondary-background-color has-background is-layout-flow wp-container-core-column-is-layout-53a351ab wp-block-column-is-layout-flow\" style=\"border-style:none;border-width:0px;border-top-left-radius:15px;border-top-right-radius:15px;border-bottom-left-radius:15px;border-bottom-right-radius:15px;padding-top:20px;padding-right:15px;padding-bottom:20px;padding-left:15px\">\n<div class=\"wp-block-columns is-layout-flex wp-container-core-columns-is-layout-0b88eddf wp-block-columns-is-layout-flex\" style=\"padding-right:var(--wp--preset--spacing--30);padding-left:var(--wp--preset--spacing--30)\">\n<div class=\"wp-block-column is-layout-flow wp-block-column-is-layout-flow\" style=\"flex-basis:20%\">\n<figure class=\"wp-block-image size-full\"><a href=\"https:\/\/www.google.com\/search?sa=X&amp;sca_esv=cb0b2358a0071c17&amp;rlz=1C5CHFA_enPT943PT944&amp;biw=1383&amp;bih=900&amp;sxsrf=ANbL-n4ROPbLGLToNm-fVei27-Y3hIDS-A:1772532757611&amp;q=avalia%C3%A7%C3%B5es%20sobre%20fica%20oficina%20criativa&amp;rflfq=1&amp;num=20&amp;stick=H4sIAAAAAAAAAONgkxIxNDU3Nzc2MjexNDcwMTQwMTA2Nd_AyPiKUSOxLDEnM_Hw8sNbU4sVivOTilIV0jKTExXygWRmXqJCclFmYklmWeIiVqKVAgCmCkxLcQAAAA&amp;rldimm=15777327497041040357&amp;tbm=lcl&amp;hl=pt-PT&amp;ved=0CFAQ5foLahcKEwiY_rCLv4OTAxUAAAAAHQAAAAAQCQ#lkt=LocalPoiReviews&amp;arid=Ci9DQUlRQUNvZENodHljRjlvT2sxdFdteDFibmswT0hJMlNGRmtNak5pWW14aVVsRRAB\" target=\"_blank\" rel=\" noreferrer noopener\"><img loading=\"lazy\" decoding=\"async\" width=\"72\" height=\"72\" src=\"https:\/\/fica-oc.pt\/wp-content\/uploads\/2026\/03\/angelica-guarin.png\" alt=\"angelica guarin\" class=\"wp-image-44355\" srcset=\"https:\/\/fica-oc.pt\/wp-content\/uploads\/2026\/03\/angelica-guarin.png 72w, https:\/\/fica-oc.pt\/wp-content\/uploads\/2026\/03\/angelica-guarin-12x12.png 12w\" sizes=\"auto, (max-width: 72px) 100vw, 72px\" \/><\/a><\/figure>\n<\/div>\n\n\n\n<div class=\"wp-block-column is-vertically-aligned-center is-layout-flow wp-block-column-is-layout-flow\" style=\"flex-basis:80%\">\n<h4 class=\"wp-block-heading has-text-align-left alignwide has-custom-d-blue-fica-color has-text-color has-link-color has-small-font-size wp-elements-5f1a7b809938100618419d1cadb8f482\" id=\"workshops-de-ceramica\" style=\"padding-top:0;padding-bottom:0;font-style:normal;font-weight:600;text-transform:uppercase\"><a href=\"https:\/\/www.google.com\/search?sa=X&amp;sca_esv=cb0b2358a0071c17&amp;rlz=1C5CHFA_enPT943PT944&amp;biw=1383&amp;bih=900&amp;sxsrf=ANbL-n4ROPbLGLToNm-fVei27-Y3hIDS-A:1772532757611&amp;q=avalia%C3%A7%C3%B5es%20sobre%20fica%20oficina%20criativa&amp;rflfq=1&amp;num=20&amp;stick=H4sIAAAAAAAAAONgkxIxNDU3Nzc2MjexNDcwMTQwMTA2Nd_AyPiKUSOxLDEnM_Hw8sNbU4sVivOTilIV0jKTExXygWRmXqJCclFmYklmWeIiVqKVAgCmCkxLcQAAAA&amp;rldimm=15777327497041040357&amp;tbm=lcl&amp;hl=pt-PT&amp;ved=0CFAQ5foLahcKEwiY_rCLv4OTAxUAAAAAHQAAAAAQCQ#lkt=LocalPoiReviews&amp;arid=Ci9DQUlRQUNvZENodHljRjlvT2sxdFdteDFibmswT0hJMlNGRmtNak5pWW14aVVsRRAB\" target=\"_blank\" rel=\"noreferrer noopener\">Angelica Guarin<\/a><\/h4>\n<\/div>\n<\/div>\n\n\n\n<p class=\"has-text-align-left has-custom-d-blue-fica-color has-text-color has-link-color wp-elements-614ae7f574b63440136eca97adf52df5 wp-block-paragraph\" style=\"padding-top:10px;padding-right:var(--wp--preset--spacing--30);padding-left:var(--wp--preset--spacing--30)\">Adoro este lugar! J\u00e1 participei de v\u00e1rios workshops e \u00e9 sempre um prazer voltar e passar um tempo criando neste espa\u00e7o lindo. Mal posso esperar para voltar e continuar praticando o que aprendi no meu \u00faltimo workshop com a Rita \ud83d\ude42<\/p>\n<\/div>\n\n\n\n<div class=\"wp-block-column is-vertically-aligned-top has-secondary-background-color has-background is-layout-flow wp-container-core-column-is-layout-53a351ab wp-block-column-is-layout-flow\" style=\"border-style:none;border-width:0px;border-top-left-radius:15px;border-top-right-radius:15px;border-bottom-left-radius:15px;border-bottom-right-radius:15px;padding-top:20px;padding-right:15px;padding-bottom:20px;padding-left:15px\">\n<div class=\"wp-block-columns is-layout-flex wp-container-core-columns-is-layout-0b88eddf wp-block-columns-is-layout-flex\" style=\"padding-right:var(--wp--preset--spacing--30);padding-left:var(--wp--preset--spacing--30)\">\n<div class=\"wp-block-column is-layout-flow wp-block-column-is-layout-flow\" style=\"flex-basis:20%\">\n<figure class=\"wp-block-image size-full\"><a href=\"https:\/\/www.google.com\/search?sa=X&amp;sca_esv=cb0b2358a0071c17&amp;rlz=1C5CHFA_enPT943PT944&amp;biw=1383&amp;bih=900&amp;sxsrf=ANbL-n4ROPbLGLToNm-fVei27-Y3hIDS-A:1772532757611&amp;q=avalia%C3%A7%C3%B5es%20sobre%20fica%20oficina%20criativa&amp;rflfq=1&amp;num=20&amp;stick=H4sIAAAAAAAAAONgkxIxNDU3Nzc2MjexNDcwMTQwMTA2Nd_AyPiKUSOxLDEnM_Hw8sNbU4sVivOTilIV0jKTExXygWRmXqJCclFmYklmWeIiVqKVAgCmCkxLcQAAAA&amp;rldimm=15777327497041040357&amp;tbm=lcl&amp;hl=pt-PT&amp;ved=0CFAQ5foLahcKEwiY_rCLv4OTAxUAAAAAHQAAAAAQCQ#lkt=LocalPoiReviews&amp;arid=Ci9DQUlRQUNvZENodHljRjlvT2sxdFdteDFibmswT0hJMlNGRmtNak5pWW14aVVsRRAB\" target=\"_blank\" rel=\" noreferrer noopener\"><img loading=\"lazy\" decoding=\"async\" width=\"72\" height=\"72\" src=\"https:\/\/fica-oc.pt\/wp-content\/uploads\/2026\/03\/francisco-lourido.png\" alt=\"francisco lourido\" class=\"wp-image-44356\" srcset=\"https:\/\/fica-oc.pt\/wp-content\/uploads\/2026\/03\/francisco-lourido.png 72w, https:\/\/fica-oc.pt\/wp-content\/uploads\/2026\/03\/francisco-lourido-12x12.png 12w\" sizes=\"auto, (max-width: 72px) 100vw, 72px\" \/><\/a><\/figure>\n<\/div>\n\n\n\n<div class=\"wp-block-column is-vertically-aligned-center is-layout-flow wp-block-column-is-layout-flow\" style=\"flex-basis:80%\">\n<h4 class=\"wp-block-heading has-text-align-left alignwide has-custom-d-blue-fica-color has-text-color has-link-color has-small-font-size wp-elements-0b8f196d510207b2c7d844d548b982a5\" id=\"workshops-de-ceramica\" style=\"padding-top:0;padding-bottom:0;font-style:normal;font-weight:600;text-transform:uppercase\"><a href=\"https:\/\/www.google.com\/search?sa=X&amp;sca_esv=cb0b2358a0071c17&amp;rlz=1C5CHFA_enPT943PT944&amp;biw=1383&amp;bih=900&amp;sxsrf=ANbL-n4ROPbLGLToNm-fVei27-Y3hIDS-A:1772532757611&amp;q=avalia%C3%A7%C3%B5es%20sobre%20fica%20oficina%20criativa&amp;rflfq=1&amp;num=20&amp;stick=H4sIAAAAAAAAAONgkxIxNDU3Nzc2MjexNDcwMTQwMTA2Nd_AyPiKUSOxLDEnM_Hw8sNbU4sVivOTilIV0jKTExXygWRmXqJCclFmYklmWeIiVqKVAgCmCkxLcQAAAA&amp;rldimm=15777327497041040357&amp;tbm=lcl&amp;hl=pt-PT&amp;ved=0CFAQ5foLahcKEwiY_rCLv4OTAxUAAAAAHQAAAAAQCQ#lkt=LocalPoiReviews&amp;arid=Ci9DQUlRQUNvZENodHljRjlvT2sxdFdteDFibmswT0hJMlNGRmtNak5pWW14aVVsRRAB\" target=\"_blank\" rel=\"noreferrer noopener\">Francisco Barrocas Lourido<\/a><\/h4>\n<\/div>\n<\/div>\n\n\n\n<p class=\"has-text-align-left has-custom-d-blue-fica-color has-text-color has-link-color wp-elements-2da595a2e54e58419f078503bb534aeb wp-block-paragraph\" style=\"padding-top:10px;padding-right:var(--wp--preset--spacing--30);padding-left:var(--wp--preset--spacing--30)\">Fomos muito bem acolhidos. A forma\u00e7\u00e3o foi muito interessante e com muito conte\u00fado, para uma forma\u00e7\u00e3o de 3 horas. As instala\u00e7\u00f5es s\u00e3o impec\u00e1veis. O ambiente \u00e9 muito agrad\u00e1vel e descontra\u00eddo. A equipa \u00e9 espectacular! Voltarei, sem d\u00favida.<\/p>\n<\/div>\n\n\n\n<div class=\"wp-block-column is-vertically-aligned-top has-secondary-background-color has-background is-layout-flow wp-container-core-column-is-layout-53a351ab wp-block-column-is-layout-flow\" style=\"border-style:none;border-width:0px;border-top-left-radius:15px;border-top-right-radius:15px;border-bottom-left-radius:15px;border-bottom-right-radius:15px;padding-top:20px;padding-right:15px;padding-bottom:20px;padding-left:15px\">\n<div class=\"wp-block-columns is-layout-flex wp-container-core-columns-is-layout-0b88eddf wp-block-columns-is-layout-flex\" style=\"padding-right:var(--wp--preset--spacing--30);padding-left:var(--wp--preset--spacing--30)\">\n<div class=\"wp-block-column is-layout-flow wp-block-column-is-layout-flow\" style=\"flex-basis:20%\">\n<figure class=\"wp-block-image size-full\"><a href=\"https:\/\/www.google.com\/search?sa=X&amp;sca_esv=cb0b2358a0071c17&amp;rlz=1C5CHFA_enPT943PT944&amp;biw=1383&amp;bih=900&amp;sxsrf=ANbL-n4ROPbLGLToNm-fVei27-Y3hIDS-A:1772532757611&amp;q=avalia%C3%A7%C3%B5es%20sobre%20fica%20oficina%20criativa&amp;rflfq=1&amp;num=20&amp;stick=H4sIAAAAAAAAAONgkxIxNDU3Nzc2MjexNDcwMTQwMTA2Nd_AyPiKUSOxLDEnM_Hw8sNbU4sVivOTilIV0jKTExXygWRmXqJCclFmYklmWeIiVqKVAgCmCkxLcQAAAA&amp;rldimm=15777327497041040357&amp;tbm=lcl&amp;hl=pt-PT&amp;ved=0CFAQ5foLahcKEwiY_rCLv4OTAxUAAAAAHQAAAAAQCQ#lkt=LocalPoiReviews&amp;arid=Ci9DQUlRQUNvZENodHljRjlvT2sxdFdteDFibmswT0hJMlNGRmtNak5pWW14aVVsRRAB\" target=\"_blank\" rel=\" noreferrer noopener\"><img loading=\"lazy\" decoding=\"async\" width=\"72\" height=\"72\" src=\"https:\/\/fica-oc.pt\/wp-content\/uploads\/2026\/03\/cristina-pina.png\" alt=\"cristina pina\" class=\"wp-image-44324\" srcset=\"https:\/\/fica-oc.pt\/wp-content\/uploads\/2026\/03\/cristina-pina.png 72w, https:\/\/fica-oc.pt\/wp-content\/uploads\/2026\/03\/cristina-pina-12x12.png 12w\" sizes=\"auto, (max-width: 72px) 100vw, 72px\" \/><\/a><\/figure>\n<\/div>\n\n\n\n<div class=\"wp-block-column is-vertically-aligned-center is-layout-flow wp-block-column-is-layout-flow\" style=\"flex-basis:80%\">\n<h4 class=\"wp-block-heading has-text-align-left alignwide has-custom-d-blue-fica-color has-text-color has-link-color has-small-font-size wp-elements-a145396a4830a5d07076fc9d982f1fa6\" id=\"workshops-de-ceramica\" style=\"padding-top:0;padding-bottom:0;font-style:normal;font-weight:600;text-transform:uppercase\"><a href=\"https:\/\/www.google.com\/search?sa=X&amp;sca_esv=cb0b2358a0071c17&amp;rlz=1C5CHFA_enPT943PT944&amp;biw=1383&amp;bih=900&amp;sxsrf=ANbL-n4ROPbLGLToNm-fVei27-Y3hIDS-A:1772532757611&amp;q=avalia%C3%A7%C3%B5es%20sobre%20fica%20oficina%20criativa&amp;rflfq=1&amp;num=20&amp;stick=H4sIAAAAAAAAAONgkxIxNDU3Nzc2MjexNDcwMTQwMTA2Nd_AyPiKUSOxLDEnM_Hw8sNbU4sVivOTilIV0jKTExXygWRmXqJCclFmYklmWeIiVqKVAgCmCkxLcQAAAA&amp;rldimm=15777327497041040357&amp;tbm=lcl&amp;hl=pt-PT&amp;ved=0CFAQ5foLahcKEwiY_rCLv4OTAxUAAAAAHQAAAAAQCQ#lkt=LocalPoiReviews&amp;arid=Ci9DQUlRQUNvZENodHljRjlvT2sxdFdteDFibmswT0hJMlNGRmtNak5pWW14aVVsRRAB\" target=\"_blank\" rel=\"noreferrer noopener\">Cristina Pina<\/a><\/h4>\n<\/div>\n<\/div>\n\n\n\n<p class=\"has-text-align-left has-custom-d-blue-fica-color has-text-color has-link-color wp-elements-bb908dc3ad198adfe3dc00076db6758f wp-block-paragraph\" style=\"padding-top:10px;padding-right:var(--wp--preset--spacing--30);padding-left:var(--wp--preset--spacing--30)\">Frequento o Fica h\u00e1 anos, foi l\u00e1 que aprendi a serigrafar, onde fiz v\u00e1rios workshops (cer\u00e2mica e impress\u00e3o t\u00eaxtil, por exemplo) e onde fiz amizades&#8230; \u00e9 um espa\u00e7o lindo, as aulas s\u00e3o \u00f3timas e as pessoas s\u00e3o ador\u00e1veis (e tem uma loja \u00f3tima tamb\u00e9m!!!) &#x1f4af; &#x2764;&#xfe0f;&#x2764;&#xfe0f;&#x2764;&#xfe0f;&#x2764;&#xfe0f;<\/p>\n<\/div>\n\n\n\n<div class=\"wp-block-column is-vertically-aligned-top has-secondary-background-color has-background is-layout-flow wp-container-core-column-is-layout-53a351ab wp-block-column-is-layout-flow\" style=\"border-style:none;border-width:0px;border-top-left-radius:15px;border-top-right-radius:15px;border-bottom-left-radius:15px;border-bottom-right-radius:15px;padding-top:20px;padding-right:15px;padding-bottom:20px;padding-left:15px\">\n<div class=\"wp-block-columns is-layout-flex wp-container-core-columns-is-layout-0b88eddf wp-block-columns-is-layout-flex\" style=\"padding-right:var(--wp--preset--spacing--30);padding-left:var(--wp--preset--spacing--30)\">\n<div class=\"wp-block-column is-layout-flow wp-block-column-is-layout-flow\" style=\"flex-basis:20%\">\n<figure class=\"wp-block-image size-full\"><a href=\"https:\/\/www.google.com\/search?sa=X&amp;sca_esv=cb0b2358a0071c17&amp;rlz=1C5CHFA_enPT943PT944&amp;biw=1383&amp;bih=900&amp;sxsrf=ANbL-n4ROPbLGLToNm-fVei27-Y3hIDS-A:1772532757611&amp;q=avalia%C3%A7%C3%B5es%20sobre%20fica%20oficina%20criativa&amp;rflfq=1&amp;num=20&amp;stick=H4sIAAAAAAAAAONgkxIxNDU3Nzc2MjexNDcwMTQwMTA2Nd_AyPiKUSOxLDEnM_Hw8sNbU4sVivOTilIV0jKTExXygWRmXqJCclFmYklmWeIiVqKVAgCmCkxLcQAAAA&amp;rldimm=15777327497041040357&amp;tbm=lcl&amp;hl=pt-PT&amp;ved=0CFAQ5foLahcKEwiY_rCLv4OTAxUAAAAAHQAAAAAQCQ#lkt=LocalPoiReviews&amp;arid=Ci9DQUlRQUNvZENodHljRjlvT2sxdFdteDFibmswT0hJMlNGRmtNak5pWW14aVVsRRAB\" target=\"_blank\" rel=\" noreferrer noopener\"><img loading=\"lazy\" decoding=\"async\" width=\"72\" height=\"72\" src=\"https:\/\/fica-oc.pt\/wp-content\/uploads\/2026\/03\/mario-tavares.png\" alt=\"M\u00e1rio Tavares\" class=\"wp-image-44331\" srcset=\"https:\/\/fica-oc.pt\/wp-content\/uploads\/2026\/03\/mario-tavares.png 72w, https:\/\/fica-oc.pt\/wp-content\/uploads\/2026\/03\/mario-tavares-12x12.png 12w\" sizes=\"auto, (max-width: 72px) 100vw, 72px\" \/><\/a><\/figure>\n<\/div>\n\n\n\n<div class=\"wp-block-column is-vertically-aligned-center is-layout-flow wp-block-column-is-layout-flow\" style=\"flex-basis:80%\">\n<h4 class=\"wp-block-heading has-text-align-left alignwide has-custom-d-blue-fica-color has-text-color has-link-color has-small-font-size wp-elements-384143175c97cba06101a6c0ecac9da7\" id=\"workshops-de-ceramica\" style=\"padding-top:0;padding-bottom:0;font-style:normal;font-weight:600;text-transform:uppercase\"><a href=\"https:\/\/www.google.com\/search?sa=X&amp;sca_esv=cb0b2358a0071c17&amp;rlz=1C5CHFA_enPT943PT944&amp;biw=1383&amp;bih=900&amp;sxsrf=ANbL-n4ROPbLGLToNm-fVei27-Y3hIDS-A:1772532757611&amp;q=avalia%C3%A7%C3%B5es%20sobre%20fica%20oficina%20criativa&amp;rflfq=1&amp;num=20&amp;stick=H4sIAAAAAAAAAONgkxIxNDU3Nzc2MjexNDcwMTQwMTA2Nd_AyPiKUSOxLDEnM_Hw8sNbU4sVivOTilIV0jKTExXygWRmXqJCclFmYklmWeIiVqKVAgCmCkxLcQAAAA&amp;rldimm=15777327497041040357&amp;tbm=lcl&amp;hl=pt-PT&amp;ved=0CFAQ5foLahcKEwiY_rCLv4OTAxUAAAAAHQAAAAAQCQ#lkt=LocalPoiReviews&amp;arid=Ci9DQUlRQUNvZENodHljRjlvT2sxdFdteDFibmswT0hJMlNGRmtNak5pWW14aVVsRRAB\" target=\"_blank\" rel=\"noreferrer noopener\">M\u00e1rio Tavares<\/a><\/h4>\n<\/div>\n<\/div>\n\n\n\n<p class=\"has-text-align-left has-custom-d-blue-fica-color has-text-color has-link-color wp-elements-fbcd18f00d0b59c53cb05c2337769f8e wp-block-paragraph\" style=\"padding-top:10px;padding-right:var(--wp--preset--spacing--30);padding-left:var(--wp--preset--spacing--30)\">Adorei o flash workshop de serigrafia e recomendo!!!!<\/p>\n<\/div>\n\n\n\n<div class=\"wp-block-column is-vertically-aligned-top has-secondary-background-color has-background is-layout-flow wp-container-core-column-is-layout-53a351ab wp-block-column-is-layout-flow\" style=\"border-style:none;border-width:0px;border-top-left-radius:15px;border-top-right-radius:15px;border-bottom-left-radius:15px;border-bottom-right-radius:15px;padding-top:20px;padding-right:15px;padding-bottom:20px;padding-left:15px\">\n<div class=\"wp-block-columns is-layout-flex wp-container-core-columns-is-layout-0b88eddf wp-block-columns-is-layout-flex\" style=\"padding-right:var(--wp--preset--spacing--30);padding-left:var(--wp--preset--spacing--30)\">\n<div class=\"wp-block-column is-layout-flow wp-block-column-is-layout-flow\" style=\"flex-basis:20%\">\n<figure class=\"wp-block-image size-full\"><a href=\"https:\/\/www.google.com\/search?sa=X&amp;sca_esv=cb0b2358a0071c17&amp;rlz=1C5CHFA_enPT943PT944&amp;biw=1383&amp;bih=900&amp;sxsrf=ANbL-n4ROPbLGLToNm-fVei27-Y3hIDS-A:1772532757611&amp;q=avalia%C3%A7%C3%B5es%20sobre%20fica%20oficina%20criativa&amp;rflfq=1&amp;num=20&amp;stick=H4sIAAAAAAAAAONgkxIxNDU3Nzc2MjexNDcwMTQwMTA2Nd_AyPiKUSOxLDEnM_Hw8sNbU4sVivOTilIV0jKTExXygWRmXqJCclFmYklmWeIiVqKVAgCmCkxLcQAAAA&amp;rldimm=15777327497041040357&amp;tbm=lcl&amp;hl=pt-PT&amp;ved=0CFAQ5foLahcKEwiY_rCLv4OTAxUAAAAAHQAAAAAQCQ#lkt=LocalPoiReviews&amp;arid=Ci9DQUlRQUNvZENodHljRjlvT2sxdFdteDFibmswT0hJMlNGRmtNak5pWW14aVVsRRAB\" target=\"_blank\" rel=\" noreferrer noopener\"><img loading=\"lazy\" decoding=\"async\" width=\"72\" height=\"72\" src=\"https:\/\/fica-oc.pt\/wp-content\/uploads\/2026\/03\/andreia-monteiro.png\" alt=\"andreia monteiro\" class=\"wp-image-44357\" srcset=\"https:\/\/fica-oc.pt\/wp-content\/uploads\/2026\/03\/andreia-monteiro.png 72w, https:\/\/fica-oc.pt\/wp-content\/uploads\/2026\/03\/andreia-monteiro-12x12.png 12w\" sizes=\"auto, (max-width: 72px) 100vw, 72px\" \/><\/a><\/figure>\n<\/div>\n\n\n\n<div class=\"wp-block-column is-vertically-aligned-center is-layout-flow wp-block-column-is-layout-flow\" style=\"flex-basis:80%\">\n<h4 class=\"wp-block-heading has-text-align-left alignwide has-custom-d-blue-fica-color has-text-color has-link-color has-small-font-size wp-elements-3a94a71daf777980cd752271e0ee762b\" id=\"workshops-de-ceramica\" style=\"padding-top:0;padding-bottom:0;font-style:normal;font-weight:600;text-transform:uppercase\"><a href=\"https:\/\/www.google.com\/search?sa=X&amp;sca_esv=cb0b2358a0071c17&amp;rlz=1C5CHFA_enPT943PT944&amp;biw=1383&amp;bih=900&amp;sxsrf=ANbL-n4ROPbLGLToNm-fVei27-Y3hIDS-A:1772532757611&amp;q=avalia%C3%A7%C3%B5es%20sobre%20fica%20oficina%20criativa&amp;rflfq=1&amp;num=20&amp;stick=H4sIAAAAAAAAAONgkxIxNDU3Nzc2MjexNDcwMTQwMTA2Nd_AyPiKUSOxLDEnM_Hw8sNbU4sVivOTilIV0jKTExXygWRmXqJCclFmYklmWeIiVqKVAgCmCkxLcQAAAA&amp;rldimm=15777327497041040357&amp;tbm=lcl&amp;hl=pt-PT&amp;ved=0CFAQ5foLahcKEwiY_rCLv4OTAxUAAAAAHQAAAAAQCQ#lkt=LocalPoiReviews&amp;arid=Ci9DQUlRQUNvZENodHljRjlvT2sxdFdteDFibmswT0hJMlNGRmtNak5pWW14aVVsRRAB\" target=\"_blank\" rel=\"noreferrer noopener\">Andreia Monteiro<\/a><\/h4>\n<\/div>\n<\/div>\n\n\n\n<p class=\"has-text-align-left has-custom-d-blue-fica-color has-text-color has-link-color wp-elements-6a40ccec171761bd296fa55c59460d6d wp-block-paragraph\" style=\"padding-top:10px;padding-right:var(--wp--preset--spacing--30);padding-left:var(--wp--preset--spacing--30)\">Fiz o workshop de serigrafia com a Rita Daniel e adorei. Ambiente muito descontra\u00eddo. Recomendo a todos.<\/p>\n<\/div>\n<\/div>\n\n\n\n<div style=\"height:60px\" aria-hidden=\"true\" class=\"wp-block-spacer\"><\/div>\n\n\n\n<div class=\"wp-block-group alignwide is-layout-constrained wp-container-core-group-is-layout-d8261490 wp-block-group-is-layout-constrained\" style=\"min-height:0px\">\n<div class=\"wp-block-columns alignwide has-custom-blue-fica-background-color has-background is-layout-flex wp-container-core-columns-is-layout-96503877 wp-block-columns-is-layout-flex\" style=\"border-style:none;border-width:0px;border-radius:15px;margin-top:0;margin-bottom:0;padding-top:var(--wp--preset--spacing--50);padding-right:var(--wp--preset--spacing--40);padding-bottom:var(--wp--preset--spacing--50);padding-left:var(--wp--preset--spacing--40)\">\n<div class=\"wp-block-column is-vertically-aligned-center is-layout-flow wp-block-column-is-layout-flow\" style=\"padding-top:0;padding-right:0;padding-bottom:0;padding-left:0\">\n<h2 class=\"wp-block-heading has-text-align-center has-custom-l-grey-fica-color has-text-color has-link-color has-large-font-size wp-elements-2dda66e8ec94fc92efa62ede57ebbec5\" id=\"proximos-workshops-de-serigrafia\" style=\"font-style:normal;font-weight:700;text-transform:uppercase\">Pr\u00f3ximos workshops de SERIGRAFIA<\/h2>\n<\/div>\n<\/div>\n<\/div>\n\n\n\n<div class=\"wp-block-group alignwide is-layout-constrained wp-block-group-is-layout-constrained\">\n<div class=\"wp-block-columns alignfull is-layout-flex wp-container-core-columns-is-layout-19433b3a wp-block-columns-is-layout-flex\" style=\"margin-top:0;margin-bottom:0;padding-top:0;padding-bottom:0\">\n<div class=\"wp-block-column is-vertically-aligned-top is-layout-flow wp-container-core-column-is-layout-7c874152 wp-block-column-is-layout-flow\">\n<p class=\"has-text-align-center wp-block-paragraph\"><!-- EventON Calendar --><div id='evcal_calendar_631' class='list_cal ajde_evcal_calendar boxy color tbg1 boxstyle1 box_5 ul noiajx etttc_custom ' data-cal=''><div id='evcal_head' class='calendar_header evcal_nosort' ><div class='evo_cal_above evodfx evofx_dr_r marb5 evofx_ww'><button class='cal_head_btn evo-gototoday-btn' style='' data-mo='4' data-yr='2026' data-dy='' aria-label='Go to today'>M\u00eas actual<\/button><\/div><div class='evo_cal_above_content'><\/div><div class='evo_header_title '><\/div><\/div><div class='evo_filter_bar evo_main_filter_bar eventon_sorting_section '><div class='evo_filter_container evodfx evo_fx_ai_c'><div class='evo_filter_container_in'><div class='eventon_filter_line' ><div class='evo_loading_bar_holder h100 loading_filters swipe' style='min-height:30px;'><div class='nesthold r g10'><div class='evo_loading_bar wid_100% hi_30px' style='width:100%; height:30px; margin-bottom:1px;'><\/div><div class='evo_loading_bar wid_100% hi_30px' style='width:100%; height:30px; margin-bottom:1px;'><\/div><div class='evo_loading_bar wid_100% hi_30px' style='width:100%; height:30px; margin-bottom:1px;'><\/div><div class='evo_loading_bar wid_100% hi_30px' style='width:100%; height:30px; margin-bottom:1px;'><\/div><div class='evo_loading_bar wid_100% hi_30px' style='width:100%; height:30px; margin-bottom:1px;'><\/div><\/div><\/div><\/div><\/div><div class='evo_filter_nav evo_filter_l'><i class='fa fa-chevron-left'><\/i><\/div><div class='evo_filter_nav evo_filter_r'><i class='fa fa-chevron-right'><\/i><\/div><\/div><div class='evo_filter_aply_btns'><\/div><div class='evo_filter_menu'><\/div><\/div><div id='eventon_loadbar_section'><div id='eventon_loadbar'><\/div><\/div><!-- Events List --><div class='evo_events_list_box'><div id='evcal_list' class='eventon_events_list sep_months evcal_list_month'><div class='evcal_month_line' data-d='eml_4_2026' data-su='1774998000'><p>abril<\/p><\/div><div class='sep_month_events ' data-d='eml_4_2026' data-range='1774998000_1777589999'><div style=\"min-height: 350px;\" id=\"event_43896_0\" class=\"eventon_list_event evo_eventtop sold_out past_event event clrD hasbgimg event_43896_0\" data-event_id=\"43896\" data-ri=\"0r\" data-time=\"1775914200-1775925000\" data-colr=\"#153acf\" ><div class=\"evo_event_schema\" style=\"display:none\" ><a href=\"https:\/\/fica-oc.pt\/events\/workshop-monotipia-serigrafia-abril-2026\/\"><\/a><\/div><div class=\"evo_boxtop\" style=\"background-image: url(https:\/\/fica-oc.pt\/wp-content\/uploads\/2025\/02\/FICA-Workshop-Serigrafia-Monotipia-01.jpg); background-color:#153acf;height:240px;\"><\/div>\r\n\t\t\t\t<p class=\"desc_trig_outter\" style=\"\"><a data-gmap_status=\"null\" data-exlk=\"1\" href=\"https:\/\/fica-oc.pt\/events\/workshop-monotipia-serigrafia-abril-2026\/\" target=\"_blank\" rel=\"noopener noreferrer\" style=\"padding-top: 275px;\" id=\"evc_177591420043896\" class=\"desc_trig completed-event 1 evo_serigrafia sin_val evcal_list_a\" data-ux_val=\"2\" data-ux_val_mob=\"-\"><span class='evoet_in'><span class='evoet_c2 evoet_cx '><span class='evoet_dayblock evcal_cblock ' data-bgcolor='#153acf' data-smon='abril' data-syr='2026' data-bub=''><span class='evo_start  evofxdrc'><em class='day'>s\u00e1b<\/em><em class='date'>11<\/em><em class='month'>abr<\/em><em class='time'>14:30<\/em><\/span><span class='evo_end only_time evofxdrc'><em class='time'>17:30<\/em><\/span><\/span><\/span><span class='evoet_c4 evoet_cx '><span class='evoet_title evcal_desc2 evcal_event_title ' itemprop='name'>Workshop Monotipia Serigrafia<\/span><span class='event_location_attrs evodni'  data-location_address=\"Rua Bernardo Lima 10C\" data-location_type=\"lonlat\" data-location_name=\"FICA - Oficina Criativa (NOVO)\" data-location_url=\"https:\/\/fica-oc.pt\/en\/blog\/event-location\/fica-oficina-criativa-novo\/\" data-location_status=\"true\" data-locid=\"500\" data-latlng=\"38.7264548,-9.1441904\"><\/span><span class='evoet_cy evoet_time_expand level_3'><em class='evcal_time evo_tz_time'><i class='fa fa-clock-o'><\/i>14:30 - 17:30<span class='evo_tz marl5'>(GMT+01:00)<\/span><\/em> <\/span><span class='evoet_tags evo_above_title'><span class='evo_event_headers status sold_out'>Esgotado<\/span><\/span><span class='evoet_eventtypes level_4 evcal_event_types ett1'><em><i class='evofsn'>Of\u00edcio<\/i><\/em><em data-filter=\"event_type\" data-v=\"serigrafia\" data-id=\"124\" class=\"evoetet_val evoet_dataval parent-term evodfx evofxdrr evofxaic\" aria-label=\"serigrafia\">serigrafia<\/em><\/span><\/span><\/span><span class='evoet_data' style='display:none' data-d=\"{&quot;loc.n&quot;:&quot;FICA - Oficina Criativa (NOVO)&quot;,&quot;orgs&quot;:[],&quot;tags&quot;:{&quot;sold_out&quot;:&quot;Esgotado&quot;,&quot;completed&quot;:&quot;passado&quot;}}\" data-bgc=\"#153acf\" data-bggrad=\"\" ><\/span><\/a><\/p><div class='clear end'><\/div><\/div><\/div><div class='evcal_month_line' data-d='eml_5_2026' data-su='1777590000'><p>maio<\/p><\/div><div class='sep_month_events ' data-d='eml_5_2026' data-range='1777590000_1780268399'><div style=\"min-height: 350px;\" id=\"event_43898_0\" class=\"eventon_list_event evo_eventtop scheduled  event clrD hasbgimg event_43898_0\" data-event_id=\"43898\" data-ri=\"0r\" data-time=\"1778175000-1778790600\" data-colr=\"#153acf\" ><div class=\"evo_event_schema\" style=\"display:none\" ><a href=\"https:\/\/fica-oc.pt\/events\/oficina-de-serigrafia-maio-2026\/\"><\/a><\/div><div class=\"evo_boxtop\" style=\"background-image: url(https:\/\/fica-oc.pt\/wp-content\/uploads\/2023\/11\/FICA-Oficina-Serigrafia.webp); background-color:#153acf;height:240px;\"><\/div>\r\n\t\t\t\t<p class=\"desc_trig_outter\" style=\"\"><a data-gmap_status=\"null\" data-exlk=\"1\" href=\"https:\/\/fica-oc.pt\/events\/oficina-de-serigrafia-maio-2026\/\" target=\"_blank\" rel=\"noopener noreferrer\" style=\"padding-top: 275px;\" id=\"evc_177817500043898\" class=\"desc_trig evo_serigrafia mul_val evcal_list_a\" data-ux_val=\"2\" data-ux_val_mob=\"-\"><span class='evoet_in'><span class='evoet_c2 evoet_cx '><span class='evoet_dayblock evcal_cblock ' data-bgcolor='#153acf' data-smon='maio' data-syr='2026' data-bub=''><span class='evo_start  evofxdrc'><em class='day'>qui<\/em><em class='date'>07<\/em><em class='month'>maio<\/em><em class='time'><i t=\"y\">(maio 7)<\/i>18:30<\/em><\/span><span class='evo_end  evofxdrc'><em class='day'>qui<\/em><em class='date'>14<\/em><em class='time'><i t=\"y\">(maio 14)<\/i>21:30<\/em><\/span><\/span><\/span><span class='evoet_c4 evoet_cx '><span class='evoet_title evcal_desc2 evcal_event_title ' itemprop='name'>Oficina de Serigrafia<\/span><span class='event_location_attrs evodni'  data-location_address=\"Rua Bernardo Lima 10C\" data-location_type=\"lonlat\" data-location_name=\"FICA - Oficina Criativa (NOVO)\" data-location_url=\"https:\/\/fica-oc.pt\/en\/blog\/event-location\/fica-oficina-criativa-novo\/\" data-location_status=\"true\" data-locid=\"500\" data-latlng=\"38.7264548,-9.1441904\"><\/span><span class='evoet_cy evoet_time_expand level_3'><em class='evcal_time evo_tz_time'><i class='fa fa-clock-o'><\/i>18:30 - 21:30 <em class=\"evo_endday evomarl5\">(14)<\/em><span class='evo_tz marl5'>(GMT+01:00)<\/span><\/em> <\/span><span class='evoet_tags evo_above_title'><span class='evo_soldout'>Esgotado<\/span><\/span><span class='evoet_eventtypes level_4 evcal_event_types ett1'><em><i class='evofsn'>Of\u00edcio<\/i><\/em><em data-filter=\"event_type\" data-v=\"serigrafia\" data-id=\"124\" class=\"evoetet_val evoet_dataval parent-term evodfx evofxdrr evofxaic\" aria-label=\"serigrafia\">serigrafia<\/em><\/span><\/span><\/span><span class='evoet_data' style='display:none' data-d=\"{&quot;loc.n&quot;:&quot;FICA - Oficina Criativa (NOVO)&quot;,&quot;orgs&quot;:[],&quot;tags&quot;:[]}\" data-bgc=\"#153acf\" data-bggrad=\"\" ><\/span><\/a><\/p><div class='clear end'><\/div><\/div><div style=\"min-height: 350px;\" id=\"event_43900_0\" class=\"eventon_list_event evo_eventtop scheduled  event clrD hasbgimg event_43900_0\" data-event_id=\"43900\" data-ri=\"0r\" data-time=\"1778922000-1778932800\" data-colr=\"#153acf\" ><div class=\"evo_event_schema\" style=\"display:none\" ><a href=\"https:\/\/fica-oc.pt\/events\/flash-workshop-serigrafia-maio-2026\/\"><\/a><\/div><div class=\"evo_boxtop\" style=\"background-image: url(https:\/\/fica-oc.pt\/wp-content\/uploads\/2023\/09\/FICA-Flash-Serigrafia-Original.webp); background-color:#153acf;height:240px;\"><\/div>\r\n\t\t\t\t<p class=\"desc_trig_outter\" style=\"\"><a data-gmap_status=\"null\" data-exlk=\"1\" href=\"https:\/\/fica-oc.pt\/events\/flash-workshop-serigrafia-maio-2026\/\" target=\"_blank\" rel=\"noopener noreferrer\" style=\"padding-top: 275px;\" id=\"evc_177892200043900\" class=\"desc_trig evo_serigrafia sin_val evcal_list_a\" data-ux_val=\"2\" data-ux_val_mob=\"-\"><span class='evoet_in'><span class='evoet_c2 evoet_cx '><span class='evoet_dayblock evcal_cblock ' data-bgcolor='#153acf' data-smon='maio' data-syr='2026' data-bub=''><span class='evo_start  evofxdrc'><em class='day'>s\u00e1b<\/em><em class='date'>16<\/em><em class='month'>maio<\/em><em class='time'>10:00<\/em><\/span><span class='evo_end only_time evofxdrc'><em class='time'>13:00<\/em><\/span><\/span><\/span><span class='evoet_c4 evoet_cx '><span class='evoet_title evcal_desc2 evcal_event_title ' itemprop='name'>FLASH Workshop Serigrafia<\/span><span class='event_location_attrs evodni'  data-location_address=\"Rua Bernardo Lima 10C\" data-location_type=\"lonlat\" data-location_name=\"FICA - Oficina Criativa (NOVO)\" data-location_url=\"https:\/\/fica-oc.pt\/en\/blog\/event-location\/fica-oficina-criativa-novo\/\" data-location_status=\"true\" data-locid=\"500\" data-latlng=\"38.7264548,-9.1441904\"><\/span><span class='evoet_cy evoet_time_expand level_3'><em class='evcal_time evo_tz_time'><i class='fa fa-clock-o'><\/i>10:00 - 13:00<span class='evo_tz marl5'>(GMT+01:00)<\/span><\/em> <\/span><span class='evoet_tags evo_above_title'><span class='evo_soldout'>Esgotado<\/span><\/span><span class='evoet_eventtypes level_4 evcal_event_types ett1'><em><i class='evofsn'>Of\u00edcio<\/i><\/em><em data-filter=\"event_type\" data-v=\"serigrafia\" data-id=\"124\" class=\"evoetet_val evoet_dataval parent-term evodfx evofxdrr evofxaic\" aria-label=\"serigrafia\">serigrafia<\/em><\/span><\/span><\/span><span class='evoet_data' style='display:none' data-d=\"{&quot;loc.n&quot;:&quot;FICA - Oficina Criativa (NOVO)&quot;,&quot;orgs&quot;:[],&quot;tags&quot;:[]}\" data-bgc=\"#153acf\" data-bggrad=\"\" ><\/span><\/a><\/p><div class='clear end'><\/div><\/div><\/div><div class='evcal_month_line' data-d='eml_6_2026' data-su='1780268400'><p>junho<\/p><\/div><div class='sep_month_events ' data-d='eml_6_2026' data-range='1780268400_1782860399'><div style=\"min-height: 350px;\" id=\"event_43902_0\" class=\"eventon_list_event evo_eventtop scheduled  event clrD hasbgimg event_43902_0\" data-event_id=\"43902\" data-ri=\"0r\" data-time=\"1780736400-1780747200\" data-colr=\"#153acf\" ><div class=\"evo_event_schema\" style=\"display:none\" ><a href=\"https:\/\/fica-oc.pt\/events\/flash-workshop-serigrafia-junho-2026\/\"><\/a><\/div><div class=\"evo_boxtop\" style=\"background-image: url(https:\/\/fica-oc.pt\/wp-content\/uploads\/2023\/09\/FICA-Flash-Serigrafia-Original.webp); background-color:#153acf;height:240px;\"><\/div>\r\n\t\t\t\t<p class=\"desc_trig_outter\" style=\"\"><a data-gmap_status=\"null\" data-exlk=\"1\" href=\"https:\/\/fica-oc.pt\/events\/flash-workshop-serigrafia-junho-2026\/\" target=\"_blank\" rel=\"noopener noreferrer\" style=\"padding-top: 275px;\" id=\"evc_178073640043902\" class=\"desc_trig evo_serigrafia sin_val evcal_list_a\" data-ux_val=\"2\" data-ux_val_mob=\"-\"><span class='evoet_in'><span class='evoet_c2 evoet_cx '><span class='evoet_dayblock evcal_cblock ' data-bgcolor='#153acf' data-smon='junho' data-syr='2026' data-bub=''><span class='evo_start  evofxdrc'><em class='day'>s\u00e1b<\/em><em class='date'>06<\/em><em class='month'>jun<\/em><em class='time'>10:00<\/em><\/span><span class='evo_end only_time evofxdrc'><em class='time'>13:00<\/em><\/span><\/span><\/span><span class='evoet_c4 evoet_cx '><span class='evoet_title evcal_desc2 evcal_event_title ' itemprop='name'>FLASH Workshop Serigrafia<\/span><span class='event_location_attrs evodni'  data-location_address=\"Rua Bernardo Lima 10C\" data-location_type=\"lonlat\" data-location_name=\"FICA - Oficina Criativa (NOVO)\" data-location_url=\"https:\/\/fica-oc.pt\/en\/blog\/event-location\/fica-oficina-criativa-novo\/\" data-location_status=\"true\" data-locid=\"500\" data-latlng=\"38.7264548,-9.1441904\"><\/span><span class='evoet_cy evoet_time_expand level_3'><em class='evcal_time evo_tz_time'><i class='fa fa-clock-o'><\/i>10:00 - 13:00<span class='evo_tz marl5'>(GMT+01:00)<\/span><\/em> <\/span><span class='evoet_tags evo_above_title'><\/span><span class='evoet_eventtypes level_4 evcal_event_types ett1'><em><i class='evofsn'>Of\u00edcio<\/i><\/em><em data-filter=\"event_type\" data-v=\"serigrafia\" data-id=\"124\" class=\"evoetet_val evoet_dataval parent-term evodfx evofxdrr evofxaic\" aria-label=\"serigrafia\">serigrafia<\/em><\/span><\/span><\/span><span class='evoet_data' style='display:none' data-d=\"{&quot;loc.n&quot;:&quot;FICA - Oficina Criativa (NOVO)&quot;,&quot;orgs&quot;:[],&quot;tags&quot;:[]}\" data-bgc=\"#153acf\" data-bggrad=\"\" ><\/span><\/a><\/p><div class='clear end'><\/div><\/div><div style=\"min-height: 350px;\" id=\"event_43904_0\" class=\"eventon_list_event evo_eventtop scheduled  event clrD hasbgimg event_43904_0\" data-event_id=\"43904\" data-ri=\"0r\" data-time=\"1781686800-1782302400\" data-colr=\"#153acf\" ><div class=\"evo_event_schema\" style=\"display:none\" ><a href=\"https:\/\/fica-oc.pt\/events\/oficina-de-serigrafia-junho-2026\/\"><\/a><\/div><div class=\"evo_boxtop\" style=\"background-image: url(https:\/\/fica-oc.pt\/wp-content\/uploads\/2023\/11\/FICA-Oficina-Serigrafia.webp); background-color:#153acf;height:240px;\"><\/div>\r\n\t\t\t\t<p class=\"desc_trig_outter\" style=\"\"><a data-gmap_status=\"null\" data-exlk=\"1\" href=\"https:\/\/fica-oc.pt\/events\/oficina-de-serigrafia-junho-2026\/\" target=\"_blank\" rel=\"noopener noreferrer\" style=\"padding-top: 275px;\" id=\"evc_178168680043904\" class=\"desc_trig evo_serigrafia mul_val evcal_list_a\" data-ux_val=\"2\" data-ux_val_mob=\"-\"><span class='evoet_in'><span class='evoet_c2 evoet_cx '><span class='evoet_dayblock evcal_cblock ' data-bgcolor='#153acf' data-smon='junho' data-syr='2026' data-bub=''><span class='evo_start  evofxdrc'><em class='day'>qua<\/em><em class='date'>17<\/em><em class='month'>jun<\/em><em class='time'><i t=\"y\">(jun 17)<\/i>10:00<\/em><\/span><span class='evo_end  evofxdrc'><em class='day'>qua<\/em><em class='date'>24<\/em><em class='time'><i t=\"y\">(jun 24)<\/i>13:00<\/em><\/span><\/span><\/span><span class='evoet_c4 evoet_cx '><span class='evoet_title evcal_desc2 evcal_event_title ' itemprop='name'>Oficina de Serigrafia<\/span><span class='event_location_attrs evodni'  data-location_address=\"Rua Bernardo Lima 10C\" data-location_type=\"lonlat\" data-location_name=\"FICA - Oficina Criativa (NOVO)\" data-location_url=\"https:\/\/fica-oc.pt\/en\/blog\/event-location\/fica-oficina-criativa-novo\/\" data-location_status=\"true\" data-locid=\"500\" data-latlng=\"38.7264548,-9.1441904\"><\/span><span class='evoet_cy evoet_time_expand level_3'><em class='evcal_time evo_tz_time'><i class='fa fa-clock-o'><\/i>10:00 - 13:00 <em class=\"evo_endday evomarl5\">(24)<\/em><span class='evo_tz marl5'>(GMT+01:00)<\/span><\/em> <\/span><span class='evoet_tags evo_above_title'><span class='evo_soldout'>Esgotado<\/span><\/span><span class='evoet_eventtypes level_4 evcal_event_types ett1'><em><i class='evofsn'>Of\u00edcio<\/i><\/em><em data-filter=\"event_type\" data-v=\"serigrafia\" data-id=\"124\" class=\"evoetet_val evoet_dataval parent-term evodfx evofxdrr evofxaic\" aria-label=\"serigrafia\">serigrafia<\/em><\/span><\/span><\/span><span class='evoet_data' style='display:none' data-d=\"{&quot;loc.n&quot;:&quot;FICA - Oficina Criativa (NOVO)&quot;,&quot;orgs&quot;:[],&quot;tags&quot;:[]}\" data-bgc=\"#153acf\" data-bggrad=\"\" ><\/span><\/a><\/p><div class='clear end'><\/div><\/div><div style=\"min-height: 350px;\" id=\"event_43906_0\" class=\"eventon_list_event evo_eventtop scheduled  event clrD hasbgimg event_43906_0\" data-event_id=\"43906\" data-ri=\"0r\" data-time=\"1782567000-1782577800\" data-colr=\"#153acf\" ><div class=\"evo_event_schema\" style=\"display:none\" ><a href=\"https:\/\/fica-oc.pt\/events\/workshop-monotipia-serigrafia-junho-2026\/\"><\/a><\/div><div class=\"evo_boxtop\" style=\"background-image: url(https:\/\/fica-oc.pt\/wp-content\/uploads\/2025\/02\/FICA-Workshop-Serigrafia-Monotipia-01.jpg); background-color:#153acf;height:240px;\"><\/div>\r\n\t\t\t\t<p class=\"desc_trig_outter\" style=\"\"><a data-gmap_status=\"null\" data-exlk=\"1\" href=\"https:\/\/fica-oc.pt\/events\/workshop-monotipia-serigrafia-junho-2026\/\" target=\"_blank\" rel=\"noopener noreferrer\" style=\"padding-top: 275px;\" id=\"evc_178256700043906\" class=\"desc_trig completed-event 1 evo_serigrafia sin_val evcal_list_a\" data-ux_val=\"2\" data-ux_val_mob=\"-\"><span class='evoet_in'><span class='evoet_c2 evoet_cx '><span class='evoet_dayblock evcal_cblock ' data-bgcolor='#153acf' data-smon='junho' data-syr='2026' data-bub=''><span class='evo_start  evofxdrc'><em class='day'>s\u00e1b<\/em><em class='date'>27<\/em><em class='month'>jun<\/em><em class='time'>14:30<\/em><\/span><span class='evo_end only_time evofxdrc'><em class='time'>17:30<\/em><\/span><\/span><\/span><span class='evoet_c4 evoet_cx '><span class='evoet_title evcal_desc2 evcal_event_title ' itemprop='name'>Workshop Monotipia Serigrafia<\/span><span class='event_location_attrs evodni'  data-location_address=\"Rua Bernardo Lima 10C\" data-location_type=\"lonlat\" data-location_name=\"FICA - Oficina Criativa (NOVO)\" data-location_url=\"https:\/\/fica-oc.pt\/en\/blog\/event-location\/fica-oficina-criativa-novo\/\" data-location_status=\"true\" data-locid=\"500\" data-latlng=\"38.7264548,-9.1441904\"><\/span><span class='evoet_cy evoet_time_expand level_3'><em class='evcal_time evo_tz_time'><i class='fa fa-clock-o'><\/i>14:30 - 17:30<span class='evo_tz marl5'>(GMT+01:00)<\/span><\/em> <\/span><span class='evoet_tags evo_above_title'><\/span><span class='evoet_eventtypes level_4 evcal_event_types ett1'><em><i class='evofsn'>Of\u00edcio<\/i><\/em><em data-filter=\"event_type\" data-v=\"serigrafia\" data-id=\"124\" class=\"evoetet_val evoet_dataval parent-term evodfx evofxdrr evofxaic\" aria-label=\"serigrafia\">serigrafia<\/em><\/span><\/span><\/span><span class='evoet_data' style='display:none' data-d=\"{&quot;loc.n&quot;:&quot;FICA - Oficina Criativa (NOVO)&quot;,&quot;orgs&quot;:[],&quot;tags&quot;:{&quot;completed&quot;:&quot;passado&quot;}}\" data-bgc=\"#153acf\" data-bggrad=\"\" ><\/span><\/a><\/p><div class='clear end'><\/div><\/div><\/div><div class='evcal_month_line' data-d='eml_7_2026' data-su='1782860400'><p>julho<\/p><\/div><div class='sep_month_events no_event' data-d='eml_7_2026' data-range='1782860400_1785538799'><div class='eventon_list_event no_events'><p class='no_events' >No Events<\/p><\/div><\/div>\t\t\t<\/div>\r\n\t\t\t<\/div><!-- evo_events_list_box -->\t\r\n\t\t\t<div class='clear'><\/div>\r\n\t\t\t\t\t \t<div id='evcal_footer' class='evo_bottom' style='display:none'>\r\n\t\t \t\t<div class='evo_cal_data' data-sc=\"{&quot;accord&quot;:&quot;no&quot;,&quot;bottom_nav&quot;:&quot;no&quot;,&quot;cal_id&quot;:&quot;&quot;,&quot;cal_init_nonajax&quot;:&quot;yes&quot;,&quot;calendar_type&quot;:&quot;list&quot;,&quot;ep_fields&quot;:&quot;&quot;,&quot;etc_override&quot;:&quot;no&quot;,&quot;evc_open&quot;:&quot;no&quot;,&quot;event_count&quot;:0,&quot;event_location&quot;:&quot;all&quot;,&quot;event_order&quot;:&quot;ASC&quot;,&quot;event_organizer&quot;:&quot;all&quot;,&quot;event_parts&quot;:&quot;no&quot;,&quot;event_past_future&quot;:&quot;all&quot;,&quot;event_status&quot;:&quot;all&quot;,&quot;event_tag&quot;:&quot;all&quot;,&quot;event_type&quot;:&quot;124&quot;,&quot;event_type_2&quot;:&quot;all&quot;,&quot;event_virtual&quot;:&quot;all&quot;,&quot;eventtop_date_style&quot;:0,&quot;eventtop_style&quot;:&quot;2&quot;,&quot;exp_jumper&quot;:&quot;no&quot;,&quot;exp_so&quot;:&quot;no&quot;,&quot;filter_relationship&quot;:&quot;AND&quot;,&quot;filter_show_set_only&quot;:&quot;no&quot;,&quot;filter_style&quot;:&quot;default&quot;,&quot;filter_type&quot;:&quot;default&quot;,&quot;filters&quot;:&quot;yes&quot;,&quot;fixed_month&quot;:&quot;4&quot;,&quot;fixed_year&quot;:&quot;2026&quot;,&quot;focus_end_date_range&quot;:&quot;1785538799&quot;,&quot;focus_start_date_range&quot;:&quot;1774998000&quot;,&quot;ft_event_priority&quot;:&quot;no&quot;,&quot;hide_arrows&quot;:&quot;yes&quot;,&quot;hide_cancels&quot;:&quot;no&quot;,&quot;hide_empty_months&quot;:&quot;no&quot;,&quot;hide_end_time&quot;:&quot;no&quot;,&quot;hide_et_dn&quot;:&quot;no&quot;,&quot;hide_et_extra&quot;:&quot;no&quot;,&quot;hide_et_tags&quot;:&quot;no&quot;,&quot;hide_et_tl&quot;:&quot;no&quot;,&quot;hide_ft&quot;:&quot;no&quot;,&quot;hide_ft_img&quot;:&quot;no&quot;,&quot;hide_month_headers&quot;:&quot;no&quot;,&quot;hide_mult_occur&quot;:&quot;no&quot;,&quot;hide_past&quot;:&quot;no&quot;,&quot;hide_past_by&quot;:&quot;ee&quot;,&quot;hide_so&quot;:&quot;yes&quot;,&quot;ics&quot;:&quot;no&quot;,&quot;jumper&quot;:&quot;no&quot;,&quot;jumper_count&quot;:5,&quot;jumper_offset&quot;:&quot;0&quot;,&quot;lang&quot;:&quot;L1&quot;,&quot;layout_changer&quot;:&quot;no&quot;,&quot;livenow_bar&quot;:&quot;yes&quot;,&quot;mapformat&quot;:&quot;roadmap&quot;,&quot;mapiconurl&quot;:&quot;&quot;,&quot;maps_load&quot;:&quot;no&quot;,&quot;mapscroll&quot;:&quot;true&quot;,&quot;mapzoom&quot;:&quot;16&quot;,&quot;members_only&quot;:&quot;no&quot;,&quot;ml_priority&quot;:&quot;no&quot;,&quot;ml_toend&quot;:&quot;no&quot;,&quot;month_incre&quot;:&quot;0&quot;,&quot;number_of_months&quot;:&quot;4&quot;,&quot;only_ft&quot;:&quot;no&quot;,&quot;pec&quot;:&quot;&quot;,&quot;s&quot;:&quot;&quot;,&quot;search&quot;:&quot;&quot;,&quot;search_all&quot;:&quot;no&quot;,&quot;sep_month&quot;:&quot;yes&quot;,&quot;show_et_ft_img&quot;:&quot;no&quot;,&quot;show_limit&quot;:&quot;no&quot;,&quot;show_limit_ajax&quot;:&quot;no&quot;,&quot;show_limit_paged&quot;:1,&quot;show_limit_redir&quot;:&quot;&quot;,&quot;show_repeats&quot;:&quot;no&quot;,&quot;show_search&quot;:&quot;no&quot;,&quot;show_upcoming&quot;:0,&quot;show_year&quot;:&quot;no&quot;,&quot;social_share&quot;:&quot;no&quot;,&quot;sort_by&quot;:&quot;sort_date&quot;,&quot;tile_bg&quot;:&quot;1&quot;,&quot;tile_bg_size&quot;:&quot;full&quot;,&quot;tile_count&quot;:&quot;5&quot;,&quot;tile_height&quot;:&quot;350\\u2033&quot;,&quot;tile_style&quot;:&quot;1\\u2033&quot;,&quot;tiles&quot;:&quot;yes&quot;,&quot;ux_val&quot;:&quot;0&quot;,&quot;view_switcher&quot;:&quot;no&quot;,&quot;wpml_l1&quot;:&quot;&quot;,&quot;wpml_l2&quot;:&quot;&quot;,&quot;wpml_l3&quot;:&quot;&quot;,&quot;x_ids&quot;:&quot;&quot;,&quot;yl_priority&quot;:&quot;no&quot;,&quot;yl_toend&quot;:&quot;no&quot;,&quot;fixed_day&quot;:&quot;29&quot;,&quot;_cver&quot;:&quot;5.0.9&quot;}\" data-filter_data=\"{&quot;event_type&quot;:{&quot;__name&quot;:&quot;Of\\u00edcio&quot;,&quot;__tax&quot;:&quot;event_type&quot;,&quot;__filter_type&quot;:&quot;tax&quot;,&quot;__def_val&quot;:[124],&quot;__invals&quot;:[&quot;124&quot;],&quot;__notvals&quot;:[],&quot;__list&quot;:{&quot;all&quot;:[&quot;all&quot;,&quot;Todos&quot;],&quot;bordado&quot;:[420,&quot;Bordado&quot;,false,&quot;y&quot;,&quot;153acf&quot;],&quot;ceramica&quot;:[128,&quot;ceramica&quot;,false,&quot;y&quot;,&quot;153acf&quot;],&quot;cestaria&quot;:[380,&quot;cestaria&quot;,false,&quot;y&quot;,&quot;153acf&quot;],&quot;curso-ceramica&quot;:[503,&quot;Curso Cer\\u00e2mica&quot;,false,&quot;y&quot;,&quot;153acd&quot;],&quot;encadernacao&quot;:[126,&quot;Encadernacao&quot;,false,&quot;y&quot;,&quot;153acf&quot;],&quot;fabrico-de-papel&quot;:[474,&quot;Fabrico de Papel&quot;,false,&quot;y&quot;,&quot;&quot;],&quot;fibra-natural&quot;:[499,&quot;Fibra Natural&quot;,false,&quot;y&quot;,&quot;&quot;],&quot;linogravura&quot;:[456,&quot;Linogravura&quot;,false,&quot;y&quot;,&quot;&quot;],&quot;marcenaria&quot;:[123,&quot;Marcenaria&quot;,false,&quot;y&quot;,&quot;153acf&quot;],&quot;marchetaria&quot;:[506,&quot;Marchetaria&quot;,false,&quot;y&quot;,&quot;&quot;],&quot;marmoreado&quot;:[381,&quot;marmoreado&quot;,false,&quot;y&quot;,&quot;ff8080&quot;],&quot;risografia&quot;:[125,&quot;Risografia&quot;,false,&quot;y&quot;,&quot;&quot;],&quot;serigrafia&quot;:[124,&quot;serigrafia&quot;,false,&quot;y&quot;,&quot;153acf&quot;],&quot;tapecaria&quot;:[140,&quot;Tape\\u00e7aria&quot;,false,&quot;y&quot;,&quot;153acf&quot;],&quot;tecelagem&quot;:[382,&quot;Tecelagem&quot;,false,&quot;y&quot;,&quot;153acf&quot;],&quot;textil&quot;:[165,&quot;T\\u00eaxtil&quot;,false,&quot;y&quot;,&quot;153acf&quot;],&quot;tinturaria-natural&quot;:[386,&quot;Tinturaria&quot;,false,&quot;y&quot;,&quot;153acf&quot;],&quot;tinturaria-serigrafia&quot;:[455,&quot;Tinturaria Natural + Serigrafia&quot;,false,&quot;y&quot;,&quot;153acf&quot;],&quot;xilogravura&quot;:[143,&quot;Xilogravura&quot;,false,&quot;y&quot;,&quot;153acf&quot;]},&quot;nterms&quot;:[124],&quot;tterms&quot;:[124],&quot;terms&quot;:[124]}}\" data-nav_data=\"{&quot;month_title&quot;:&quot;&lt;p id=&#039;evcal_cur&#039; class=&#039;evo_month_title padr10&#039;&gt; abril, 2026&lt;\\\/p&gt;&quot;}\" data-od=\"{&quot;lang_no_events&quot;:&quot;No Events&quot;,&quot;cal_tz_offset&quot;:60,&quot;cal_tz&quot;:&quot;Europe\\\/Lisbon&quot;}\" ><\/div>\r\n\t\t \t\t<div class='evo_cal_events' data-events=\"\"><\/div>\r\n\t\t \t<\/div>\r\n\t\t\t\t\r\n\t\t\t\r\n\t\t\t\t\t\t<\/div><!-- EventON End -->\r\n\t\t\t<\/p>\n<\/div>\n<\/div>\n<\/div>\n\n\n\n<div style=\"height:50px\" aria-hidden=\"true\" class=\"wp-block-spacer\"><\/div>\n\n\n\n<div class=\"wp-block-buttons is-content-justification-center is-layout-flex wp-container-core-buttons-is-layout-d9a36c2f wp-block-buttons-is-layout-flex\">\n<div class=\"wp-block-button is-style-outline is-style-outline--8\"><a class=\"wp-block-button__link has-custom-l-grey-fica-color has-custom-d-blue-fica-background-color has-text-color has-background has-link-color has-text-align-center has-small-font-size has-custom-font-size wp-element-button\" href=\"http:\/\/fica-oc.pt\/workshops\" style=\"border-style:none;border-width:0px;border-radius:68px\"><strong>VER TODOS OS WORKSHOPS<\/strong><\/a><\/div>\n<\/div>\n\n\n\n<div style=\"height:50px\" aria-hidden=\"true\" class=\"wp-block-spacer\"><\/div>\n\n\n\n<div class=\"wp-block-group alignfull is-layout-constrained wp-block-group-is-layout-constrained\" style=\"padding-top:0;padding-bottom:0\">\n<div class=\"wp-block-columns alignfull has-custom-red-fica-background-color has-background is-layout-flex wp-container-core-columns-is-layout-1fc721ab wp-block-columns-is-layout-flex\" style=\"padding-top:var(--wp--preset--spacing--50);padding-bottom:var(--wp--preset--spacing--50)\">\n<div class=\"wp-block-column is-layout-flow wp-container-core-column-is-layout-7c874152 wp-block-column-is-layout-flow\">\n<p class=\"has-text-align-center has-secondary-color has-text-color has-link-color has-medium-font-size wp-elements-4be29b137f6b155cdf411ff3fd24e00f wp-block-paragraph\" style=\"padding-top:0px;font-style:normal;font-weight:700;line-height:1;text-transform:uppercase\">Mais workshops de Serigrafia a anunciar em breve<\/p>\n<\/div>\n<\/div>\n\n\n\n<div class=\"wp-block-columns alignfull are-vertically-aligned-center has-custom-blue-fica-background-color has-background is-layout-flex wp-container-core-columns-is-layout-e4f076ea wp-block-columns-is-layout-flex\" style=\"margin-top:0;margin-bottom:0;padding-top:30px;padding-right:20px;padding-bottom:30px;padding-left:20px\">\n<div class=\"wp-block-column is-vertically-aligned-center is-layout-constrained wp-block-column-is-layout-constrained\" style=\"flex-basis:25%\">\n<h3 class=\"wp-block-heading has-text-align-center alignwide has-secondary-color has-text-color has-link-color wp-elements-fd35c982cae38200ea40b7171ae88ae7\" id=\"newsletter\" style=\"font-style:normal;font-weight:700;text-transform:uppercase\">newsletter<\/h3>\n<\/div>\n\n\n\n<div class=\"wp-block-column is-vertically-aligned-center is-content-justification-center is-layout-constrained wp-container-core-column-is-layout-7d7ffea4 wp-block-column-is-layout-constrained\" style=\"padding-top:20px;padding-right:20px;padding-bottom:20px;padding-left:20px;flex-basis:50%\">\n<div style=\"height:15px\" aria-hidden=\"true\" class=\"wp-block-spacer\"><\/div>\n\n\n\n<p class=\"has-text-align-center has-secondary-color has-text-color has-link-color has-small-font-size wp-elements-e8f1466040b52e74e2ad62181a7a10df wp-block-paragraph\" style=\"padding-top:0px;font-style:normal;font-weight:500;line-height:1.1\">Caso queiras saber em primeira m\u00e3o, o calend\u00e1rio de workshops dos pr\u00f3ximos meses, subscreve a nossa newsletter<\/p>\n\n\n\n<div style=\"height:15px\" aria-hidden=\"true\" class=\"wp-block-spacer\"><\/div>\n<\/div>\n\n\n\n<div class=\"wp-block-column is-vertically-aligned-center is-layout-flow wp-block-column-is-layout-flow\" style=\"flex-basis:25%\">\n<div class=\"wp-block-buttons is-vertical is-content-justification-center is-layout-flex wp-container-core-buttons-is-layout-5220c5b5 wp-block-buttons-is-layout-flex\">\n<div class=\"wp-block-button is-style-outline is-style-outline--9\"><a class=\"wp-block-button__link has-custom-d-blue-fica-color has-secondary-background-color has-text-color has-background has-link-color has-small-font-size has-custom-font-size wp-element-button\" href=\"http:\/\/fica-oc.pt\/newsletter\" style=\"border-style:none;border-width:0px;border-radius:0px;padding-top:25px;padding-bottom:25px;font-style:normal;font-weight:700\"><strong>subscrever<\/strong><\/a><\/div>\n<\/div>\n<\/div>\n<\/div>\n<\/div>\n\n\n\n<div style=\"height:60px\" aria-hidden=\"true\" class=\"wp-block-spacer\"><\/div>\n\n\n\n<div class=\"wp-block-group alignwide is-layout-constrained wp-block-group-is-layout-constrained\">\n<div class=\"wp-block-columns alignwide is-layout-flex wp-container-core-columns-is-layout-1a9244c7 wp-block-columns-is-layout-flex\">\n<div class=\"wp-block-column is-layout-flow wp-block-column-is-layout-flow\">\n<div class=\"wp-block-group alignfull is-layout-constrained wp-block-group-is-layout-constrained\" style=\"margin-top:0;margin-bottom:0\">\n<div class=\"wp-block-columns alignwide is-layout-flex wp-container-core-columns-is-layout-941e1840 wp-block-columns-is-layout-flex\">\n<div class=\"wp-block-column is-layout-flow wp-block-column-is-layout-flow\">\n<div class=\"wp-block-columns has-secondary-color has-custom-d-blue-fica-background-color has-text-color has-background has-link-color wp-elements-f007333006b24acca4f1d4d37ee53333 is-layout-flex wp-container-core-columns-is-layout-3dc05920 wp-block-columns-is-layout-flex\" style=\"border-radius:10px;padding-top:var(--wp--preset--spacing--60);padding-bottom:var(--wp--preset--spacing--60)\">\n<div class=\"wp-block-column is-layout-flow wp-block-column-is-layout-flow\">\n<h3 id=\"outros-workshops\" class=\"wp-block-heading\" style=\"font-style:normal;font-weight:700\">Servi\u00e7os de Serigrafia<\/h3>\n\n\n\n<p class=\"wp-block-paragraph\" style=\"padding-bottom:var(--wp--preset--spacing--40);font-style:normal;font-weight:500\">Para al\u00e9m de forma\u00e7\u00f5es, temos v\u00e1rios tipos de servi\u00e7os de serigrafia, incluindo impress\u00e3o, exposi\u00e7\u00e3o de telas, bem como impress\u00e3o de fotolitos de qualidade superior.<\/p>\n\n\n\n<div class=\"wp-block-buttons is-content-justification-left is-layout-flex wp-container-core-buttons-is-layout-6e7df03b wp-block-buttons-is-layout-flex\">\n<div class=\"wp-block-button is-style-outline is-style-outline--10\"><a class=\"wp-block-button__link has-custom-d-blue-fica-color has-secondary-background-color has-text-color has-background has-link-color has-text-align-center has-tiny-font-size has-custom-font-size wp-element-button\" href=\"https:\/\/fica-oc.pt\/servicos-de-serigrafia\/\" style=\"border-style:none;border-width:0px;border-radius:50px\"><strong>Servi\u00e7os de Serigrafia<\/strong><\/a><\/div>\n<\/div>\n<\/div>\n<\/div>\n<\/div>\n\n\n\n<div class=\"wp-block-column is-layout-flow wp-block-column-is-layout-flow\" style=\"padding-top:0;padding-bottom:0\">\n<div class=\"wp-block-columns has-secondary-color has-custom-red-fica-background-color has-text-color has-background has-link-color wp-elements-af9d94eafef9f5a744dcbbf2ab15dac8 is-layout-flex wp-container-core-columns-is-layout-3dc05920 wp-block-columns-is-layout-flex\" style=\"border-radius:10px;padding-top:var(--wp--preset--spacing--60);padding-bottom:var(--wp--preset--spacing--60)\">\n<div class=\"wp-block-column is-layout-flow wp-block-column-is-layout-flow\">\n<h3 id=\"ginasio-de-oficios\" class=\"wp-block-heading\" style=\"font-style:normal;font-weight:700\">Gin\u00e1sio de Of\u00edcios<\/h3>\n\n\n\n<p class=\"wp-block-paragraph\" style=\"padding-bottom:var(--wp--preset--spacing--40);font-style:normal;font-weight:500\">O Gin\u00e1sio \u00e9 o modo oficina aberta da FICA. Aqui podes usufruir de um espa\u00e7o, com equipamento e ferramentas, para continuar a produzir as tuas serigrafias individualmente.<\/p>\n\n\n\n<div class=\"wp-block-buttons is-content-justification-left is-layout-flex wp-container-core-buttons-is-layout-6e7df03b wp-block-buttons-is-layout-flex\">\n<div class=\"wp-block-button is-style-outline is-style-outline--11\"><a class=\"wp-block-button__link has-custom-d-blue-fica-color has-secondary-background-color has-text-color has-background has-link-color has-text-align-center has-tiny-font-size has-custom-font-size wp-element-button\" href=\"https:\/\/fica-oc.pt\/ginasio-de-oficios\/\" style=\"border-style:none;border-width:0px;border-radius:50px\"><strong>O que \u00e9 o Gin\u00e1sio de Of\u00edcios?<\/strong><\/a><\/div>\n<\/div>\n<\/div>\n<\/div>\n<\/div>\n<\/div>\n<\/div>\n<\/div>\n<\/div>\n<\/div>\n\n\n\n<div style=\"height:30px\" aria-hidden=\"true\" class=\"wp-block-spacer\"><\/div>\n\n\n\n<hr class=\"wp-block-separator alignfull has-text-color has-custom-d-grey-fica-color has-alpha-channel-opacity has-custom-d-grey-fica-background-color has-background is-style-wide\"\/>\n\n\n\n<div class=\"wp-block-group alignfull is-layout-constrained wp-block-group-is-layout-constrained\">\n<h3 class=\"wp-block-heading has-text-align-center alignwide has-medium-font-size\" id=\"condicoes-de-inscricao-e-pagamento\" style=\"font-style:normal;font-weight:700;text-transform:uppercase\">Condi\u00e7\u00f5es de Inscri\u00e7\u00e3o e Pagamento<\/h3>\n\n\n\n<div style=\"height:30px\" aria-hidden=\"true\" class=\"wp-block-spacer\"><\/div>\n\n\n\n<div class=\"wp-block-columns alignfull is-layout-flex wp-container-core-columns-is-layout-1a9244c7 wp-block-columns-is-layout-flex\">\n<div class=\"wp-block-column is-layout-flow wp-block-column-is-layout-flow\">\n<h4 id=\"reservas\" class=\"wp-block-heading has-regular-font-size\" style=\"font-style:normal;font-weight:500\">Reservas<\/h4>\n\n\n\n<p class=\"has-tiny-font-size wp-block-paragraph\">N\u00e3o fazemos reservas de inscri\u00e7\u00f5es para forma\u00e7\u00f5es futuras. Se quiseres saber em primeira m\u00e3o, as forma\u00e7\u00f5es do m\u00eas seguinte, deves subscrever a nossa <a href=\"https:\/\/fica-oc.pt\/newsletter\/\" target=\"_blank\" rel=\"noreferrer noopener\">Newsletter<\/a> \u2014&nbsp;Nos primeiros dias, ap\u00f3s a divulga\u00e7\u00e3o da newsletter, apenas \u00e9 poss\u00edvel realizar inscri\u00e7\u00f5es nos workshops a partir dos links dispon\u00edveis na newsletter. Ap\u00f3s esse per\u00edodo, estar\u00e3o dispon\u00edveis publicamente nesta p\u00e1gina.<\/p>\n\n\n\n<h4 id=\"lista-de-espera\" class=\"wp-block-heading has-regular-font-size\" style=\"font-style:normal;font-weight:500\">Lista de Espera<\/h4>\n\n\n\n<p class=\"has-tiny-font-size wp-block-paragraph\">Eventualmente poder\u00e3o ocorrer cancelamentos. Se a forma\u00e7\u00e3o que pretendes estiver esgotada e quiseres receber um alerta em caso de desist\u00eancias, envia e-mail para workshop@fica-oc.pt, com o assunto \u2018lista de espera-nome do workshop\u2018, indicando o teu nome, contacto telef\u00f3nico e dia do workshop. Se houver uma desist\u00eancia para esse workshop espec\u00edfico, avisamos-te.<\/p>\n\n\n\n<h4 id=\"n-de-formandos\" class=\"wp-block-heading has-regular-font-size\" style=\"font-style:normal;font-weight:500\">N\u00ba de Formandos<\/h4>\n\n\n\n<p class=\"has-tiny-font-size wp-block-paragraph\">Os workshops t\u00eam um n\u00famero m\u00ednimo\/m\u00e1ximo de participantes, bem como idade m\u00ednima de participa\u00e7\u00e3o. Todas as informa\u00e7\u00f5es est\u00e3o indicadas em cada workshop (link do evento).<br>De acordo com os nossos termos e condi\u00e7\u00f5es, a forma\u00e7\u00e3o pode ser cancelada caso n\u00e3o esteja reunido o n\u00famero m\u00ednimo de formandos. A FICA tem o direito de cancelar ou adiar qualquer forma\u00e7\u00e3o que n\u00e3o re\u00fana o n\u00famero m\u00ednimo de participantes (indicado em cada um dos workshops) e \u00e9 respons\u00e1vel por, voltar a marcar outra data ou pelo reembolso das inscri\u00e7\u00f5es pagas (A Fica n\u00e3o se responsabiliza pela devolu\u00e7\u00e3o das taxas de PayPal).<br>Sabe mais nos <a href=\"https:\/\/fica-oc.pt\/termos-e-condicoes\/\">termos e condi\u00e7\u00f5es<\/a>&nbsp;do site.<\/p>\n<\/div>\n\n\n\n<div class=\"wp-block-column is-layout-flow wp-block-column-is-layout-flow\" style=\"flex-basis:2%\"><\/div>\n\n\n\n<div class=\"wp-block-column is-layout-flow wp-block-column-is-layout-flow\">\n<h4 id=\"cancelamento-da-inscricao\" class=\"wp-block-heading has-regular-font-size\" style=\"font-style:normal;font-weight:500\">Cancelamento da inscri\u00e7\u00e3o<\/h4>\n\n\n\n<p class=\"has-tiny-font-size wp-block-paragraph\">IMPORTANTE \u2013 O cancelamento\/adiamento\/reembolso de inscri\u00e7\u00f5es (incluindo inscri\u00e7\u00f5es com cheque oferta) apenas \u00e9 permitido se nos avisares com 7 dias de anteced\u00eancia m\u00ednima do in\u00edcio do workshop.<\/p>\n\n\n\n<p class=\"has-tiny-font-size wp-block-paragraph\">Qualquer cancelamento com menos de 7 dias de anteced\u00eancia, faremos o poss\u00edvel para preencher a tua vaga, no entanto, o adiamento (ou colocar o valor em cheque oferta) s\u00f3 pode ser realizado se a tua vaga for preenchida.<\/p>\n\n\n\n<p class=\"has-tiny-font-size wp-block-paragraph\">Caso o formando tenha falta de compar\u00eancia a uma ou mais sess\u00f5es de uma forma\u00e7\u00e3o, a FICA n\u00e3o tem responsabilidade em substituir ou compensar essa sess\u00e3o. Em qualquer desist\u00eancia durante uma forma\u00e7\u00e3o, o formando n\u00e3o ter\u00e1 direito ao reembolso da inscri\u00e7\u00e3o paga.<\/p>\n\n\n\n<p class=\"has-tiny-font-size wp-block-paragraph\">Para cancelar\/adiar\/reembolso, deves enviar e-mail para workshop@fica-oc.pt indicando o n\u00famero de encomenda. Sabe mais nos <a href=\"https:\/\/fica-oc.pt\/termos-e-condicoes\/\" target=\"_blank\" rel=\"noreferrer noopener\">termos e condi\u00e7\u00f5es<\/a> do site.<br>A FICA tem o direito de cancelar ou adiar qualquer forma\u00e7\u00e3o que n\u00e3o re\u00fana o n\u00famero m\u00ednimo de participantes indicado e \u00e9 respons\u00e1vel por, voltar a marcar outra data ou pelo reembolso das inscri\u00e7\u00f5es pagas (A Fica n\u00e3o se responsabiliza pela devolu\u00e7\u00e3o das taxas de PayPal).<\/p>\n\n\n\n<h4 id=\"sabe-mais-sobre-os-termos-e-condicoes\" class=\"wp-block-heading has-medium-font-size\"><a href=\"https:\/\/fica-oc.pt\/termos-e-condicoes\/\">SABE MAIS SOBRE OS TERMOS E CONDI\u00c7\u00d5ES<\/a><\/h4>\n<\/div>\n<\/div>\n<\/div>\n\n\n\n<div style=\"height:60px\" aria-hidden=\"true\" class=\"wp-block-spacer\"><\/div>\n","protected":false},"excerpt":{"rendered":"<p>Screen Printing Workshops Screen printing stands out as one of our main techniques, in addition to ceramics and woodworking. Therefore, screen printing workshops are held regularly. They take place monthly, with times varying from month to month. weekdays - Saturdays morning - afternoon - after work The screen printing workshops take place on weekdays.<\/p>","protected":false},"author":1,"featured_media":0,"parent":0,"menu_order":0,"comment_status":"closed","ping_status":"closed","template":"","meta":{"_crdt_document":"","footnotes":""},"class_list":["post-29265","page","type-page","status-publish","hentry"],"_links":{"self":[{"href":"https:\/\/fica-oc.pt\/en\/wp-json\/wp\/v2\/pages\/29265","targetHints":{"allow":["GET"]}}],"collection":[{"href":"https:\/\/fica-oc.pt\/en\/wp-json\/wp\/v2\/pages"}],"about":[{"href":"https:\/\/fica-oc.pt\/en\/wp-json\/wp\/v2\/types\/page"}],"author":[{"embeddable":true,"href":"https:\/\/fica-oc.pt\/en\/wp-json\/wp\/v2\/users\/1"}],"replies":[{"embeddable":true,"href":"https:\/\/fica-oc.pt\/en\/wp-json\/wp\/v2\/comments?post=29265"}],"version-history":[{"count":10,"href":"https:\/\/fica-oc.pt\/en\/wp-json\/wp\/v2\/pages\/29265\/revisions"}],"predecessor-version":[{"id":44877,"href":"https:\/\/fica-oc.pt\/en\/wp-json\/wp\/v2\/pages\/29265\/revisions\/44877"}],"wp:attachment":[{"href":"https:\/\/fica-oc.pt\/en\/wp-json\/wp\/v2\/media?parent=29265"}],"curies":[{"name":"wp","href":"https:\/\/api.w.org\/{rel}","templated":true}]}}