{"id":44979,"date":"2026-03-23T15:16:50","date_gmt":"2026-03-23T15:16:50","guid":{"rendered":"https:\/\/fica-oc.pt\/?page_id=44979"},"modified":"2026-03-30T15:02:13","modified_gmt":"2026-03-30T15:02:13","slug":"ceramics-course-2","status":"publish","type":"page","link":"https:\/\/fica-oc.pt\/en\/curso-de-ceramica\/","title":{"rendered":"Ceramics course"},"content":{"rendered":"\n<div style=\"height:60px\" aria-hidden=\"true\" class=\"wp-block-spacer\"><\/div>\n\n\n\n<div class=\"wp-block-group alignfull is-layout-constrained wp-container-core-group-is-layout-68e6aeda wp-block-group-is-layout-constrained\" style=\"margin-top:0;margin-bottom:0\">\n<div class=\"wp-block-columns is-layout-flex wp-container-core-columns-is-layout-04f11067 wp-block-columns-is-layout-flex\" style=\"margin-top:0;margin-bottom:0;padding-right:var(--wp--preset--spacing--80);padding-left:var(--wp--preset--spacing--80)\">\n<div class=\"wp-block-column is-layout-flow wp-container-core-column-is-layout-c5fbc5c1 wp-block-column-is-layout-flow\" style=\"padding-top:0;padding-right:var(--wp--preset--spacing--30);padding-bottom:0;padding-left:var(--wp--preset--spacing--30)\">\n<div class=\"wp-block-columns has-custom-blue-fica-background-color has-background is-layout-flex wp-container-core-columns-is-layout-b81e679e wp-block-columns-is-layout-flex\" style=\"border-radius:100px;margin-top:var(--wp--preset--spacing--20);margin-bottom:var(--wp--preset--spacing--20);padding-top:2px;padding-right:0;padding-bottom:2px;padding-left:0\">\n<div class=\"wp-block-column is-layout-flow wp-block-column-is-layout-flow\" style=\"padding-right:0;padding-left:0\">\n<p class=\"has-text-align-center has-secondary-color has-text-color has-link-color has-tiny-font-size wp-elements-6a77ac20ca4a82b1d78a7cbab84fb461 wp-block-paragraph\" style=\"font-style:normal;font-weight:700\">Cer\u00e2mica<\/p>\n<\/div>\n<\/div>\n<\/div>\n<\/div>\n\n\n\n<div style=\"height:20px\" aria-hidden=\"true\" class=\"wp-block-spacer\"><\/div>\n\n\n\n<div class=\"wp-block-columns alignwide is-layout-flex wp-container-core-columns-is-layout-2a25a130 wp-block-columns-is-layout-flex\" style=\"margin-top:0;margin-bottom:0;padding-top:0;padding-right:0;padding-bottom:0;padding-left:0\">\n<div class=\"wp-block-column is-layout-flow wp-container-core-column-is-layout-7c874152 wp-block-column-is-layout-flow\">\n<h1 class=\"wp-block-heading has-text-align-center alignwide has-extra-large-font-size\" id=\"workshop-s-de-ceramica\" style=\"padding-bottom:var(--wp--preset--spacing--20);font-style:normal;font-weight:700;text-transform:uppercase\">Curso de Cer\u00e2mica em Lisboa<\/h1>\n\n\n\n<p class=\"has-text-align-center has-medium-font-size wp-block-paragraph\">Oficina de Cer\u00e2mica com 4 sess\u00f5es<\/p>\n<\/div>\n<\/div>\n\n\n\n<div style=\"height:30px\" aria-hidden=\"true\" class=\"wp-block-spacer\"><\/div>\n\n\n\n<div class=\"wp-block-columns alignwide is-layout-flex wp-container-core-columns-is-layout-1a9244c7 wp-block-columns-is-layout-flex\">\n<div class=\"wp-block-column is-layout-flow wp-block-column-is-layout-flow\">\n<p class=\"wp-block-paragraph\">Este curso de cer\u00e2mica em Lisboa, na FICA Oficina Criativa, \u00e9 uma abordagem onde vais desenvolver uma rela\u00e7\u00e3o mais consistente com o barro. A <strong>OFICINA DE CER\u00c2MICA<\/strong>, com 4 sess\u00f5es e 11 horas de forma\u00e7\u00e3o, \u00e9 uma proposta completa para quem quer explorar mais a cer\u00e2mica e compreender melhor o seu processo de transforma\u00e7\u00e3o.<\/p>\n<\/div>\n<\/div>\n\n\n\n<div style=\"height:30px\" aria-hidden=\"true\" class=\"wp-block-spacer\"><\/div>\n\n\n\n<div class=\"wp-block-columns alignwide are-vertically-aligned-top is-layout-flex wp-container-core-columns-is-layout-45059e1c wp-block-columns-is-layout-flex\">\n<div class=\"wp-block-column is-vertically-aligned-top has-custom-css is-layout-flow wp-container-core-column-is-layout-d07000de wp-block-column-is-layout-flow wp-custom-css-f6246762\" style=\"padding-top:var(--wp--preset--spacing--20);padding-bottom:var(--wp--preset--spacing--20)\">\n<svg width=\"100\" height=\"100\" style=\"display:block;margin:auto;\"> <svg xmlns=\"http:\/\/www.w3.org\/2000\/svg\" viewBox=\"0 0 34.56 13.46\"><circle cx=\"4.92\" cy=\"2.5\" r=\"2\" fill=\"none\" stroke=\"#000\" stroke-miterlimit=\"10\"\/><path fill=\"none\" stroke=\"#000\" stroke-miterlimit=\"10\" d=\"M3.31 5.45h3.22c1.55 0 2.81 1.26 2.81 2.81v4.7H.5v-4.7c0-1.55 1.26-2.81 2.81-2.81ZM2.35 7.89v5.07M7.5 7.89v5.07\"\/><circle cx=\"17.28\" cy=\"2.5\" r=\"2\" fill=\"none\" stroke=\"#000\" stroke-miterlimit=\"10\"\/><path fill=\"none\" stroke=\"#000\" stroke-miterlimit=\"10\" d=\"M15.67 5.45h3.22c1.55 0 2.81 1.26 2.81 2.81v4.7h-8.84v-4.7c0-1.55 1.26-2.81 2.81-2.81ZM14.7 7.89v5.07M19.85 7.89v5.07\"\/><circle cx=\"29.64\" cy=\"2.5\" r=\"2\" fill=\"none\" stroke=\"#000\" stroke-miterlimit=\"10\"\/><path fill=\"none\" stroke=\"#000\" stroke-miterlimit=\"10\" d=\"M28.03 5.45h3.22c1.55 0 2.81 1.26 2.81 2.81v4.7h-8.84v-4.7c0-1.55 1.26-2.81 2.81-2.81ZM27.06 7.89v5.07M32.21 7.89v5.07\"\/><\/svg>\n\n\n\n<p class=\"has-text-align-center has-regular-font-size wp-block-paragraph\" style=\"font-style:normal;font-weight:700\">Vagas Limitadas<\/p>\n\n\n\n<p class=\"has-text-align-center wp-block-paragraph\" style=\"padding-top:var(--wp--preset--spacing--20)\">Cada turma da oficina de cer\u00e2mica \u00e9 constitu\u00edda at\u00e9 9 participantes.<\/p>\n<\/div>\n\n\n\n<div class=\"wp-block-column is-vertically-aligned-top is-layout-flow wp-container-core-column-is-layout-d07000de wp-block-column-is-layout-flow\" style=\"padding-top:var(--wp--preset--spacing--20);padding-bottom:var(--wp--preset--spacing--20)\">\n<svg width=\"65\" height=\"100\" style=\"display:block;margin:auto;\"> <svg xmlns=\"http:\/\/www.w3.org\/2000\/svg\" viewBox=\"0 0 9.77 13.17\"><path fill=\"#f00000\" stroke=\"#000\" stroke-width=\".5\" d=\"M4.32.25c.17 0 .32.14.31.32 0 .55 0 1.65.11 2.1.17.64 1.23 2.61 1.27 2.68.19.39 1.36 2.24 1.36 3.74 0 2.24-.96 3.38-1.31 3.72-.08.07-.18.12-.28.12H2.03c-.11 0-.21-.04-.28-.12C1.4 12.46.44 11.33.44 9.09c0-1.5 1.17-3.34 1.36-3.74.04-.07 1.1-2.04 1.27-2.68.12-.45.12-1.55.11-2.1 0-.17.14-.32.31-.32h.82Z\" opacity=\".1\"><\/path><path fill=\"#f00000\" stroke=\"#000\" stroke-width=\".5\" d=\"M4.32.25c.17 0 .32.14.31.32 0 .55 0 1.65.11 2.1.17.64 1.23 2.61 1.27 2.68.19.39 1.36 2.24 1.36 3.74 0 2.24-.96 3.38-1.31 3.72-.08.07-.18.12-.28.12H2.03c-.11 0-.21-.04-.28-.12C1.4 12.46.44 11.33.44 9.09c0-1.5 1.17-3.34 1.36-3.74.04-.07 1.1-2.04 1.27-2.68.12-.45.12-1.55.11-2.1 0-.17.14-.32.31-.32h.82Z\"><\/path><path fill=\"none\" stroke=\"#fff\" stroke-linecap=\"round\" stroke-width=\".25\" d=\"M3.77 2.79c.07-.32.07-.62.07-.84M1.36 9.08c0-1.5 1.17-3.34 1.36-3.74M6.13 10.87c.13-.3.19-.59.23-.81\"><\/path><path fill=\"none\" stroke=\"#000\" stroke-linecap=\"round\" stroke-width=\".15\" d=\"m1.47 2.64-.78-.77M1.02 3.16l-.95-.55M8.49 7.1l1.02-.39M8.61 7.76l1.08-.1M8.2 6.47l.91-.62\"><\/path><\/svg><\/svg>\n\n\n\n<p class=\"has-text-align-center has-regular-font-size wp-block-paragraph\" style=\"font-style:normal;font-weight:700\">Materiais Inclu\u00eddos<\/p>\n\n\n\n<p class=\"has-text-align-center wp-block-paragraph\" style=\"padding-top:var(--wp--preset--spacing--20)\">Todo o material necess\u00e1rio para a oficina est\u00e1 dispon\u00edvel, assim como cozeduras.<\/p>\n<\/div>\n\n\n\n<div class=\"wp-block-column is-vertically-aligned-top is-layout-flow wp-container-core-column-is-layout-d07000de wp-block-column-is-layout-flow\" style=\"padding-top:var(--wp--preset--spacing--20);padding-bottom:var(--wp--preset--spacing--20)\">\n<svg width=\"100\" height=\"100\" style=\"display:block;margin:auto;\"> <svg xmlns=\"http:\/\/www.w3.org\/2000\/svg\" viewBox=\"0 0 35 12.69\"><path fill=\"none\" stroke=\"#000\" stroke-miterlimit=\"10\" d=\"M0 4.75h2.39C3 3.51 3.53.5 5.61.5h.41M6.02 2.65h8.34c.68 0 1.23.55 1.23 1.23s-.52 1.2-1.17 1.23H8.68h6.68c.73 0 1.32.59 1.32 1.32s-.59 1.32-1.32 1.32H8.79h5.63c.64 0 1.17.52 1.17 1.17s-.49 1.13-1.11 1.17H8.74h4.48a1.05 1.05 0 1 1 0 2.1H5.73c-1.33 0-2.5-.7-3.15-1.75H0\"\/><path fill=\"none\" stroke=\"#000\" stroke-miterlimit=\"10\" d=\"M6.02.5h2.5a1.071 1.071 0 0 1 0 2.14h-2.5M35 4.75h-2.21C32.18 3.51 31.65.5 29.57.5h-.41M29.17 2.65h-8.34c-.68 0-1.23.55-1.23 1.23s.52 1.2 1.17 1.23h5.74-6.68c-.73 0-1.32.59-1.32 1.32s.59 1.32 1.32 1.32h6.57-5.63c-.64 0-1.17.52-1.17 1.17s.49 1.13 1.11 1.17h5.74-4.48a1.05 1.05 0 1 0 0 2.1h7.49c1.33 0 2.5-.7 3.15-1.75h2.41\"\/><path fill=\"none\" stroke=\"#000\" stroke-miterlimit=\"10\" d=\"M29.17.5h-2.5a1.071 1.071 0 0 0 0 2.14h2.5\"\/><\/svg>\n\n\n\n<p class=\"has-text-align-center has-regular-font-size wp-block-paragraph\" style=\"font-style:normal;font-weight:700\">Experi\u00eancia Necess\u00e1ria<\/p>\n\n\n\n<p class=\"has-text-align-center wp-block-paragraph\" style=\"padding-top:var(--wp--preset--spacing--20)\">N\u00e3o \u00e9 preciso conhecimentos ou experi\u00eancia pr\u00e9via. Podes vir aprender pela primeira vez<\/p>\n<\/div>\n\n\n\n<div class=\"wp-block-column is-vertically-aligned-top is-layout-flow wp-container-core-column-is-layout-d07000de wp-block-column-is-layout-flow\" style=\"padding-top:var(--wp--preset--spacing--20);padding-bottom:var(--wp--preset--spacing--20)\">\n<svg width=\"80\" height=\"100\" style=\"display:block;margin:auto;\"> <svg xmlns=\"http:\/\/www.w3.org\/2000\/svg\" viewBox=\"0 0 12.89 12.89\"><path fill=\"none\" stroke=\"#000\" stroke-linecap=\"round\" stroke-width=\".7\" d=\"M.35 6.44C.35 3.08 3.08.35 6.44.35s6.09 2.73 6.09 6.09-2.73 6.09-6.09 6.09A6.1 6.1 0 0 1 1.3 9.71\"\/><path d=\"M3.02 10.35 1.4 9.89l-.46 1.62-.49-.89.47-1.61 1.61.46z\"\/><path fill=\"none\" stroke=\"#000\" stroke-linecap=\"round\" stroke-width=\".46\" d=\"M6.44 2.1v-.68M6.44 11.47v-.69M2.1 6.44h-.68M11.47 6.44h-.69M9.51 3.37l.48-.48M3.37 3.37l-.48-.48M9.99 9.99l-.48-.48\"\/><path fill=\"none\" stroke=\"#000\" stroke-linecap=\"round\" stroke-width=\".5\" d=\"M6.44 6.44V4.23M6.44 6.44l2.31 2.31\"\/><\/svg>\n\n\n\n<p class=\"has-text-align-center has-regular-font-size wp-block-paragraph\" style=\"font-style:normal;font-weight:700\">Dura\u00e7\u00e3o<\/p>\n\n\n\n<p class=\"has-text-align-center wp-block-paragraph\" style=\"padding-top:var(--wp--preset--spacing--20)\">O curso tem a dura\u00e7\u00e3o de 11 horas, divididas em 4 sess\u00f5es (uma por semana)<\/p>\n<\/div>\n<\/div>\n\n\n\n<div style=\"height:50px\" aria-hidden=\"true\" class=\"wp-block-spacer\"><\/div>\n\n\n\n<div class=\"wp-block-columns alignwide is-layout-flex wp-container-core-columns-is-layout-1a9244c7 wp-block-columns-is-layout-flex\">\n<div class=\"wp-block-column is-layout-flow wp-container-core-column-is-layout-7c874152 wp-block-column-is-layout-flow\">\n<p class=\"has-text-align-center has-regular-font-size wp-block-paragraph\" style=\"padding-top:var(--wp--preset--spacing--40);font-style:normal;font-weight:700;text-transform:uppercase\"><a href=\"#o-que-vais-aprender\" data-type=\"internal\" data-id=\"#o-que-vais-aprender\">\u276f o que vais aprender no curso de cer\u00e2mica<\/a><\/p>\n\n\n\n<p class=\"has-text-align-center has-regular-font-size wp-block-paragraph\" style=\"padding-top:var(--wp--preset--spacing--30);font-style:normal;font-weight:700;text-transform:uppercase\"><a href=\"#formadoras-curso-ceramica\" data-type=\"internal\" data-id=\"#formadoras-curso-ceramica\">\u276f as formadoras<\/a><\/p>\n\n\n\n<p class=\"has-text-align-center has-regular-font-size wp-block-paragraph\" style=\"padding-top:var(--wp--preset--spacing--30);font-style:normal;font-weight:700;text-transform:uppercase\"><a href=\"#reviews-curso-ceramica\" data-type=\"internal\" data-id=\"#reviews-curso-ceramica\">\u276f ver reviews do curso de cer\u00e2mica<\/a><\/p>\n<\/div>\n<\/div>\n\n\n\n<div style=\"height:40px\" aria-hidden=\"true\" class=\"wp-block-spacer\"><\/div>\n\n\n\n<div class=\"wp-block-buttons is-content-justification-center is-layout-flex wp-container-core-buttons-is-layout-d9a36c2f wp-block-buttons-is-layout-flex\">\n<div style=\"--wp--block-button--width: 75;\" class=\"wp-block-button is-style-outline has-custom-width wp-block-button__width wp-block-button__width-75 is-style-outline--1\"><a class=\"wp-block-button__link has-secondary-color has-custom-blue-fica-background-color has-text-color has-background has-link-color has-text-align-center wp-element-button\" href=\"#proximas-oficinas-de-ceramica\" style=\"border-top-left-radius:27px;border-top-right-radius:27px;border-bottom-left-radius:27px;border-bottom-right-radius:27px;padding-right:0;padding-left:0;box-shadow:none\"><strong>Ver Pr\u00f3ximas Datas<\/strong><\/a><\/div>\n<\/div>\n\n\n\n<div style=\"height:60px\" aria-hidden=\"true\" class=\"wp-block-spacer\"><\/div>\n<\/div>\n\n\n\n<div class=\"wp-block-group alignwide is-layout-constrained wp-container-core-group-is-layout-3eeac4cb wp-block-group-is-layout-constrained\" style=\"margin-top:0;margin-bottom:0;padding-top:0;padding-right:0;padding-bottom:0;padding-left:0\">\n<div class=\"wp-block-columns alignwide is-layout-flex wp-container-core-columns-is-layout-aa26bd81 wp-block-columns-is-layout-flex\" style=\"margin-top:0;margin-bottom:0;padding-top:0;padding-right:0;padding-bottom:0;padding-left:0\">\n<div class=\"wp-block-column is-layout-flow wp-block-column-is-layout-flow\" style=\"flex-basis:50%\">\n<figure class=\"wp-block-image size-full has-custom-border\" style=\"margin-right:0;margin-left:0\"><img loading=\"lazy\" decoding=\"async\" width=\"500\" height=\"500\" src=\"https:\/\/fica-oc.pt\/wp-content\/uploads\/2026\/03\/fica-curso-de-ceramica-oficina.webp\" alt=\"curso de cer\u00e2mica na FICA oficina criativa\" class=\"wp-image-44990\" style=\"border-style:none;border-width:0px\" srcset=\"https:\/\/fica-oc.pt\/wp-content\/uploads\/2026\/03\/fica-curso-de-ceramica-oficina.webp 500w, https:\/\/fica-oc.pt\/wp-content\/uploads\/2026\/03\/fica-curso-de-ceramica-oficina-300x300.webp 300w, https:\/\/fica-oc.pt\/wp-content\/uploads\/2026\/03\/fica-curso-de-ceramica-oficina-150x150.webp 150w, https:\/\/fica-oc.pt\/wp-content\/uploads\/2026\/03\/fica-curso-de-ceramica-oficina-12x12.webp 12w, https:\/\/fica-oc.pt\/wp-content\/uploads\/2026\/03\/fica-curso-de-ceramica-oficina-161x161.webp 161w\" sizes=\"auto, (max-width: 500px) 100vw, 500px\" \/><\/figure>\n<\/div>\n\n\n\n<div class=\"wp-block-column is-layout-flow wp-block-column-is-layout-flow\" style=\"flex-basis:50%\">\n<figure class=\"wp-block-image size-full has-custom-border\" style=\"margin-right:0;margin-left:0\"><img loading=\"lazy\" decoding=\"async\" width=\"500\" height=\"500\" src=\"https:\/\/fica-oc.pt\/wp-content\/uploads\/2026\/03\/fica-curso-de-ceramica-oficina-criativa.webp\" alt=\"curso de cer\u00e2mica na FICA oficina criativa\" class=\"wp-image-44989\" style=\"border-style:none;border-width:0px\" srcset=\"https:\/\/fica-oc.pt\/wp-content\/uploads\/2026\/03\/fica-curso-de-ceramica-oficina-criativa.webp 500w, https:\/\/fica-oc.pt\/wp-content\/uploads\/2026\/03\/fica-curso-de-ceramica-oficina-criativa-300x300.webp 300w, https:\/\/fica-oc.pt\/wp-content\/uploads\/2026\/03\/fica-curso-de-ceramica-oficina-criativa-150x150.webp 150w, https:\/\/fica-oc.pt\/wp-content\/uploads\/2026\/03\/fica-curso-de-ceramica-oficina-criativa-12x12.webp 12w, https:\/\/fica-oc.pt\/wp-content\/uploads\/2026\/03\/fica-curso-de-ceramica-oficina-criativa-161x161.webp 161w\" sizes=\"auto, (max-width: 500px) 100vw, 500px\" \/><\/figure>\n<\/div>\n<\/div>\n<\/div>\n\n\n\n<div style=\"height:50px\" aria-hidden=\"true\" class=\"wp-block-spacer\"><\/div>\n\n\n\n<div class=\"wp-block-group alignwide is-layout-constrained wp-block-group-is-layout-constrained\">\n<div class=\"wp-block-columns alignwide is-layout-flex wp-container-core-columns-is-layout-1a9244c7 wp-block-columns-is-layout-flex\">\n<div class=\"wp-block-column is-layout-flow wp-block-column-is-layout-flow\">\n<h2 class=\"wp-block-heading has-text-align-center has-large-font-size\" style=\"font-style:normal;font-weight:700\">Mais do que um workshop de Cer\u00e2mica<\/h2>\n\n\n\n<p class=\"wp-block-paragraph\">Ao contr\u00e1rio de um workshop pontual, ao longo das sess\u00f5es do Curso de Cer\u00e2mica &#8211; Oficina de Cer\u00e2mica &#8211; vais percorrer as v\u00e1rias etapas do processo cer\u00e2mico: desde os princ\u00edpios base e t\u00e9cnicas de conforma\u00e7\u00e3o manual, at\u00e9 \u00e0 aplica\u00e7\u00e3o de texturas e cor na fase de couro, passagem por chacota e, por fim, a vidragem das pe\u00e7as.<\/p>\n\n\n\n<p class=\"wp-block-paragraph\">N\u00e3o \u00e9 necess\u00e1rio frequentar o <a href=\"https:\/\/fica-oc.pt\/workshops-de-ceramica\/#flash-workshop-ceramica\">flash workshop<\/a> antes deste curso. Ainda assim, se fizeres ambos, podes consolidar e aprofundar algumas das t\u00e9cnicas em comum.<\/p>\n<\/div>\n<\/div>\n<\/div>\n\n\n\n<div style=\"height:60px\" aria-hidden=\"true\" class=\"wp-block-spacer\"><\/div>\n\n\n\n<div class=\"wp-block-group alignwide is-layout-constrained wp-block-group-is-layout-constrained\">\n<div class=\"wp-block-columns alignwide is-layout-flex wp-container-core-columns-is-layout-1a9244c7 wp-block-columns-is-layout-flex\">\n<div class=\"wp-block-column is-layout-flow wp-container-core-column-is-layout-d010593d wp-block-column-is-layout-flow\" style=\"padding-top:var(--wp--preset--spacing--30);padding-bottom:var(--wp--preset--spacing--30)\">\n<h2 class=\"wp-block-heading has-text-align-center has-large-font-size\" id=\"o-que-vais-aprender\" style=\"padding-bottom:var(--wp--preset--spacing--40);font-style:normal;font-weight:700\"> O que vais aprender no Curso de Cer\u00e2mica<\/h2>\n\n\n\n<div class=\"wp-block-columns alignwide are-vertically-aligned-top is-layout-flex wp-container-core-columns-is-layout-bb404432 wp-block-columns-is-layout-flex\" style=\"padding-top:var(--wp--preset--spacing--30)\">\n<div class=\"wp-block-column is-vertically-aligned-top has-custom-css is-layout-flow wp-container-core-column-is-layout-d07000de wp-block-column-is-layout-flow wp-custom-css-5541e4d1\" style=\"padding-top:var(--wp--preset--spacing--20);padding-bottom:var(--wp--preset--spacing--20)\">\n<svg width=\"120\" height=\"100\" style=\"display:block;margin:auto;\"> <svg xmlns=\"http:\/\/www.w3.org\/2000\/svg\" viewBox=\"0 0 33.85 25.45\"><path fill=\"#f4f4f4\" d=\"M1.45.65 7.2 10.8l.96 3.74 4.53 8.4 2.23-.52 5.29 2.59 1.04-.82 1.85.95 1.42-2.78-.86-1-9.89-2.62-1.17-5.49 3.75-4.36-2.46-1.04L9.28.65z\"\/><path d=\"M13.74 7.26c.08.13.23.2.39.21.7.03 1.93.73 2.66 1.94-.12.02-.23.06-.35.1-.69-1.08-1.8-1.66-2.33-1.69a.85.85 0 0 1-.66-.37L9.28.65l-.16.29 4.08 6.67c.19.29.53.48.89.5.38.02 1.43.51 2.1 1.55l.13.21.23-.09q.15-.06.3-.09l.41-.08-.22-.36c-.76-1.25-2.07-2.04-2.9-2.08-.07 0-.13-.03-.16-.08L9.62 0l-.16.3 4.27 6.96ZM25.24 20.04l-.22-.23-.63.68.17.2c.07.08.07.16.01.24-.05.07-.11.1-.25.13-.05 0-.16-.02-.3-.13l-.68-.6-.62.71 1.26 1.11c.17.16.19.41.06.59-.07.1-.17.13-.27.15-.1 0-.24-.08-.3-.12l-3.17-2.32-.55.76 3.42 2.49c.06.04.16.17.18.32q.03.165-.06.27c-.09.11-.19.18-.3.2h-.08c-.1 0-.19-.02-.27-.09l-1.05-.77c-.05-.38-.26-.71-.62-.96l-2.99-2.12-1.09.26 3.57 2.65c.21.17.22.47.13.68-.05.11-.25.33-.49.33-.05 0-.11-.01-.14-.02l-4.76-2.64c0-.25-.04-.49-.13-.7l-1.6-4.28s-.09-.17-.16-.49l-.03-.08c-.22-.39-.36-.77-.42-1.16l-.58.03c-.06 1.25.28 1.99.34 2.11l1.57 4.22c.13.3.05.66-.2.89-.19.17-.46.23-.67.19a.74.74 0 0 1-.54-.37l-.59-1.36c-.59-1.38-1.3-2.61-2.11-3.66-1.24-1.6-1.89-3.27-2.18-5.57-.07-.54-.3-1.04-.66-1.44L1.66.74 1.45.65l5.56 9.71c.32.36.52.8.59 1.28.3 2.36.97 4.06 2.24 5.71.8 1.03 1.5 2.24 2.08 3.59l.59 1.36c.16.29.44.49.77.54.06.01.12.02.19.02.27 0 .53-.1.73-.28.34-.31.45-.81.27-1.23l-1.57-4.2v-.02c-.06-.11-.37-.79-.32-1.98.07.44.23.85.45 1.26.08.36.18.56.18.56l.02.03 1.57 4.22c.09.2.13.44.11.67v.1l.08.05 4.84 2.68c.09.04.19.06.28.06.37 0 .66-.3.76-.51.13-.31.13-.76-.21-1.03l-2.79-1.98.2-.29 2.75 1.95q.465.315.51.81v.07l.06.04 1.1.8c.13.1.28.15.44.15.04 0 .09 0 .13-.01a.73.73 0 0 0 .6-.81.88.88 0 0 0-.3-.52l-3.18-2.32.21-.28 2.94 2.14s.25.18.47.18c.03 0 .07 0 .1-.01.11-.03.27-.09.4-.26a.73.73 0 0 0-.1-.99l-1.05-.92.23-.27.46.4s.24.2.5.2c.04 0 .07 0 .11-.01.16-.03.28-.11.37-.23.14-.19.13-.42-.02-.6l.24-.26c.26.27.42.61.07 1.07-.11.15-.26.26-.43.33l-.18.07.11.16c.26.39.25.89-.03 1.26-.15.2-.35.33-.59.38l-.17.04.06.17c.13.38.12.7-.04.95-.17.25-.43.43-.73.48-.06 0-.12.02-.19.02-.23 0-.47-.08-.66-.22l-.84-.62-.17-.12-.07.2c-.09.26-.38.52-.74.65-.14.05-.28.08-.41.08a.8.8 0 0 1-.39-.09l-4.71-2.61-.13-.08-.07.14c-.08.14-.18.26-.29.37-.27.24-.61.38-.96.38-.08 0-.17 0-.25-.02-.44-.08-.81-.35-1.02-.73v-.02l-.6-1.36c-.57-1.32-1.25-2.51-2.03-3.52-1.32-1.7-2.01-3.46-2.31-5.88-.05-.41-.23-.79-.5-1.09L.66.3 0 0l6.53 10.79c.24.26.38.58.43.93.31 2.48 1.02 4.28 2.37 6.03.76.98 1.43 2.15 2 3.45l.61 1.41c.25.47.7.79 1.24.88.5.07 1.05-.07 1.45-.43.1-.09.19-.2.27-.32l4.61 2.55c.29.15.69.16 1.04.02.38-.13.69-.38.84-.66l.7.51c.24.18.53.28.83.28.08 0 .15 0 .24-.02.37-.06.71-.28.93-.61.13-.21.25-.56.11-1.06.24-.08.45-.24.61-.45.32-.42.36-.99.12-1.45.16-.09.3-.21.41-.36.26-.35.45-.88-.09-1.45Z\"\/><path d=\"M6.75 10.59c.27.31.45.68.5 1.09.3 2.42.99 4.18 2.31 5.88.78 1.01 1.46 2.19 2.03 3.52l.59 1.36v.02a1.47 1.47 0 0 0 1.28.75 1.44 1.44 0 0 0 1.25-.75l.07-.14.13.08 4.71 2.61c.11.06.25.09.39.09.13 0 .27-.02.41-.08.36-.13.65-.39.74-.65l.07-.2.17.12.84.62c.19.14.42.22.66.22.06 0 .12 0 .19-.02.29-.05.56-.23.73-.48.16-.25.17-.57.04-.95l-.06-.17.17-.04a1 1 0 0 0 .59-.38c.27-.37.29-.87.03-1.26l-.11-.16.18-.07c.17-.06.31-.17.43-.33.35-.47.19-.8-.07-1.07l-.24.26c.16.19.17.41.02.6-.09.12-.21.2-.37.23-.03 0-.07.01-.11.01-.25 0-.47-.18-.5-.2l-.46-.4-.23.27 1.05.92c.28.26.32.68.1.99-.13.17-.29.23-.4.26-.03 0-.07.01-.1.01-.22 0-.45-.16-.47-.18l-2.94-2.14-.21.28 3.18 2.32c.12.09.26.28.3.52.03.19-.01.35-.12.5-.13.17-.3.28-.48.31-.04 0-.08.01-.13.01a.7.7 0 0 1-.44-.15l-1.1-.8-.06-.04v-.07q-.06-.48-.51-.81l-2.75-1.95-.71-.07 3.05 2.15c.59.45.6.9.46 1.21-.09.21-.39.51-.76.51-.1 0-.19-.02-.28-.06l-4.84-2.68-.09-.05v-.1c.03-.23 0-.46-.1-.67l-1.57-4.22-.02-.03s-.1-.2-.18-.56c-.22-.4-.38-.81-.45-1.26-.06 1.18.26 1.87.32 1.98s0 .02 0 .02l1.57 4.2c.18.42.07.91-.27 1.23-.2.18-.46.28-.73.28-.06 0-.12 0-.19-.02-.33-.06-.61-.25-.77-.54l-.59-1.36c-.58-1.35-1.28-2.56-2.08-3.59-1.27-1.65-1.94-3.36-2.24-5.71-.06-.48-.26-.93-.59-1.28L1.45.65.66.3l6.09 10.3ZM9.28.65l4.17 6.8c.14.22.39.36.66.37.54.02 1.64.61 2.33 1.69.12-.05.23-.08.35-.1-.74-1.21-1.96-1.9-2.66-1.94-.16 0-.3-.09-.39-.21L9.47.3z\"\/><path fill=\"#e81f1f\" stroke=\"#000\" stroke-width=\"1.11\" d=\"M22.58 14.28a4.991 4.991 0 0 1-9.98 0 4.991 4.991 0 0 1 9.98 0Z\"\/><path fill=\"#f4f4f4\" stroke=\"#000\" stroke-width=\".85\" d=\"m33.5.64-3.75 5.28c-.25.36-.31.81-.13 1.21.29.68.35 1.82.17 3.05-.25 1.64-.68 4.13-.96 5.28-.11.47-.27.79-.49 1.02l-3.48 3.67a.32.32 0 0 1-.24.11l-1.03.05 2.62-3.84c.22-.29.27-.42.28-.77l.04-1.3-.04 1.3c0 .28-.1.54-.28.77l-2.81 4.11c-.06.09-.16.15-.28.16s-.27.03-.35.03c-.73 0-1.28-.63-1.28-.63l2.73-4.08c.16-.23.19-.34.21-.62l.12-1.51-.12 1.51c-.02.22-.09.43-.21.62l-2.95 4.42c-.04.05-.13.16-.2.2-.1.06-2.8.24-2.8.24-.07 0-.14.02-.22.02-.47 0-1.09-.2-1.33-1.2l-.04-.18h.19l2.31-.08c.23 0 .46-.12.62-.3 1.09-1.2 1.75-2.19 1.81-2.74.11-.92.19-4.53.19-4.56v-.26l-.24.09c-.12.05-.43.17-2.79 4.39-.19.34-.55.55-.95.56a1.118 1.118 0 0 1-1.03-.69c-.11-.27-.1-.57.01-.84l2.05-4.8v-.02l1.96-3.13c.63-1.11 2.4-2.23 3.13-2.66.26-.16.48-.38.61-.66L26.56.47\"\/><\/svg>\n\n\n\n<h3 class=\"wp-block-heading has-text-align-center has-primary-color has-text-color has-link-color has-regular-font-size wp-elements-6971de795fc2892032864f9ac064224e\" style=\"padding-top:var(--wp--preset--spacing--40);padding-bottom:var(--wp--preset--spacing--20);font-style:normal;font-weight:700\">Conforma\u00e7\u00e3o Manual<\/h3>\n\n\n\n<p class=\"has-text-align-center wp-block-paragraph\" style=\"padding-top:var(--wp--preset--spacing--20)\">T\u00e9cnicas de modela\u00e7\u00e3o usando as m\u00e3os e pequenas ferramentas, para criar pe\u00e7as.<\/p>\n<\/div>\n\n\n\n<div class=\"wp-block-column is-vertically-aligned-top is-layout-flow wp-container-core-column-is-layout-d07000de wp-block-column-is-layout-flow\" style=\"padding-top:var(--wp--preset--spacing--20);padding-bottom:var(--wp--preset--spacing--20)\">\n<svg width=\"160\" height=\"100\" style=\"display:block;margin:auto;\"> <svg xmlns=\"http:\/\/www.w3.org\/2000\/svg\" viewBox=\"0 0 41.57 24.69\"><path fill=\"none\" stroke=\"#000100\" stroke-width=\".5\" d=\"m2.89.17 9.88 10.35c.16.16.39.24.62.22.46-.06 1.49.27 2.25 1.08l.97 1.18\"\/><path fill=\"#f4f4f4\" stroke=\"#000100\" stroke-width=\".5\" d=\"M13.19 17.04c.13 1.02.51 1.75.58 1.84s0 .01 0 .01l1.98 3.35c.22.33.2.77-.04 1.09-.14.19-.35.31-.58.35-.05 0-.11.02-.16.02-.29 0-.55-.12-.74-.35l-.71-1.07c-.7-1.06-1.48-1.99-2.32-2.75-1.34-1.21-2.17-2.57-2.78-4.53-.13-.4-.37-.75-.7-1.01L.15 8.11M19.44 20.49l3.07 1.49c.12.06.27.2.33.4.05.15.04.3-.02.44-.08.16-.21.28-.37.34-.03.01-.07.02-.11.03-.14.02-.27 0-.4-.06l-4.37-1.72\"\/><path fill=\"#f4f4f4\" stroke=\"#000100\" stroke-width=\".5\" d=\"m13.73 18.82.02.03 1.99 3.36c.11.16.17.35.19.55v.09l.09.03 4.54 1.55c.09.02.17.02.25 0 .32-.06.52-.36.57-.55.07-.28 0-.67-.34-.85l-4.55-2.13a.44.44 0 0 1-.26-.34l-.12-.68M22.57 19.86l1.03.62c.28.18.38.53.23.83-.08.16-.22.24-.31.28-.03.01-.06.02-.08.03-.19.03-.41-.07-.43-.08l-2.83-1.38\"\/><path fill=\"#c6c6c5\" stroke=\"#000100\" stroke-width=\".15\" d=\"m21.66 15.39-3.06-1.4c-.47-.22-.97-.27-1.45-.19l.05-.1c.15-.33 0-.72-.32-.87l-.19-.09a.435.435 0 0 0-.53.14 2.47 2.47 0 0 0-1.28-.55c0-.25-.14-.49-.38-.6l-.19-.09c-.22-.1-.47 0-.57.21l-.33.72a.615.615 0 0 0-.95.77l-.37-.17c-.16-.07-.35 0-.43.16l-.29.63c-.24.52 0 1.14.51 1.38l.27.12c.19.69.67 1.3 1.37 1.62.26.12.53.19.8.21-.1.23-.1.47-.03.69l-.8 1.75c-.11.24 0 .53.24.64l.17.08c.24.11.53 0 .64-.24l.67-1.46.28.13-.67 1.46c-.11.24 0 .53.24.64l.17.08c.24.11.53 0 .64-.24l.67-1.46 2.15.98-.67 1.46c-.11.24 0 .53.24.64l.17.08c.24.11.53 0 .64-.24l.67-1.46.28.13-.67 1.46c-.11.24 0 .53.24.64l.17.08c.24.11.53 0 .64-.24l.75-1.65c.66-.03 1.29-.42 1.59-1.07l.38-.83c.69-1.51.03-3.29-1.48-3.97Z\"\/><path fill=\"#1539cd\" d=\"M18.31 17.11c-.29-.38 1.8-1.95 1.8-1.95.44-.24.88-.31 1-.17s-.08.56-.43.91c0 0-2.08 1.59-2.37 1.21\"\/><path fill=\"#f4f4f4\" stroke=\"#000100\" stroke-width=\".25\" d=\"M37.19 2.71c.09.12.09.3-.01.41l-1.84 1.55s-2.41 2.08-5.95 4.78-6.32 4.6-6.32 4.6l-1.32 1.01-.47.22c-.14.07-.31.03-.4-.1s-.09-.3.01-.42l.33-.38 1.33-1.02s2.14-1.92 6.09-4.94c3.69-2.82 6.18-4.43 6.18-4.43l1.97-1.38c.14-.07.31-.03.4.09Z\"\/><path fill=\"none\" stroke=\"#000100\" stroke-width=\".25\" d=\"m22.66 14.43-.52-.68\"\/><path fill=\"#f4f4f4\" stroke=\"#000100\" stroke-width=\".5\" d=\"m41.43 2.38-3.24 2.15c-.25.17-.4.45-.39.75.02.62-.26 1.52-.77 2.41-.66 1.17-1.71 2.92-2.25 3.7-.23.34-.45.55-.71.67l-3.67 1.76c-.1.05-.21.06-.32.02l-.72-.23 3.12-2.16c.23-.14.4-.34.49-.57l.35-.84-.35.84c-.1.23-.27.43-.49.56l-3.59 2.48c-.19.13-.41.2-.63.21H28c-.5.03-.95-.89-.95-.89l.53-.26 1.82-1.14 1.72-1.29c.16-.12.3-.27.39-.46l.47-.98-.47.97c-.09.18-.22.34-.38.45 0 0-2.84 2.34-4.64 2.92 0 0-1.2.41-1.28.38-.47-.19-.53-.83-.13-1.13l1.1-.81c.12-.08 2.4-1.87 2.59-2.23.09-.17 1.03-1.48 1.43-2.42.22-.52-.19.06-.72.45-.49.36-1.11.82-2.33 1.84-.28.23-.67.3-1.01.17-.14-.05-.25-.13-.35-.22-.19-.19-.3-.44-.31-.72 0-.27.1-.53.29-.72l2.81-3.58h.01l2.38-1.81c.82-.68 2.5-1.01 3.18-1.12.22-.04.42-.14.58-.29L35.84.19\"\/><circle cx=\"13.88\" cy=\"13.42\" r=\".04\" fill=\"#000100\" stroke=\"#1539cd\" stroke-width=\".75\"\/><circle cx=\"15.06\" cy=\"13.83\" r=\".04\" fill=\"#000100\" stroke=\"#1539cd\" stroke-width=\".75\"\/><path fill=\"none\" stroke=\"#1539cd\" stroke-linecap=\"round\" stroke-width=\".5\" d=\"M13.38 16.04c.7.7 1.83.7 2.53 0\"\/><\/svg>\n\n\n\n<h3 class=\"wp-block-heading has-text-align-center has-primary-color has-text-color has-link-color has-regular-font-size wp-elements-abd22cb2bfe756d5feed8901ad6cb73b\" style=\"padding-top:var(--wp--preset--spacing--40);padding-bottom:var(--wp--preset--spacing--20);font-style:normal;font-weight:700\">Decora\u00e7\u00e3o\/Revestimentos<\/h3>\n\n\n\n<p class=\"has-text-align-center wp-block-paragraph\" style=\"padding-top:var(--wp--preset--spacing--20)\">T\u00e9cnicas de decora\u00e7\u00e3o em barro cru &#8211; engobes &#8211; e em chacota &#8211; tintas, minas, vidrado.<\/p>\n<\/div>\n\n\n\n<div class=\"wp-block-column is-vertically-aligned-top is-layout-flow wp-container-core-column-is-layout-d07000de wp-block-column-is-layout-flow\" style=\"padding-top:var(--wp--preset--spacing--20);padding-bottom:var(--wp--preset--spacing--20)\">\n<svg width=\"180\" height=\"100\" style=\"display:block;margin:auto;\"> <svg xmlns=\"http:\/\/www.w3.org\/2000\/svg\" viewBox=\"0 0 32.03 12.33\"><path fill=\"none\" stroke=\"#000\" stroke-width=\".36\" d=\"m16.69 4.27 7.42 2.03 7.65 2.18c.07.02.11.08.09.14l-.1.3c-.03.09-.14.14-.25.12l-7.48-2.13c-.11.34-.51.52-.9.42l-1.61-.44c-1.2-.33-2.35-.76-3.46-1.29l-1.62-.78c-.36-.17-.14-.65.25-.55Z\"\/><path fill=\"#d0d2d3\" stroke=\"#000\" stroke-width=\".46\" d=\"M15.91 12.33c0-1.87-2.64-4.19-3.08-4.68-.08-.09-2.49-2.55-2.87-3.36-.26-.56-.27-2.98-.25-3.66 0-.22-.31-.4-.71-.4H7.14c-.39 0-.71.18-.71.4.01.68 0 3.1-.25 3.66-.38.81-2.78 3.27-2.87 3.36-.44.49-3.08 2.81-3.08 4.68\"\/><path fill=\"none\" stroke=\"#000\" stroke-width=\".36\" d=\"M19.07 6.78c-.15.4-.64.6-1.09.47M18.92 11.23c.41-.09.85.2.99.65M23.55 8.42c.45-.13.94.08 1.11.48M16.02 5.86c-.16-.4.07-.83.52-.96M17.91 10.04c-.45.13-.94-.08-1.11-.48\"\/><path fill=\"none\" stroke=\"#6b6b6b\" stroke-width=\".36\" d=\"M4.15 11.27c-.38.27-.92.23-1.2-.09M5.96 11.27c-.38.27-.92.23-1.2-.09M7.77 11.27c-.38.27-.92.23-1.2-.09M9.57 11.27c-.38.27-.92.23-1.2-.09M11.38 11.27c-.38.27-.92.23-1.2-.09M13.19 11.27c-.38.27-.92.23-1.2-.09M5.16 10.07c-.38.27-.92.23-1.2-.09M6.97 10.07c-.38.27-.92.23-1.2-.09M8.78 10.07c-.38.27-.92.23-1.2-.09M10.59 10.07c-.38.27-.92.23-1.2-.09M12.39 10.07c-.38.27-.92.23-1.2-.09M5.96 8.88c-.38.27-.92.23-1.2-.09M7.77 8.88c-.38.27-.92.23-1.2-.09M9.57 8.88c-.38.27-.92.23-1.2-.09M7.77 6.56c-.38.27-.92.23-1.2-.09M9.57 6.56c-.38.27-.92.23-1.2-.09M11.38 8.88c-.38.27-.92.23-1.2-.09M6.97 7.68c-.38.27-.92.23-1.2-.09M8.78 7.68c-.38.27-.92.23-1.2-.09M10.59 7.68c-.38.27-.92.23-1.2-.09\"\/><path fill=\"none\" stroke=\"#000\" stroke-width=\".36\" d=\"M21.24 10.15c-.13-.41.14-.82.6-.93M20.83 8.05c-.28.33-.83.39-1.21.13M22.92 10.49c.38.26.47.74.18 1.07M15.6 7.58c.28-.33.83-.39 1.21-.13\"\/><\/svg>\n\n\n\n<h3 class=\"wp-block-heading has-text-align-center has-primary-color has-text-color has-link-color has-regular-font-size wp-elements-be0c82221751963bd0ddcf277b522229\" style=\"padding-top:var(--wp--preset--spacing--40);padding-bottom:var(--wp--preset--spacing--20);font-style:normal;font-weight:700\">Texturas<\/h3>\n\n\n\n<p class=\"has-text-align-center wp-block-paragraph\" style=\"padding-top:var(--wp--preset--spacing--20)\">Tipos de aplica\u00e7\u00e3o de texturas em cer\u00e2mica, de baixo-relevo a grava\u00e7\u00e3o.<\/p>\n<\/div>\n\n\n\n<div class=\"wp-block-column is-vertically-aligned-top is-layout-flow wp-container-core-column-is-layout-d07000de wp-block-column-is-layout-flow\" style=\"padding-top:var(--wp--preset--spacing--20);padding-bottom:var(--wp--preset--spacing--20)\">\n<svg width=\"180\" height=\"100\" style=\"display:block;margin:auto;\"> <svg xmlns=\"http:\/\/www.w3.org\/2000\/svg\" viewBox=\"0 0 30.09 12.35\"><path fill=\"#fff\" stroke=\"#000\" stroke-width=\".11\" d=\"M1.75 11.61c0 .24-.21.44-.48.44s-.49-.19-.49-.44.48-.87.48-.87.49.62.49.86ZM.82 9.58c0 .19-.17.35-.38.35s-.38-.15-.39-.34.38-.68.38-.68.39.49.39.68ZM4.85 12.01c0 .16-.14.29-.32.29s-.32-.13-.32-.29.32-.57.32-.57.32.41.33.57Z\"\/><path fill=\"#fff\" stroke=\"#000\" stroke-width=\".08\" d=\"M3.02 11.73c0 .12-.11.22-.24.22s-.24-.1-.24-.22.24-.43.24-.43.24.31.24.43Z\"\/><path fill=\"none\" stroke=\"#231f20\" stroke-miterlimit=\"10\" stroke-width=\".5\" d=\"m21.97 2.17 5.95-1.9c.16-.05.34.04.39.19.06.16-.02.33-.18.38l-5.95 1.9a.32.32 0 0 1-.39-.19c-.06-.16.02-.33.18-.38ZM23.2 5.72l6.3-.45c.17-.01.32.11.34.28s-.1.31-.27.32l-6.3.45a.32.32 0 0 1-.34-.28c-.02-.17.1-.31.27-.32Z\"\/><path fill=\"#fff\" d=\"M12.56 5.61c.05.14-.04.29-.19.33-.49.13-1.46.41-1.82.61-.52.29-1.97 1.63-2.03 1.68-.3.25-1.61 1.64-2.93 2.01-1.98.55-3.25.07-3.65-.13a.32.32 0 0 1-.18-.2l-1.03-3a.28.28 0 0 1 .03-.25c.21-.37.95-1.41 2.94-1.97 1.32-.37 3.28.11 3.68.17.08.01 2.1.38 2.72.35.43-.02 1.4-.29 1.89-.43.15-.04.32.03.37.17l.23.66Z\"\/><path fill=\"#fff\" d=\"M12.33 4.95c-.05-.14-.21-.21-.36-.17q-.135.045-.3.09c-.51.14-1.23.33-1.58.34-.62.03-2.64-.34-2.72-.35-.4-.06-2.36-.54-3.68-.17C1.71 5.24.96 6.29.75 6.66c-.04.08-.05.17-.02.25l1.03 3c.03.09.09.16.18.2.4.2 1.67.68 3.65.13 1.32-.37 2.64-1.76 2.93-2.01.06-.05 1.5-1.38 2.03-1.68.3-.17 1.02-.39 1.54-.53.11-.03.2-.06.29-.08.16-.04.24-.19.19-.33l-.23-.66Z\"\/><path fill=\"#fff\" stroke=\"#000\" stroke-width=\".5\" d=\"M12.56 5.61c.05.14-.04.29-.19.33-.49.13-1.46.41-1.82.61-.52.29-1.97 1.63-2.03 1.68-.3.25-1.61 1.64-2.93 2.01-1.98.55-3.25.07-3.65-.13a.32.32 0 0 1-.18-.2l-1.03-3a.28.28 0 0 1 .03-.25c.21-.37.95-1.41 2.94-1.97 1.32-.37 3.28.11 3.68.17.08.01 2.1.38 2.72.35.43-.02 1.4-.29 1.89-.43.15-.04.32.03.37.17l.23.66Z\"\/><path fill=\"#231f20\" stroke=\"#231f20\" stroke-linecap=\"round\" stroke-linejoin=\"round\" stroke-width=\".12\" d=\"M21.84 2.67c-.68.19-1.39.38-2.1.59-.5.16-.83.25-1.17.57-.86.84-2.47 2.52-3.64 3.7-.49.47-.8.92-1.4 1.2-1.01.49-2.41-.09-3.02-1.15-.36-.59-.47-.77 0-.13.64.93 2.03 1.4 2.93.93.58-.28.89-.72 1.37-1.18 1.17-1.18 2.78-2.85 3.65-3.69.35-.32.68-.41 1.18-.57.71-.21 1.42-.39 2.1-.58\"\/><path fill=\"#231f20\" stroke=\"#231f20\" stroke-linecap=\"round\" stroke-linejoin=\"round\" stroke-width=\".12\" d=\"M22.85 5.92c-.71.06-1.44.13-2.19.18-.53.03-.87.05-1.33-.13-1.16-.48-3.37-1.48-4.96-2.17-.65-.27-1.14-.58-1.81-.62-1.14-.11-2.19.91-2.29 2.09-.08.67-.1.87.06.12.19-1.08 1.27-1.99 2.31-1.86.66.06 1.13.35 1.77.61 1.59.69 3.8 1.68 4.96 2.15.46.18.8.15 1.33.12.75-.05 1.48-.12 2.19-.18\"\/><path fill=\"none\" stroke=\"#231f20\" stroke-miterlimit=\"10\" stroke-width=\".21\" d=\"M19.92 5.7c.46-.68.22-1.56-.53-1.97\"\/><\/svg>\n\n\n\n<h3 class=\"wp-block-heading has-text-align-center has-primary-color has-text-color has-link-color has-regular-font-size wp-elements-0811aad20a6e4ff7aed994ca57082ac9\" style=\"padding-top:var(--wp--preset--spacing--40);padding-bottom:var(--wp--preset--spacing--20);font-style:normal;font-weight:700\">Processo de Vidragem<\/h3>\n\n\n\n<p class=\"has-text-align-center wp-block-paragraph\" style=\"padding-top:var(--wp--preset--spacing--20)\">Como funciona o processo de vidragem, como fazer e que cuidados a ter.<\/p>\n<\/div>\n<\/div>\n\n\n\n<hr class=\"wp-block-separator has-text-color has-foreground-color has-alpha-channel-opacity has-foreground-background-color has-background is-style-wide\" style=\"margin-top:0;margin-bottom:0\"\/>\n\n\n\n<p class=\"wp-block-paragraph\" style=\"padding-top:0;padding-bottom:var(--wp--preset--spacing--30)\">No curso de cer\u00e2mica &#8211; Oficina de Cer\u00e2mica &#8211; vais aprender as quatro principais t\u00e9cnicas de conforma\u00e7\u00e3o manual &#8211; lastra, bola, rolos e maci\u00e7o ocado &#8211; e explorar diferentes abordagens de decora\u00e7\u00e3o e revestimento, tanto em barro cru como em chacota, das texturas \u00e0 cor, atrav\u00e9s de engobes, tintas de alto fogo. Na \u00faltima fase, j\u00e1 com as pe\u00e7as chacotadas, vais tamb\u00e9m aprender o processo de vidragem, aplicando acabamento \u00e0s tuas pr\u00f3prias pe\u00e7as.<\/p>\n\n\n\n<p class=\"wp-block-paragraph\">Este \u00e9 o curso mais completo de introdu\u00e7\u00e3o \u00e0 cer\u00e2mica que propomos, pensado para quem n\u00e3o tem experi\u00eancia pr\u00e9via mas quer aprender de forma estruturada. Ao longo das quatro sess\u00f5es, acompanhas quase todas as fases do processo: come\u00e7as no barro em estado pl\u00e1stico e terminas na vidragem das pe\u00e7as que constru\u00edste. Com a pr\u00e1tica cont\u00ednua, vais ganhando confian\u00e7a, autonomia e uma compreens\u00e3o mais s\u00f3lida do material e das t\u00e9cnicas.<\/p>\n\n\n\n<div style=\"height:40px\" aria-hidden=\"true\" class=\"wp-block-spacer\"><\/div>\n\n\n\n<div class=\"wp-block-buttons is-content-justification-center is-layout-flex wp-container-core-buttons-is-layout-d9a36c2f wp-block-buttons-is-layout-flex\">\n<div style=\"--wp--block-button--width: 50;\" class=\"wp-block-button is-style-outline has-custom-width wp-block-button__width wp-block-button__width-50 is-style-outline--2\"><a class=\"wp-block-button__link has-secondary-color has-custom-blue-fica-background-color has-text-color has-background has-link-color has-text-align-center wp-element-button\" href=\"#proximas-oficinas-de-ceramica\" style=\"border-top-left-radius:27px;border-top-right-radius:27px;border-bottom-left-radius:27px;border-bottom-right-radius:27px;padding-right:0;padding-left:0;box-shadow:none\"><strong>Ver Pr\u00f3ximas Datas<\/strong><\/a><\/div>\n<\/div>\n\n\n\n<div style=\"height:60px\" aria-hidden=\"true\" class=\"wp-block-spacer\"><\/div>\n\n\n\n<h3 class=\"wp-block-heading\" style=\"padding-top:var(--wp--preset--spacing--40);padding-bottom:0;font-style:normal;font-weight:700\">T\u00e9cnicas de Conforma\u00e7\u00e3o Manual<\/h3>\n\n\n\n<div class=\"wp-block-columns is-layout-flex wp-container-core-columns-is-layout-96b115ed wp-block-columns-is-layout-flex\" style=\"padding-top:var(--wp--preset--spacing--40);padding-bottom:var(--wp--preset--spacing--40)\">\n<div class=\"wp-block-column is-layout-flow wp-container-core-column-is-layout-7c874152 wp-block-column-is-layout-flow\">\n<figure class=\"wp-block-image size-full\" style=\"margin-top:var(--wp--preset--spacing--20);margin-bottom:var(--wp--preset--spacing--20)\"><img loading=\"lazy\" decoding=\"async\" width=\"500\" height=\"500\" src=\"https:\/\/fica-oc.pt\/wp-content\/uploads\/2026\/03\/curso-de-ceramica-fica-conformacao-lastra-square.webp\" alt=\"curso de cer\u00e2mica na FICA oficina criativa - t\u00e9cnica da lastra\" class=\"wp-image-44994\" srcset=\"https:\/\/fica-oc.pt\/wp-content\/uploads\/2026\/03\/curso-de-ceramica-fica-conformacao-lastra-square.webp 500w, https:\/\/fica-oc.pt\/wp-content\/uploads\/2026\/03\/curso-de-ceramica-fica-conformacao-lastra-square-300x300.webp 300w, https:\/\/fica-oc.pt\/wp-content\/uploads\/2026\/03\/curso-de-ceramica-fica-conformacao-lastra-square-150x150.webp 150w, https:\/\/fica-oc.pt\/wp-content\/uploads\/2026\/03\/curso-de-ceramica-fica-conformacao-lastra-square-12x12.webp 12w, https:\/\/fica-oc.pt\/wp-content\/uploads\/2026\/03\/curso-de-ceramica-fica-conformacao-lastra-square-161x161.webp 161w\" sizes=\"auto, (max-width: 500px) 100vw, 500px\" \/><\/figure>\n\n\n\n<h4 class=\"wp-block-heading\" style=\"padding-top:var(--wp--preset--spacing--20);padding-bottom:var(--wp--preset--spacing--20);font-style:normal;font-weight:700\">T\u00e9cnica da Lastra<\/h4>\n\n\n\n<p class=\"wp-block-paragraph\">Constru\u00e7\u00e3o a partir de placas de barro, trabalhadas e unidas para criar formas estruturadas. Nesta t\u00e9cnica, vais desenvolver uma caneca a partir de um molde e aprender a colar uma base.<\/p>\n<\/div>\n\n\n\n<div class=\"wp-block-column is-layout-flow wp-container-core-column-is-layout-7c874152 wp-block-column-is-layout-flow\">\n<figure class=\"wp-block-image size-full\" style=\"margin-top:var(--wp--preset--spacing--20);margin-bottom:var(--wp--preset--spacing--20)\"><img loading=\"lazy\" decoding=\"async\" width=\"500\" height=\"500\" src=\"https:\/\/fica-oc.pt\/wp-content\/uploads\/2026\/03\/curso-de-ceramica-fica-conformacao-bola-square.webp\" alt=\"curso de cer\u00e2mica na FICA oficina criativa - t\u00e9cnica da bola\" class=\"wp-image-44993\" srcset=\"https:\/\/fica-oc.pt\/wp-content\/uploads\/2026\/03\/curso-de-ceramica-fica-conformacao-bola-square.webp 500w, https:\/\/fica-oc.pt\/wp-content\/uploads\/2026\/03\/curso-de-ceramica-fica-conformacao-bola-square-300x300.webp 300w, https:\/\/fica-oc.pt\/wp-content\/uploads\/2026\/03\/curso-de-ceramica-fica-conformacao-bola-square-150x150.webp 150w, https:\/\/fica-oc.pt\/wp-content\/uploads\/2026\/03\/curso-de-ceramica-fica-conformacao-bola-square-12x12.webp 12w, https:\/\/fica-oc.pt\/wp-content\/uploads\/2026\/03\/curso-de-ceramica-fica-conformacao-bola-square-161x161.webp 161w\" sizes=\"auto, (max-width: 500px) 100vw, 500px\" \/><\/figure>\n\n\n\n<h4 class=\"wp-block-heading\" style=\"padding-top:var(--wp--preset--spacing--20);padding-bottom:var(--wp--preset--spacing--20);font-style:normal;font-weight:700\">T\u00e9cnica da Bola<\/h4>\n\n\n\n<p class=\"wp-block-paragraph\">Modela\u00e7\u00e3o a partir de uma bola de barro, moldada por press\u00e3o das m\u00e3os. \u00c9 uma abordagem mais livre, que pode dar origem a ta\u00e7as, ch\u00e1venas ou pe\u00e7as menos utilit\u00e1rias.<\/p>\n<\/div>\n\n\n\n<div class=\"wp-block-column is-layout-flow wp-container-core-column-is-layout-7c874152 wp-block-column-is-layout-flow\">\n<figure class=\"wp-block-image size-full\" style=\"margin-top:var(--wp--preset--spacing--20);margin-bottom:var(--wp--preset--spacing--20)\"><img loading=\"lazy\" decoding=\"async\" width=\"500\" height=\"500\" src=\"https:\/\/fica-oc.pt\/wp-content\/uploads\/2026\/03\/curso-de-ceramica-fica-conformacao-rolos-square.webp\" alt=\"curso de cer\u00e2mica na FICA oficina criativa - t\u00e9cnica dos rolos\" class=\"wp-image-44996\" srcset=\"https:\/\/fica-oc.pt\/wp-content\/uploads\/2026\/03\/curso-de-ceramica-fica-conformacao-rolos-square.webp 500w, https:\/\/fica-oc.pt\/wp-content\/uploads\/2026\/03\/curso-de-ceramica-fica-conformacao-rolos-square-300x300.webp 300w, https:\/\/fica-oc.pt\/wp-content\/uploads\/2026\/03\/curso-de-ceramica-fica-conformacao-rolos-square-150x150.webp 150w, https:\/\/fica-oc.pt\/wp-content\/uploads\/2026\/03\/curso-de-ceramica-fica-conformacao-rolos-square-12x12.webp 12w, https:\/\/fica-oc.pt\/wp-content\/uploads\/2026\/03\/curso-de-ceramica-fica-conformacao-rolos-square-161x161.webp 161w\" sizes=\"auto, (max-width: 500px) 100vw, 500px\" \/><\/figure>\n\n\n\n<h4 class=\"wp-block-heading\" style=\"padding-top:var(--wp--preset--spacing--20);padding-bottom:var(--wp--preset--spacing--20);font-style:normal;font-weight:700\">T\u00e9cnica do Rolo<\/h4>\n\n\n\n<p class=\"wp-block-paragraph\">Constru\u00e7\u00e3o por sobreposi\u00e7\u00e3o de rolos, desenvolvendo formas verticais. Vais criar uma pe\u00e7a, onde di\u00e2metro e comprimento dos rolos definem a forma final e permitem v\u00e1rias possibilidades.<\/p>\n<\/div>\n\n\n\n<div class=\"wp-block-column is-layout-flow wp-container-core-column-is-layout-7c874152 wp-block-column-is-layout-flow\">\n<figure class=\"wp-block-image size-full\" style=\"margin-top:var(--wp--preset--spacing--20);margin-bottom:var(--wp--preset--spacing--20)\"><img loading=\"lazy\" decoding=\"async\" width=\"500\" height=\"500\" src=\"https:\/\/fica-oc.pt\/wp-content\/uploads\/2026\/03\/curso-de-ceramica-fica-conformacao-macico-ocado-square.webp\" alt=\"curso de cer\u00e2mica na FICA oficina criativa - t\u00e9cnica do maci\u00e7o ocado\" class=\"wp-image-44995\" srcset=\"https:\/\/fica-oc.pt\/wp-content\/uploads\/2026\/03\/curso-de-ceramica-fica-conformacao-macico-ocado-square.webp 500w, https:\/\/fica-oc.pt\/wp-content\/uploads\/2026\/03\/curso-de-ceramica-fica-conformacao-macico-ocado-square-300x300.webp 300w, https:\/\/fica-oc.pt\/wp-content\/uploads\/2026\/03\/curso-de-ceramica-fica-conformacao-macico-ocado-square-150x150.webp 150w, https:\/\/fica-oc.pt\/wp-content\/uploads\/2026\/03\/curso-de-ceramica-fica-conformacao-macico-ocado-square-12x12.webp 12w, https:\/\/fica-oc.pt\/wp-content\/uploads\/2026\/03\/curso-de-ceramica-fica-conformacao-macico-ocado-square-161x161.webp 161w\" sizes=\"auto, (max-width: 500px) 100vw, 500px\" \/><\/figure>\n\n\n\n<h4 class=\"wp-block-heading\" style=\"padding-top:var(--wp--preset--spacing--20);padding-bottom:var(--wp--preset--spacing--20);font-style:normal;font-weight:700\">T\u00e9cnica do Maci\u00e7o Ocado<\/h4>\n\n\n\n<p class=\"wp-block-paragraph\">Modela\u00e7\u00e3o a partir de um bloco s\u00f3lido, que \u00e9 depois escavado para criar volume interior. Esta t\u00e9cnica \u00e9 ideal para caixas, pequenas esculturas ou figuras como bustos e animais.<\/p>\n<\/div>\n<\/div>\n\n\n\n<h3 class=\"wp-block-heading\" style=\"padding-top:var(--wp--preset--spacing--40);padding-bottom:0;font-style:normal;font-weight:700\">T\u00e9cnicas de Decora\u00e7\u00e3o e Revestimento<\/h3>\n\n\n\n<div class=\"wp-block-columns is-layout-flex wp-container-core-columns-is-layout-885bc911 wp-block-columns-is-layout-flex\" style=\"margin-top:0;margin-bottom:0;padding-top:var(--wp--preset--spacing--40);padding-bottom:var(--wp--preset--spacing--30)\">\n<div class=\"wp-block-column is-layout-flow wp-container-core-column-is-layout-7c874152 wp-block-column-is-layout-flow\">\n<figure class=\"wp-block-image size-full\" style=\"margin-top:var(--wp--preset--spacing--20);margin-bottom:var(--wp--preset--spacing--20)\"><img loading=\"lazy\" decoding=\"async\" width=\"500\" height=\"500\" src=\"https:\/\/fica-oc.pt\/wp-content\/uploads\/2026\/03\/curso-de-ceramica-fica-texturas-square.webp\" alt=\"curso de cer\u00e2mica na FICA oficina criativa - texturas\" class=\"wp-image-45001\" srcset=\"https:\/\/fica-oc.pt\/wp-content\/uploads\/2026\/03\/curso-de-ceramica-fica-texturas-square.webp 500w, https:\/\/fica-oc.pt\/wp-content\/uploads\/2026\/03\/curso-de-ceramica-fica-texturas-square-300x300.webp 300w, https:\/\/fica-oc.pt\/wp-content\/uploads\/2026\/03\/curso-de-ceramica-fica-texturas-square-150x150.webp 150w, https:\/\/fica-oc.pt\/wp-content\/uploads\/2026\/03\/curso-de-ceramica-fica-texturas-square-12x12.webp 12w, https:\/\/fica-oc.pt\/wp-content\/uploads\/2026\/03\/curso-de-ceramica-fica-texturas-square-161x161.webp 161w\" sizes=\"auto, (max-width: 500px) 100vw, 500px\" \/><\/figure>\n\n\n\n<h4 class=\"wp-block-heading\" style=\"padding-top:var(--wp--preset--spacing--20);padding-bottom:var(--wp--preset--spacing--20);font-style:normal;font-weight:700\">Texturas<\/h4>\n\n\n\n<p class=\"wp-block-paragraph\">Explorar de padr\u00f5es e relevos no barro ainda cru, usando ferramentas para criar superf\u00edcies texturadas.<\/p>\n<\/div>\n\n\n\n<div class=\"wp-block-column is-layout-flow wp-container-core-column-is-layout-7c874152 wp-block-column-is-layout-flow\">\n<figure class=\"wp-block-image size-full\" style=\"margin-top:var(--wp--preset--spacing--20);margin-bottom:var(--wp--preset--spacing--20)\"><img loading=\"lazy\" decoding=\"async\" width=\"500\" height=\"500\" src=\"https:\/\/fica-oc.pt\/wp-content\/uploads\/2026\/03\/curso-de-ceramica-fica-decoracao-pintura-engobes-square.webp\" alt=\"curso de cer\u00e2mica na FICA oficina criativa - t\u00e9cnicas de decora\u00e7\u00e3o com engobes\" class=\"wp-image-44999\" srcset=\"https:\/\/fica-oc.pt\/wp-content\/uploads\/2026\/03\/curso-de-ceramica-fica-decoracao-pintura-engobes-square.webp 500w, https:\/\/fica-oc.pt\/wp-content\/uploads\/2026\/03\/curso-de-ceramica-fica-decoracao-pintura-engobes-square-300x300.webp 300w, https:\/\/fica-oc.pt\/wp-content\/uploads\/2026\/03\/curso-de-ceramica-fica-decoracao-pintura-engobes-square-150x150.webp 150w, https:\/\/fica-oc.pt\/wp-content\/uploads\/2026\/03\/curso-de-ceramica-fica-decoracao-pintura-engobes-square-12x12.webp 12w, https:\/\/fica-oc.pt\/wp-content\/uploads\/2026\/03\/curso-de-ceramica-fica-decoracao-pintura-engobes-square-161x161.webp 161w\" sizes=\"auto, (max-width: 500px) 100vw, 500px\" \/><\/figure>\n\n\n\n<h4 class=\"wp-block-heading\" style=\"padding-top:var(--wp--preset--spacing--20);padding-bottom:var(--wp--preset--spacing--20);font-style:normal;font-weight:700\">Pintura em Barro Cru<\/h4>\n\n\n\n<p class=\"wp-block-paragraph\">Aplica\u00e7\u00e3o de engobes sobre a pe\u00e7a no estado de couro, permitindo colorir antes da primeira cozedura.<\/p>\n<\/div>\n\n\n\n<div class=\"wp-block-column is-layout-flow wp-container-core-column-is-layout-7c874152 wp-block-column-is-layout-flow\">\n<figure class=\"wp-block-image size-full\" style=\"margin-top:var(--wp--preset--spacing--20);margin-bottom:var(--wp--preset--spacing--20)\"><img loading=\"lazy\" decoding=\"async\" width=\"500\" height=\"500\" src=\"https:\/\/fica-oc.pt\/wp-content\/uploads\/2026\/03\/curso-de-ceramica-fica-decoracao-pintura-tintas-square.webp\" alt=\"curso de cer\u00e2mica na FICA oficina criativa - t\u00e9cnicas de decora\u00e7\u00e3o com tintas\" class=\"wp-image-45000\" srcset=\"https:\/\/fica-oc.pt\/wp-content\/uploads\/2026\/03\/curso-de-ceramica-fica-decoracao-pintura-tintas-square.webp 500w, https:\/\/fica-oc.pt\/wp-content\/uploads\/2026\/03\/curso-de-ceramica-fica-decoracao-pintura-tintas-square-300x300.webp 300w, https:\/\/fica-oc.pt\/wp-content\/uploads\/2026\/03\/curso-de-ceramica-fica-decoracao-pintura-tintas-square-150x150.webp 150w, https:\/\/fica-oc.pt\/wp-content\/uploads\/2026\/03\/curso-de-ceramica-fica-decoracao-pintura-tintas-square-12x12.webp 12w, https:\/\/fica-oc.pt\/wp-content\/uploads\/2026\/03\/curso-de-ceramica-fica-decoracao-pintura-tintas-square-161x161.webp 161w\" sizes=\"auto, (max-width: 500px) 100vw, 500px\" \/><\/figure>\n\n\n\n<h4 class=\"wp-block-heading\" style=\"padding-top:var(--wp--preset--spacing--20);padding-bottom:var(--wp--preset--spacing--20);font-style:normal;font-weight:700\">Pintura em Chacota<\/h4>\n\n\n\n<p class=\"wp-block-paragraph\">Pintura directa sobre a pe\u00e7a com tintas de alto fogo ou minas cer\u00e2micas, antes da segunda cozedura.<\/p>\n<\/div>\n\n\n\n<div class=\"wp-block-column is-layout-flow wp-container-core-column-is-layout-7c874152 wp-block-column-is-layout-flow\">\n<figure class=\"wp-block-image size-full\" style=\"margin-top:var(--wp--preset--spacing--20);margin-bottom:var(--wp--preset--spacing--20)\"><img loading=\"lazy\" decoding=\"async\" width=\"500\" height=\"500\" src=\"https:\/\/fica-oc.pt\/wp-content\/uploads\/2026\/03\/curso-de-ceramica-fica-vidragem-square.webp\" alt=\"curso de cer\u00e2mica na FICA oficina criativa - processo de vidragem\" class=\"wp-image-45002\" srcset=\"https:\/\/fica-oc.pt\/wp-content\/uploads\/2026\/03\/curso-de-ceramica-fica-vidragem-square.webp 500w, https:\/\/fica-oc.pt\/wp-content\/uploads\/2026\/03\/curso-de-ceramica-fica-vidragem-square-300x300.webp 300w, https:\/\/fica-oc.pt\/wp-content\/uploads\/2026\/03\/curso-de-ceramica-fica-vidragem-square-150x150.webp 150w, https:\/\/fica-oc.pt\/wp-content\/uploads\/2026\/03\/curso-de-ceramica-fica-vidragem-square-12x12.webp 12w, https:\/\/fica-oc.pt\/wp-content\/uploads\/2026\/03\/curso-de-ceramica-fica-vidragem-square-161x161.webp 161w\" sizes=\"auto, (max-width: 500px) 100vw, 500px\" \/><\/figure>\n\n\n\n<h4 class=\"wp-block-heading\" style=\"padding-top:var(--wp--preset--spacing--20);padding-bottom:var(--wp--preset--spacing--20);font-style:normal;font-weight:700\">Vidragem<\/h4>\n\n\n\n<p class=\"wp-block-paragraph\">Acabamento final com vidrado, que permite proteger e real\u00e7ar cores e texturas das tuas tuas pe\u00e7as.<\/p>\n<\/div>\n<\/div>\n\n\n\n<h3 class=\"wp-block-heading\" style=\"padding-top:var(--wp--preset--spacing--60);padding-bottom:var(--wp--preset--spacing--20);font-style:normal;font-weight:700\">Objectivo do curso de cer\u00e2mica<\/h3>\n\n\n\n<p class=\"wp-block-paragraph\">\u00c9 a forma\u00e7\u00e3o de conforma\u00e7\u00e3o manual mais completa que propomos, pensada para quem n\u00e3o tem experi\u00eancia pr\u00e9via. Ao longo das sess\u00f5es, percorres praticamente todas as etapas do processo cer\u00e2mico \u2014 desde o barro em estado pl\u00e1stico at\u00e9 \u00e0 vidragem final, onde cada participante termina as suas pr\u00f3prias pe\u00e7as.<\/p>\n\n\n\n<p class=\"wp-block-paragraph\">Com a continuidade das quatro sess\u00f5es, vais aprofundando a pr\u00e1tica e a rela\u00e7\u00e3o com o material, ganhando progressivamente confian\u00e7a e autonomia no trabalho com a cer\u00e2mica.<\/p>\n\n\n\n<h3 class=\"wp-block-heading\" style=\"padding-top:var(--wp--preset--spacing--60);padding-bottom:var(--wp--preset--spacing--20);font-style:normal;font-weight:700\">Resultado Final<\/h3>\n\n\n\n<p class=\"wp-block-paragraph\">As pe\u00e7as que realizares, pelo menos quatro, uma por t\u00e9cnica, ficam contigo. Ap\u00f3s o curso de cer\u00e2mica, seguem ainda para o processo de cozedura, que ser\u00e1 tratado por n\u00f3s. Quando estiverem prontas, enviamos e-mail com informa\u00e7\u00e3o de recolha, normalmente entre uma a tr\u00eas semanas ap\u00f3s o final do curso.<\/p>\n\n\n\n<hr class=\"wp-block-separator has-text-color has-foreground-color has-alpha-channel-opacity has-foreground-background-color has-background is-style-wide\" style=\"margin-top:0;margin-bottom:0\"\/>\n<\/div>\n<\/div>\n<\/div>\n\n\n\n<div class=\"wp-block-group alignwide is-layout-constrained wp-block-group-is-layout-constrained\">\n<h2 class=\"wp-block-heading has-text-align-center alignwide has-large-font-size\" id=\"formadoras-curso-ceramica\" style=\"padding-bottom:var(--wp--preset--spacing--20);font-style:normal;font-weight:700\">Formadoras do Curso de Cer\u00e2mica<\/h2>\n\n\n\n<div class=\"wp-block-columns alignwide is-layout-flex wp-container-core-columns-is-layout-1a9244c7 wp-block-columns-is-layout-flex\">\n<div class=\"wp-block-column has-custom-blue-fica-background-color has-background is-layout-flow wp-block-column-is-layout-flow\" style=\"border-top-left-radius:25px;border-top-right-radius:25px;border-bottom-left-radius:25px;border-bottom-right-radius:25px;padding-top:var(--wp--preset--spacing--30);padding-right:var(--wp--preset--spacing--40);padding-bottom:var(--wp--preset--spacing--30);padding-left:var(--wp--preset--spacing--40)\">\n<div class=\"wp-block-columns is-layout-flex wp-container-core-columns-is-layout-1a9244c7 wp-block-columns-is-layout-flex\">\n<div class=\"wp-block-column is-layout-flow wp-block-column-is-layout-flow\" style=\"flex-basis:20%\">\n<figure class=\"wp-block-image size-full\"><img loading=\"lazy\" decoding=\"async\" width=\"250\" height=\"250\" src=\"https:\/\/fica-oc.pt\/wp-content\/uploads\/2026\/03\/FICA-formadora-oficina-ceramica-rita-daniel.webp\" alt=\"formadora do curso de cer\u00e2mica da FICA - Rita Daniel\" class=\"wp-image-44988\" srcset=\"https:\/\/fica-oc.pt\/wp-content\/uploads\/2026\/03\/FICA-formadora-oficina-ceramica-rita-daniel.webp 250w, https:\/\/fica-oc.pt\/wp-content\/uploads\/2026\/03\/FICA-formadora-oficina-ceramica-rita-daniel-150x150.webp 150w, https:\/\/fica-oc.pt\/wp-content\/uploads\/2026\/03\/FICA-formadora-oficina-ceramica-rita-daniel-12x12.webp 12w, https:\/\/fica-oc.pt\/wp-content\/uploads\/2026\/03\/FICA-formadora-oficina-ceramica-rita-daniel-161x161.webp 161w\" sizes=\"auto, (max-width: 250px) 100vw, 250px\" \/><\/figure>\n<\/div>\n\n\n\n<div class=\"wp-block-column is-vertically-aligned-center is-layout-flow wp-block-column-is-layout-flow\" style=\"flex-basis:75%\">\n<p class=\"has-secondary-color has-text-color has-link-color has-medium-font-size wp-elements-b0316530c501a8aac357f78e8aef4a54 wp-block-paragraph\" style=\"font-style:normal;font-weight:700\">Rita Daniel<\/p>\n<\/div>\n<\/div>\n\n\n\n<p class=\"has-secondary-color has-text-color has-link-color wp-elements-d3d5794b64abd4d1947e57c28ad9f74e wp-block-paragraph\" style=\"padding-bottom:var(--wp--preset--spacing--30)\">Fundadora e formadora da FICA Oficina Criativa. Formada em Arquitectura, com cursos de especializa\u00e7\u00e3o em cer\u00e2mica no ARCO e CENCAL. \u00c9 tamb\u00e9m gestora e coordenadora pedag\u00f3gica das forma\u00e7\u00f5es da FICA.<\/p>\n<\/div>\n\n\n\n<div class=\"wp-block-column has-custom-blue-fica-background-color has-background is-layout-flow wp-block-column-is-layout-flow\" style=\"border-top-left-radius:25px;border-top-right-radius:25px;border-bottom-left-radius:25px;border-bottom-right-radius:25px;padding-top:var(--wp--preset--spacing--30);padding-right:var(--wp--preset--spacing--40);padding-bottom:var(--wp--preset--spacing--30);padding-left:var(--wp--preset--spacing--40)\">\n<div class=\"wp-block-columns is-layout-flex wp-container-core-columns-is-layout-1a9244c7 wp-block-columns-is-layout-flex\">\n<div class=\"wp-block-column is-layout-flow wp-block-column-is-layout-flow\" style=\"flex-basis:20%\">\n<figure class=\"wp-block-image size-full\"><img loading=\"lazy\" decoding=\"async\" width=\"250\" height=\"250\" src=\"https:\/\/fica-oc.pt\/wp-content\/uploads\/2026\/03\/FICA-formadora-oficina-ceramica-mariana-costa.webp\" alt=\"formadora do curso de cer\u00e2mica da FICA - Mariana Costa\" class=\"wp-image-44987\" srcset=\"https:\/\/fica-oc.pt\/wp-content\/uploads\/2026\/03\/FICA-formadora-oficina-ceramica-mariana-costa.webp 250w, https:\/\/fica-oc.pt\/wp-content\/uploads\/2026\/03\/FICA-formadora-oficina-ceramica-mariana-costa-150x150.webp 150w, https:\/\/fica-oc.pt\/wp-content\/uploads\/2026\/03\/FICA-formadora-oficina-ceramica-mariana-costa-12x12.webp 12w, https:\/\/fica-oc.pt\/wp-content\/uploads\/2026\/03\/FICA-formadora-oficina-ceramica-mariana-costa-161x161.webp 161w\" sizes=\"auto, (max-width: 250px) 100vw, 250px\" \/><\/figure>\n<\/div>\n\n\n\n<div class=\"wp-block-column is-vertically-aligned-center is-layout-flow wp-block-column-is-layout-flow\" style=\"flex-basis:75%\">\n<p class=\"has-secondary-color has-text-color has-link-color has-medium-font-size wp-elements-1b56fd41dce6b03979607399518edbd0 wp-block-paragraph\" style=\"font-style:normal;font-weight:700\">Mariana Costa<\/p>\n<\/div>\n<\/div>\n\n\n\n<p class=\"has-secondary-color has-text-color has-link-color wp-elements-15633bb862151080f15bc4552dd755ac wp-block-paragraph\" style=\"padding-bottom:var(--wp--preset--spacing--30)\">Formadora da FICA desde 2024. Licenciada em Escultura pela Faculdade de Belas Artes, com passagem pela Escola Art\u00edstica Ant\u00f3nio Arroio e cursos na CENCAL. Mant\u00e9m paralelamente atividade art\u00edstica como ceramista.<\/p>\n<\/div>\n<\/div>\n<\/div>\n\n\n\n<div style=\"height:60px\" aria-hidden=\"true\" class=\"wp-block-spacer\"><\/div>\n\n\n\n<div class=\"wp-block-group alignwide is-layout-constrained wp-block-group-is-layout-constrained\">\n<div class=\"wp-block-columns alignwide is-layout-flex wp-container-core-columns-is-layout-1a9244c7 wp-block-columns-is-layout-flex\">\n<div class=\"wp-block-column is-layout-flow wp-container-core-column-is-layout-332984ac wp-block-column-is-layout-flow\">\n<h2 class=\"wp-block-heading has-text-align-left\" id=\"proximas-oficinas-de-ceramica\" style=\"font-style:normal;font-weight:700\">Calend\u00e1rio dos Cursos de Cer\u00e2mica<\/h2>\n\n\n\n<p class=\"has-text-align-left has-regular-font-size wp-block-paragraph\" style=\"padding-top:var(--wp--preset--spacing--20);padding-bottom:var(--wp--preset--spacing--30);padding-left:0\"><strong>Como inscrever e participar?<\/strong><\/p>\n\n\n\n<p class=\"has-text-align-left wp-block-paragraph\">\u2794 Clica na oficina para ver mais detalhes e fazer inscri\u00e7\u00e3o<\/p>\n\n\n\n<p class=\"has-text-align-left wp-block-paragraph\">\u2794 Adiciona o n\u00ba de lugares pretendido e finaliza o processo de compra<\/p>\n<\/div>\n<\/div>\n<\/div>\n\n\n\n<div class=\"wp-block-group alignwide is-layout-constrained wp-block-group-is-layout-constrained\" style=\"min-height:0px\">\n<div class=\"wp-block-columns alignfull is-layout-flex wp-container-core-columns-is-layout-19433b3a wp-block-columns-is-layout-flex\" style=\"margin-top:0;margin-bottom:0;padding-top:0;padding-bottom:0\">\n<div class=\"wp-block-column is-vertically-aligned-top is-layout-flow wp-container-core-column-is-layout-7c874152 wp-block-column-is-layout-flow\">\n<p class=\"has-text-align-center wp-block-paragraph\"><!-- EventON Calendar --><div id='evcal_calendar_298' class='list_cal ajde_evcal_calendar boxy color tbg1 boxstyle1 box_5 ul noiajx etttc_custom ' data-cal=''><div id='evcal_head' class='calendar_header evcal_nosort' ><div class='evo_cal_above evodfx evofx_dr_r marb5 evofx_ww'><button class='cal_head_btn evo-gototoday-btn' style='' data-mo='5' data-yr='2026' data-dy='' aria-label='Go to today'>M\u00eas actual<\/button><\/div><div class='evo_cal_above_content'><\/div><div class='evo_header_title '><\/div><\/div><div class='evo_filter_bar evo_main_filter_bar eventon_sorting_section '><div class='evo_filter_container evodfx evo_fx_ai_c'><div class='evo_filter_container_in'><div class='eventon_filter_line' ><div class='evo_loading_bar_holder h100 loading_filters swipe' style='min-height:30px;'><div class='nesthold r g10'><div class='evo_loading_bar wid_100% hi_30px' style='width:100%; height:30px; margin-bottom:1px;'><\/div><div class='evo_loading_bar wid_100% hi_30px' style='width:100%; height:30px; margin-bottom:1px;'><\/div><div class='evo_loading_bar wid_100% hi_30px' style='width:100%; height:30px; margin-bottom:1px;'><\/div><div class='evo_loading_bar wid_100% hi_30px' style='width:100%; height:30px; margin-bottom:1px;'><\/div><div class='evo_loading_bar wid_100% hi_30px' style='width:100%; height:30px; margin-bottom:1px;'><\/div><\/div><\/div><\/div><\/div><div class='evo_filter_nav evo_filter_l'><i class='fa fa-chevron-left'><\/i><\/div><div class='evo_filter_nav evo_filter_r'><i class='fa fa-chevron-right'><\/i><\/div><\/div><div class='evo_filter_aply_btns'><\/div><div class='evo_filter_menu'><\/div><\/div><div id='eventon_loadbar_section'><div id='eventon_loadbar'><\/div><\/div><!-- Events List --><div class='evo_events_list_box'><div id='evcal_list' class='eventon_events_list sep_months evcal_list_month'><div class='evcal_month_line' data-d='eml_5_2026' data-su='1777590000'><p>maio<\/p><\/div><div class='sep_month_events ' data-d='eml_5_2026' data-range='1777590000_1780268399'><div style=\"min-height: 350px;\" id=\"event_43561_0\" class=\"eventon_list_event evo_eventtop scheduled  event clrD hasbgimg event_43561_0\" data-event_id=\"43561\" data-ri=\"0r\" data-time=\"1778088600-1779913800\" data-colr=\"#153acf\" ><div class=\"evo_event_schema\" style=\"display:none\" ><a href=\"https:\/\/fica-oc.pt\/events\/oficina-de-ceramica-4a-noite-maio-2026\/\"><\/a><\/div><div class=\"evo_boxtop\" style=\"background-image: url(https:\/\/fica-oc.pt\/wp-content\/uploads\/2026\/03\/fica-oficina-ceramica-4-sessoes.webp); background-color:#153acf;height:240px;\"><\/div>\r\n\t\t\t\t<p class=\"desc_trig_outter\" style=\"\"><a data-gmap_status=\"null\" data-exlk=\"1\" href=\"https:\/\/fica-oc.pt\/events\/oficina-de-ceramica-4a-noite-maio-2026\/\" target=\"_blank\" rel=\"noopener noreferrer\"style=\"padding-top: 275px;\" id=\"evc_177808860043561\" href=\"https:\/\/fica-oc.pt\/events\/oficina-de-ceramica-4a-noite-maio-2026\/\" class=\"desc_trig evo_ceramica evo_curso-ceramica mul_val evcal_list_a\" data-ux_val=\"2\" data-ux_val_mob=\"-\" target=\"_blank\"  ><span class='evoet_in'><span class='evoet_c2 evoet_cx '><span class='evoet_dayblock evcal_cblock ' data-bgcolor='#153acf' data-smon='maio' data-syr='2026' data-bub=''><span class='evo_start  evofxdrc'><em class='day'>qua<\/em><em class='date'>06<\/em><em class='month'>maio<\/em><em class='time'><i t=\"y\">(maio 6)<\/i>18:30<\/em><\/span><span class='evo_end  evofxdrc'><em class='day'>qua<\/em><em class='date'>27<\/em><em class='time'><i t=\"y\">(maio 27)<\/i>21:30<\/em><\/span><\/span><\/span><span class='evoet_c4 evoet_cx '><span class='evoet_title evcal_desc2 evcal_event_title ' itemprop='name'>Oficina de Cer\u00e2mica<\/span><span class='event_location_attrs evodni'  data-location_address=\"Rua Bernardo Lima 10C\" data-location_type=\"lonlat\" data-location_name=\"FICA - Oficina Criativa (NOVO)\" data-location_url=\"https:\/\/fica-oc.pt\/en\/blog\/event-location\/fica-oficina-criativa-novo\/\" data-location_status=\"true\" data-locid=\"500\" data-latlng=\"38.7264548,-9.1441904\"><\/span><span class='evoet_cy evoet_time_expand level_3'><em class='evcal_time evo_tz_time'><i class='fa fa-clock-o'><\/i>18:30 - 21:30 <em class=\"evo_endday evomarl5\">(27)<\/em><span class='evo_tz marl5'>(GMT+01:00)<\/span><\/em> <\/span><span class='evoet_tags evo_above_title'><span class='evo_soldout'>Esgotado<\/span><\/span><span class='evoet_eventtypes level_4 evcal_event_types ett1'><em><i class='evofsn'>Of\u00edcio<\/i><\/em><em data-filter=\"event_type\" data-v=\"ceramica\" data-id=\"128\" class=\"evoetet_val evoet_dataval parent-term evodfx evofxdrr evofxaic\" aria-label=\"ceramica\">ceramica, <\/em><em data-filter=\"event_type\" data-v=\"Curso Cer\u00e2mica\" data-id=\"503\" class=\"evoetet_val evoet_dataval parent-term evodfx evofxdrr evofxaic\" aria-label=\"Curso Cer\u00e2mica\">Curso Cer\u00e2mica<\/em><\/span><\/span><\/span><span class='evoet_data' style='display:none' data-d=\"{&quot;loc.n&quot;:&quot;FICA - Oficina Criativa (NOVO)&quot;,&quot;orgs&quot;:[],&quot;tags&quot;:[]}\" data-bgc=\"#153acf\" data-bggrad=\"\" ><\/span><\/a><\/p><div class='clear end'><\/div><\/div><div style=\"min-height: 350px;\" id=\"event_43563_0\" class=\"eventon_list_event evo_eventtop scheduled  event clrD hasbgimg event_43563_0\" data-event_id=\"43563\" data-ri=\"0r\" data-time=\"1778317200-1780142400\" data-colr=\"#153acf\" ><div class=\"evo_event_schema\" style=\"display:none\" ><a href=\"https:\/\/fica-oc.pt\/events\/oficina-de-ceramica-sabado-maio-2026\/\"><\/a><\/div><div class=\"evo_boxtop\" style=\"background-image: url(https:\/\/fica-oc.pt\/wp-content\/uploads\/2026\/03\/fica-oficina-ceramica-4-sessoes.webp); background-color:#153acf;height:240px;\"><\/div>\r\n\t\t\t\t<p class=\"desc_trig_outter\" style=\"\"><a data-gmap_status=\"null\" data-exlk=\"1\" href=\"https:\/\/fica-oc.pt\/events\/oficina-de-ceramica-sabado-maio-2026\/\" target=\"_blank\" rel=\"noopener noreferrer\"style=\"padding-top: 275px;\" id=\"evc_177831720043563\" href=\"https:\/\/fica-oc.pt\/events\/oficina-de-ceramica-sabado-maio-2026\/\" class=\"desc_trig evo_ceramica evo_curso-ceramica mul_val evcal_list_a\" data-ux_val=\"2\" data-ux_val_mob=\"-\" target=\"_blank\"  ><span class='evoet_in'><span class='evoet_c2 evoet_cx '><span class='evoet_dayblock evcal_cblock ' data-bgcolor='#153acf' data-smon='maio' data-syr='2026' data-bub=''><span class='evo_start  evofxdrc'><em class='day'>s\u00e1b<\/em><em class='date'>09<\/em><em class='month'>maio<\/em><em class='time'><i t=\"y\">(maio 9)<\/i>10:00<\/em><\/span><span class='evo_end  evofxdrc'><em class='day'>s\u00e1b<\/em><em class='date'>30<\/em><em class='time'><i t=\"y\">(maio 30)<\/i>13:00<\/em><\/span><\/span><\/span><span class='evoet_c4 evoet_cx '><span class='evoet_title evcal_desc2 evcal_event_title ' itemprop='name'>Oficina de Cer\u00e2mica<\/span><span class='event_location_attrs evodni'  data-location_address=\"Rua Bernardo Lima 10C\" data-location_type=\"lonlat\" data-location_name=\"FICA - Oficina Criativa (NOVO)\" data-location_url=\"https:\/\/fica-oc.pt\/en\/blog\/event-location\/fica-oficina-criativa-novo\/\" data-location_status=\"true\" data-locid=\"500\" data-latlng=\"38.7264548,-9.1441904\"><\/span><span class='evoet_cy evoet_time_expand level_3'><em class='evcal_time evo_tz_time'><i class='fa fa-clock-o'><\/i>10:00 - 13:00 <em class=\"evo_endday evomarl5\">(30)<\/em><span class='evo_tz marl5'>(GMT+01:00)<\/span><\/em> <\/span><span class='evoet_tags evo_above_title'><\/span><span class='evoet_eventtypes level_4 evcal_event_types ett1'><em><i class='evofsn'>Of\u00edcio<\/i><\/em><em data-filter=\"event_type\" data-v=\"ceramica\" data-id=\"128\" class=\"evoetet_val evoet_dataval parent-term evodfx evofxdrr evofxaic\" aria-label=\"ceramica\">ceramica, <\/em><em data-filter=\"event_type\" data-v=\"Curso Cer\u00e2mica\" data-id=\"503\" class=\"evoetet_val evoet_dataval parent-term evodfx evofxdrr evofxaic\" aria-label=\"Curso Cer\u00e2mica\">Curso Cer\u00e2mica<\/em><\/span><\/span><\/span><span class='evoet_data' style='display:none' data-d=\"{&quot;loc.n&quot;:&quot;FICA - Oficina Criativa (NOVO)&quot;,&quot;orgs&quot;:[],&quot;tags&quot;:[]}\" data-bgc=\"#153acf\" data-bggrad=\"\" ><\/span><\/a><\/p><div class='clear end'><\/div><\/div><\/div><div class='evcal_month_line' data-d='eml_6_2026' data-su='1780268400'><p>junho<\/p><\/div><div class='sep_month_events no_event' data-d='eml_6_2026' data-range='1780268400_1782860399'><div class='eventon_list_event no_events'><p class='no_events' >No Events<\/p><\/div><\/div>\t\t\t<\/div>\r\n\t\t\t<\/div><!-- evo_events_list_box -->\t\r\n\t\t\t<div class='clear'><\/div>\r\n\t\t\t\t\t \t<div id='evcal_footer' class='evo_bottom' style='display:none'>\r\n\t\t \t\t<div class='evo_cal_data' data-sc=\"{&quot;accord&quot;:&quot;no&quot;,&quot;bottom_nav&quot;:&quot;no&quot;,&quot;cal_id&quot;:&quot;&quot;,&quot;cal_init_nonajax&quot;:&quot;yes&quot;,&quot;calendar_type&quot;:&quot;list&quot;,&quot;ep_fields&quot;:&quot;&quot;,&quot;etc_override&quot;:&quot;no&quot;,&quot;evc_open&quot;:&quot;no&quot;,&quot;event_count&quot;:0,&quot;event_location&quot;:&quot;all&quot;,&quot;event_order&quot;:&quot;ASC&quot;,&quot;event_organizer&quot;:&quot;all&quot;,&quot;event_parts&quot;:&quot;no&quot;,&quot;event_past_future&quot;:&quot;all&quot;,&quot;event_status&quot;:&quot;all&quot;,&quot;event_tag&quot;:&quot;all&quot;,&quot;event_type&quot;:&quot;503&quot;,&quot;event_type_2&quot;:&quot;all&quot;,&quot;event_virtual&quot;:&quot;all&quot;,&quot;eventtop_date_style&quot;:0,&quot;eventtop_style&quot;:&quot;2&quot;,&quot;exp_jumper&quot;:&quot;no&quot;,&quot;exp_so&quot;:&quot;no&quot;,&quot;filter_relationship&quot;:&quot;AND&quot;,&quot;filter_show_set_only&quot;:&quot;no&quot;,&quot;filter_style&quot;:&quot;default&quot;,&quot;filter_type&quot;:&quot;default&quot;,&quot;filters&quot;:&quot;yes&quot;,&quot;fixed_month&quot;:&quot;5&quot;,&quot;fixed_year&quot;:&quot;2026&quot;,&quot;focus_end_date_range&quot;:&quot;1782860399&quot;,&quot;focus_start_date_range&quot;:&quot;1777590000&quot;,&quot;ft_event_priority&quot;:&quot;no&quot;,&quot;hide_arrows&quot;:&quot;yes&quot;,&quot;hide_cancels&quot;:&quot;no&quot;,&quot;hide_empty_months&quot;:&quot;no&quot;,&quot;hide_end_time&quot;:&quot;no&quot;,&quot;hide_et_dn&quot;:&quot;no&quot;,&quot;hide_et_extra&quot;:&quot;no&quot;,&quot;hide_et_tags&quot;:&quot;no&quot;,&quot;hide_et_tl&quot;:&quot;no&quot;,&quot;hide_ft&quot;:&quot;no&quot;,&quot;hide_ft_img&quot;:&quot;no&quot;,&quot;hide_month_headers&quot;:&quot;no&quot;,&quot;hide_mult_occur&quot;:&quot;no&quot;,&quot;hide_past&quot;:&quot;no&quot;,&quot;hide_past_by&quot;:&quot;ee&quot;,&quot;hide_so&quot;:&quot;yes&quot;,&quot;ics&quot;:&quot;no&quot;,&quot;jumper&quot;:&quot;no&quot;,&quot;jumper_count&quot;:5,&quot;jumper_offset&quot;:&quot;0&quot;,&quot;lang&quot;:&quot;L1&quot;,&quot;layout_changer&quot;:&quot;no&quot;,&quot;livenow_bar&quot;:&quot;yes&quot;,&quot;mapformat&quot;:&quot;roadmap&quot;,&quot;mapiconurl&quot;:&quot;&quot;,&quot;maps_load&quot;:&quot;no&quot;,&quot;mapscroll&quot;:&quot;true&quot;,&quot;mapzoom&quot;:&quot;16&quot;,&quot;members_only&quot;:&quot;no&quot;,&quot;ml_priority&quot;:&quot;no&quot;,&quot;ml_toend&quot;:&quot;no&quot;,&quot;month_incre&quot;:&quot;1&quot;,&quot;number_of_months&quot;:&quot;2&quot;,&quot;only_ft&quot;:&quot;no&quot;,&quot;pec&quot;:&quot;&quot;,&quot;s&quot;:&quot;&quot;,&quot;search&quot;:&quot;&quot;,&quot;search_all&quot;:&quot;no&quot;,&quot;sep_month&quot;:&quot;yes&quot;,&quot;show_et_ft_img&quot;:&quot;no&quot;,&quot;show_limit&quot;:&quot;no&quot;,&quot;show_limit_ajax&quot;:&quot;no&quot;,&quot;show_limit_paged&quot;:1,&quot;show_limit_redir&quot;:&quot;&quot;,&quot;show_repeats&quot;:&quot;no&quot;,&quot;show_search&quot;:&quot;no&quot;,&quot;show_upcoming&quot;:0,&quot;show_year&quot;:&quot;no&quot;,&quot;social_share&quot;:&quot;no&quot;,&quot;sort_by&quot;:&quot;sort_date&quot;,&quot;tile_bg&quot;:&quot;1&quot;,&quot;tile_bg_size&quot;:&quot;full&quot;,&quot;tile_count&quot;:&quot;5&quot;,&quot;tile_height&quot;:&quot;350\\u2033&quot;,&quot;tile_style&quot;:&quot;1\\u2033&quot;,&quot;tiles&quot;:&quot;yes&quot;,&quot;ux_val&quot;:&quot;0&quot;,&quot;view_switcher&quot;:&quot;no&quot;,&quot;wpml_l1&quot;:&quot;&quot;,&quot;wpml_l2&quot;:&quot;&quot;,&quot;wpml_l3&quot;:&quot;&quot;,&quot;x_ids&quot;:&quot;&quot;,&quot;yl_priority&quot;:&quot;no&quot;,&quot;yl_toend&quot;:&quot;no&quot;,&quot;fixed_day&quot;:&quot;29&quot;,&quot;_cver&quot;:&quot;5.0.9&quot;}\" data-filter_data=\"{&quot;event_type&quot;:{&quot;__name&quot;:&quot;Of\\u00edcio&quot;,&quot;__tax&quot;:&quot;event_type&quot;,&quot;__filter_type&quot;:&quot;tax&quot;,&quot;__def_val&quot;:[503],&quot;__invals&quot;:[&quot;503&quot;],&quot;__notvals&quot;:[],&quot;__list&quot;:{&quot;all&quot;:[&quot;all&quot;,&quot;Todos&quot;],&quot;bordado&quot;:[420,&quot;Bordado&quot;,false,&quot;y&quot;,&quot;153acf&quot;],&quot;ceramica&quot;:[128,&quot;ceramica&quot;,false,&quot;y&quot;,&quot;153acf&quot;],&quot;cestaria&quot;:[380,&quot;cestaria&quot;,false,&quot;y&quot;,&quot;153acf&quot;],&quot;curso-ceramica&quot;:[503,&quot;Curso Cer\\u00e2mica&quot;,false,&quot;y&quot;,&quot;153acd&quot;],&quot;encadernacao&quot;:[126,&quot;Encadernacao&quot;,false,&quot;y&quot;,&quot;153acf&quot;],&quot;fabrico-de-papel&quot;:[474,&quot;Fabrico de Papel&quot;,false,&quot;y&quot;,&quot;&quot;],&quot;fibra-natural&quot;:[499,&quot;Fibra Natural&quot;,false,&quot;y&quot;,&quot;&quot;],&quot;linogravura&quot;:[456,&quot;Linogravura&quot;,false,&quot;y&quot;,&quot;&quot;],&quot;marcenaria&quot;:[123,&quot;Marcenaria&quot;,false,&quot;y&quot;,&quot;153acf&quot;],&quot;marchetaria&quot;:[506,&quot;Marchetaria&quot;,false,&quot;y&quot;,&quot;&quot;],&quot;marmoreado&quot;:[381,&quot;marmoreado&quot;,false,&quot;y&quot;,&quot;ff8080&quot;],&quot;risografia&quot;:[125,&quot;Risografia&quot;,false,&quot;y&quot;,&quot;&quot;],&quot;serigrafia&quot;:[124,&quot;serigrafia&quot;,false,&quot;y&quot;,&quot;153acf&quot;],&quot;tapecaria&quot;:[140,&quot;Tape\\u00e7aria&quot;,false,&quot;y&quot;,&quot;153acf&quot;],&quot;tecelagem&quot;:[382,&quot;Tecelagem&quot;,false,&quot;y&quot;,&quot;153acf&quot;],&quot;textil&quot;:[165,&quot;T\\u00eaxtil&quot;,false,&quot;y&quot;,&quot;153acf&quot;],&quot;tinturaria-natural&quot;:[386,&quot;Tinturaria&quot;,false,&quot;y&quot;,&quot;153acf&quot;],&quot;tinturaria-serigrafia&quot;:[455,&quot;Tinturaria Natural + Serigrafia&quot;,false,&quot;y&quot;,&quot;153acf&quot;],&quot;xilogravura&quot;:[143,&quot;Xilogravura&quot;,false,&quot;y&quot;,&quot;153acf&quot;]},&quot;nterms&quot;:[503],&quot;tterms&quot;:[503],&quot;terms&quot;:[503]}}\" data-nav_data=\"{&quot;month_title&quot;:&quot;&lt;p id=&#039;evcal_cur&#039; class=&#039;evo_month_title padr10&#039;&gt; maio, 2026&lt;\\\/p&gt;&quot;}\" data-od=\"{&quot;lang_no_events&quot;:&quot;No Events&quot;,&quot;cal_tz_offset&quot;:60,&quot;cal_tz&quot;:&quot;Europe\\\/Lisbon&quot;}\" ><\/div>\r\n\t\t \t\t<div class='evo_cal_events' data-events=\"\"><\/div>\r\n\t\t \t<\/div>\r\n\t\t\t\t\r\n\t\t\t\r\n\t\t\t\t\t\t<\/div><!-- EventON End -->\r\n\t\t\t<\/p>\n<\/div>\n<\/div>\n<\/div>\n\n\n\n<div style=\"height:80px\" aria-hidden=\"true\" class=\"wp-block-spacer\"><\/div>\n\n\n\n<div class=\"wp-block-group alignwide is-layout-constrained wp-block-group-is-layout-constrained\">\n<h2 class=\"wp-block-heading has-text-align-center alignwide has-large-font-size\" id=\"reviews-curso-ceramica\" style=\"font-style:normal;font-weight:700\">O que dizem sobre o curso de cer\u00e2mica<\/h2>\n\n\n\n<p class=\"has-text-align-center alignwide wp-block-paragraph\">Aqui ficam algumas opini\u00f5es de participantes que j\u00e1 frequentaram a oficina de cer\u00e2mica na FICA<\/p>\n\n\n\n<figure class=\"wp-block-image size-medium\"><a href=\"https:\/\/www.google.com\/search?sca_esv=539c00fc8c0dc83a&amp;rlz=1C5CHFA_enPT943PT944&amp;sxsrf=ANbL-n4MOc0Cg9FJtqiRzy1xNLeRxQqoyg:1774293511075&amp;q=fica+oficina+criativa&amp;si=AL3DRZEsmMGCryMMFSHJ3StBhOdZ2-6yYkXd_doETEE1OR-qOUKDcfmuEfpL6zeGt2xhe2KNxmonCZ4-dTShKRKaxt0N-TlUuGQCt2XV1y1i2qJlq8YW_OY%3D&amp;uds=ALYpb_lx5Hup9BUa31h6AkHudUb2XV_Zxm5E2tZDVbUkP5V_kgeLKz45TFwdB2odHau0wO1cVNnIos8aKjWIto9jKyq-F6w1KXg_iMVpMrWGesLfd3ZlOMV6f7N25UEjvHOwk9-k4BmZ&amp;sa=X&amp;sqi=2&amp;ved=2ahUKEwilxNGz3raTAxWKcfEDHc5xFp8Q3PALegQIGRAE&amp;biw=1422&amp;bih=717&amp;dpr=2\" target=\"_blank\" rel=\" noreferrer noopener\"><img loading=\"lazy\" decoding=\"async\" width=\"300\" height=\"100\" src=\"https:\/\/fica-oc.pt\/wp-content\/uploads\/2026\/03\/google-reviews-fica-5star-220-300x100.png\" alt=\"fica oficina criativa google reviews\" class=\"wp-image-44863\" srcset=\"https:\/\/fica-oc.pt\/wp-content\/uploads\/2026\/03\/google-reviews-fica-5star-220-300x100.png 300w, https:\/\/fica-oc.pt\/wp-content\/uploads\/2026\/03\/google-reviews-fica-5star-220-18x6.png 18w, https:\/\/fica-oc.pt\/wp-content\/uploads\/2026\/03\/google-reviews-fica-5star-220.png 600w\" sizes=\"auto, (max-width: 300px) 100vw, 300px\" \/><\/a><\/figure>\n\n\n\n<div style=\"height:20px\" aria-hidden=\"true\" class=\"wp-block-spacer\"><\/div>\n<\/div>\n\n\n\n<div class=\"wp-block-columns alignfull is-layout-flex wp-container-core-columns-is-layout-9ce3776d wp-block-columns-is-layout-flex\" style=\"margin-top:0;margin-bottom:0;padding-top:0;padding-right:40px;padding-bottom:0;padding-left:40px\">\n<div class=\"wp-block-column is-vertically-aligned-top has-secondary-background-color has-background is-layout-flow wp-container-core-column-is-layout-53a351ab wp-block-column-is-layout-flow\" style=\"border-style:none;border-width:0px;border-top-left-radius:15px;border-top-right-radius:15px;border-bottom-left-radius:15px;border-bottom-right-radius:15px;padding-top:20px;padding-right:15px;padding-bottom:20px;padding-left:15px\">\n<p class=\"has-medium-font-size wp-block-paragraph\" style=\"padding-bottom:var(--wp--preset--spacing--40)\">\u272d\u272d\u272d\u272d\u272d<\/p>\n\n\n\n<div class=\"wp-block-columns is-layout-flex wp-container-core-columns-is-layout-0b88eddf wp-block-columns-is-layout-flex\" style=\"padding-right:var(--wp--preset--spacing--30);padding-left:var(--wp--preset--spacing--30)\">\n<div class=\"wp-block-column is-layout-flow wp-block-column-is-layout-flow\" style=\"flex-basis:20%\">\n<figure class=\"wp-block-image size-full\"><img loading=\"lazy\" decoding=\"async\" width=\"72\" height=\"72\" src=\"https:\/\/fica-oc.pt\/wp-content\/uploads\/2026\/03\/ricardo-saraiva.png\" alt=\"ricardo saraiva\" class=\"wp-image-44348\" srcset=\"https:\/\/fica-oc.pt\/wp-content\/uploads\/2026\/03\/ricardo-saraiva.png 72w, https:\/\/fica-oc.pt\/wp-content\/uploads\/2026\/03\/ricardo-saraiva-12x12.png 12w\" sizes=\"auto, (max-width: 72px) 100vw, 72px\" \/><\/figure>\n<\/div>\n\n\n\n<div class=\"wp-block-column is-vertically-aligned-center is-layout-flow wp-block-column-is-layout-flow\" style=\"flex-basis:80%\">\n<p class=\"has-text-align-left has-custom-d-blue-fica-color has-text-color has-link-color has-small-font-size wp-elements-69b30d3cf0f4321663f6d79ab960a422 wp-block-paragraph\" id=\"workshops-de-ceramica\" style=\"font-style:normal;font-weight:700;text-transform:uppercase\">Daniel Gomes<\/p>\n<\/div>\n<\/div>\n\n\n\n<p class=\"has-text-align-left has-custom-d-blue-fica-color has-text-color has-link-color wp-elements-0e4ff3a10da8127143cbf67f8db3f8c9 wp-block-paragraph\" style=\"padding-top:10px;padding-right:var(--wp--preset--spacing--30);padding-left:var(--wp--preset--spacing--30)\">Gost\u00e1mos muito do <strong>curso de cer\u00e2mica<\/strong> com a Mariana. Foi muito divertido e aprendemos imenso!<\/p>\n<\/div>\n\n\n\n<div class=\"wp-block-column is-vertically-aligned-top has-secondary-background-color has-background is-layout-flow wp-container-core-column-is-layout-53a351ab wp-block-column-is-layout-flow\" style=\"border-style:none;border-width:0px;border-top-left-radius:15px;border-top-right-radius:15px;border-bottom-left-radius:15px;border-bottom-right-radius:15px;padding-top:20px;padding-right:15px;padding-bottom:20px;padding-left:15px\">\n<p class=\"has-medium-font-size wp-block-paragraph\" style=\"padding-bottom:var(--wp--preset--spacing--40)\">\u272d\u272d\u272d\u272d\u272d<\/p>\n\n\n\n<div class=\"wp-block-columns is-layout-flex wp-container-core-columns-is-layout-0b88eddf wp-block-columns-is-layout-flex\" style=\"padding-right:var(--wp--preset--spacing--30);padding-left:var(--wp--preset--spacing--30)\">\n<div class=\"wp-block-column is-layout-flow wp-block-column-is-layout-flow\" style=\"flex-basis:20%\">\n<figure class=\"wp-block-image size-full\"><img loading=\"lazy\" decoding=\"async\" width=\"72\" height=\"72\" src=\"https:\/\/fica-oc.pt\/wp-content\/uploads\/2026\/03\/sahar.png\" alt=\"shahar haim\" class=\"wp-image-44337\" srcset=\"https:\/\/fica-oc.pt\/wp-content\/uploads\/2026\/03\/sahar.png 72w, https:\/\/fica-oc.pt\/wp-content\/uploads\/2026\/03\/sahar-12x12.png 12w\" sizes=\"auto, (max-width: 72px) 100vw, 72px\" \/><\/figure>\n<\/div>\n\n\n\n<div class=\"wp-block-column is-vertically-aligned-center is-layout-flow wp-block-column-is-layout-flow\" style=\"flex-basis:80%\">\n<p class=\"has-text-align-left has-custom-d-blue-fica-color has-text-color has-link-color has-small-font-size wp-elements-906c7d7a42051808b9938b88e7a54381 wp-block-paragraph\" id=\"workshops-de-ceramica\" style=\"font-style:normal;font-weight:700;text-transform:uppercase\">Susana Rodrigues<\/p>\n<\/div>\n<\/div>\n\n\n\n<p class=\"has-text-align-left has-custom-d-blue-fica-color has-text-color has-link-color wp-elements-4d465efdebcc665c2d014300a3ec2c17 wp-block-paragraph\" style=\"padding-top:10px;padding-right:var(--wp--preset--spacing--30);padding-left:var(--wp--preset--spacing--30)\">Adorei fazer a <strong>Oficina de Cer\u00e2mica<\/strong>. Foi a minha primeira experi\u00eancia com esta arte e fiquei com vontade de continuar. Recomendo muito!<\/p>\n<\/div>\n\n\n\n<div class=\"wp-block-column is-vertically-aligned-top has-secondary-background-color has-background is-layout-flow wp-container-core-column-is-layout-53a351ab wp-block-column-is-layout-flow\" style=\"border-style:none;border-width:0px;border-top-left-radius:15px;border-top-right-radius:15px;border-bottom-left-radius:15px;border-bottom-right-radius:15px;padding-top:20px;padding-right:15px;padding-bottom:20px;padding-left:15px\">\n<p class=\"has-medium-font-size wp-block-paragraph\" style=\"padding-bottom:var(--wp--preset--spacing--40)\">\u272d\u272d\u272d\u272d\u272d<\/p>\n\n\n\n<div class=\"wp-block-columns is-layout-flex wp-container-core-columns-is-layout-0b88eddf wp-block-columns-is-layout-flex\" style=\"padding-right:var(--wp--preset--spacing--30);padding-left:var(--wp--preset--spacing--30)\">\n<div class=\"wp-block-column is-layout-flow wp-block-column-is-layout-flow\" style=\"flex-basis:20%\">\n<figure class=\"wp-block-image size-full\"><img loading=\"lazy\" decoding=\"async\" width=\"72\" height=\"72\" src=\"https:\/\/fica-oc.pt\/wp-content\/uploads\/2026\/03\/A.png\" alt=\"A\" class=\"wp-image-44350\" srcset=\"https:\/\/fica-oc.pt\/wp-content\/uploads\/2026\/03\/A.png 72w, https:\/\/fica-oc.pt\/wp-content\/uploads\/2026\/03\/A-12x12.png 12w\" sizes=\"auto, (max-width: 72px) 100vw, 72px\" \/><\/figure>\n<\/div>\n\n\n\n<div class=\"wp-block-column is-vertically-aligned-center is-layout-flow wp-block-column-is-layout-flow\" style=\"flex-basis:80%\">\n<p class=\"has-text-align-left has-custom-d-blue-fica-color has-text-color has-link-color has-small-font-size wp-elements-06956b71cc73a3d6c827744cbc45dca8 wp-block-paragraph\" id=\"workshops-de-ceramica\" style=\"font-style:normal;font-weight:700;text-transform:uppercase\">A<\/p>\n<\/div>\n<\/div>\n\n\n\n<p class=\"has-text-align-left has-custom-d-blue-fica-color has-text-color has-link-color wp-elements-a49fc27f2490d84efe73521d0a8d1762 wp-block-paragraph\" style=\"padding-top:10px;padding-right:var(--wp--preset--spacing--30);padding-left:var(--wp--preset--spacing--30)\">Frequentei a <strong>oficina de Cer\u00e2mica<\/strong> e adorei! O material est\u00e1 todo inclu\u00eddo, fizemos v\u00e1rias pe\u00e7as usando v\u00e1rias t\u00e9cnicas e passando por todas as etapas, a formadora deu indica\u00e7\u00f5es super claras e era muito atenta e simp\u00e1tica! O espa\u00e7o \u00e9 grande, bonito e muito organizado. Recomendo!! E pretendo voltar \ud83d\ude42<\/p>\n<\/div>\n\n\n\n<div class=\"wp-block-column is-vertically-aligned-top has-secondary-background-color has-background is-layout-flow wp-container-core-column-is-layout-53a351ab wp-block-column-is-layout-flow\" style=\"border-style:none;border-width:0px;border-top-left-radius:15px;border-top-right-radius:15px;border-bottom-left-radius:15px;border-bottom-right-radius:15px;padding-top:20px;padding-right:15px;padding-bottom:20px;padding-left:15px\">\n<p class=\"has-medium-font-size wp-block-paragraph\" style=\"padding-bottom:var(--wp--preset--spacing--40)\">\u272d\u272d\u272d\u272d\u272d<\/p>\n\n\n\n<div class=\"wp-block-columns is-layout-flex wp-container-core-columns-is-layout-0b88eddf wp-block-columns-is-layout-flex\" style=\"padding-right:var(--wp--preset--spacing--30);padding-left:var(--wp--preset--spacing--30)\">\n<div class=\"wp-block-column is-layout-flow wp-block-column-is-layout-flow\" style=\"flex-basis:20%\">\n<figure class=\"wp-block-image size-full\"><img loading=\"lazy\" decoding=\"async\" width=\"144\" height=\"144\" src=\"https:\/\/fica-oc.pt\/wp-content\/uploads\/2026\/03\/sara-figueiredo-oficina-ceramica.png\" alt=\"sara-figueiredo-fica-review\" class=\"wp-image-45201\" srcset=\"https:\/\/fica-oc.pt\/wp-content\/uploads\/2026\/03\/sara-figueiredo-oficina-ceramica.png 144w, https:\/\/fica-oc.pt\/wp-content\/uploads\/2026\/03\/sara-figueiredo-oficina-ceramica-12x12.png 12w\" sizes=\"auto, (max-width: 144px) 100vw, 144px\" \/><\/figure>\n<\/div>\n\n\n\n<div class=\"wp-block-column is-vertically-aligned-center is-layout-flow wp-block-column-is-layout-flow\" style=\"flex-basis:80%\">\n<p class=\"has-text-align-left has-custom-d-blue-fica-color has-text-color has-link-color has-small-font-size wp-elements-24aed9e992acc90f3845fd8419070d64 wp-block-paragraph\" id=\"workshops-de-ceramica\" style=\"font-style:normal;font-weight:700;text-transform:uppercase\">Sara Figueiredo<\/p>\n<\/div>\n<\/div>\n\n\n\n<p class=\"has-text-align-left has-custom-d-blue-fica-color has-text-color has-link-color wp-elements-ec47987fe83ef2cafd81c04d1c93b4f6 wp-block-paragraph\" style=\"padding-top:10px;padding-right:var(--wp--preset--spacing--30);padding-left:var(--wp--preset--spacing--30)\">Frequentei uma <strong>oficina de cer\u00e2mica<\/strong> e recomendo &#8211; para aqueles que nunca fizeram e para aqueles que t\u00eam o bichinho adormecido. V\u00e3o gostar de certeza! Mesmo havendo v\u00e1rias oficinas a decorrer ao mesmo tempo, o espa\u00e7o \u00e9 muito tranquilo e a equipa impec\u00e1vel.<\/p>\n<\/div>\n\n\n\n<div class=\"wp-block-column is-vertically-aligned-top has-secondary-background-color has-background is-layout-flow wp-container-core-column-is-layout-53a351ab wp-block-column-is-layout-flow\" style=\"border-style:none;border-width:0px;border-top-left-radius:15px;border-top-right-radius:15px;border-bottom-left-radius:15px;border-bottom-right-radius:15px;padding-top:20px;padding-right:15px;padding-bottom:20px;padding-left:15px\">\n<p class=\"has-medium-font-size wp-block-paragraph\" style=\"padding-bottom:var(--wp--preset--spacing--40)\">\u272d\u272d\u272d\u272d\u272d<\/p>\n\n\n\n<div class=\"wp-block-columns is-layout-flex wp-container-core-columns-is-layout-0b88eddf wp-block-columns-is-layout-flex\" style=\"padding-right:var(--wp--preset--spacing--30);padding-left:var(--wp--preset--spacing--30)\">\n<div class=\"wp-block-column is-layout-flow wp-block-column-is-layout-flow\" style=\"flex-basis:20%\">\n<figure class=\"wp-block-image size-full\"><img loading=\"lazy\" decoding=\"async\" width=\"72\" height=\"72\" src=\"https:\/\/fica-oc.pt\/wp-content\/uploads\/2026\/03\/tomas-parreiro.png\" alt=\"tomas parreiro\" class=\"wp-image-44374\" srcset=\"https:\/\/fica-oc.pt\/wp-content\/uploads\/2026\/03\/tomas-parreiro.png 72w, https:\/\/fica-oc.pt\/wp-content\/uploads\/2026\/03\/tomas-parreiro-12x12.png 12w\" sizes=\"auto, (max-width: 72px) 100vw, 72px\" \/><\/figure>\n<\/div>\n\n\n\n<div class=\"wp-block-column is-vertically-aligned-center is-layout-flow wp-block-column-is-layout-flow\" style=\"flex-basis:80%\">\n<p class=\"has-text-align-left has-custom-d-blue-fica-color has-text-color has-link-color has-small-font-size wp-elements-42568d1b7b9ffaaa77d4fda3e7993aa5 wp-block-paragraph\" id=\"workshops-de-ceramica\" style=\"font-style:normal;font-weight:700;text-transform:uppercase\">Tom\u00e1s Parreiro<\/p>\n<\/div>\n<\/div>\n\n\n\n<p class=\"has-text-align-left has-custom-d-blue-fica-color has-text-color has-link-color wp-elements-a143d37338e12954e525e8af9cbf2824 wp-block-paragraph\" style=\"padding-top:10px;padding-right:var(--wp--preset--spacing--30);padding-left:var(--wp--preset--spacing--30)\">Uma experi\u00eancia maravilhosa. A Rita \u00e9 incr\u00edvel. Fiz a <strong>oficina de cer\u00e2mica<\/strong>. Recomendo muito!<\/p>\n<\/div>\n<\/div>\n\n\n\n<div style=\"height:80px\" aria-hidden=\"true\" class=\"wp-block-spacer\"><\/div>\n\n\n\n<hr class=\"wp-block-separator alignfull has-text-color has-custom-d-grey-fica-color has-alpha-channel-opacity has-custom-d-grey-fica-background-color has-background\"\/>\n\n\n\n<div class=\"wp-block-group alignwide is-layout-constrained wp-block-group-is-layout-constrained\" style=\"padding-top:var(--wp--preset--spacing--20);padding-bottom:0\">\n<div class=\"wp-block-columns alignwide is-layout-flex wp-container-core-columns-is-layout-8da9ac42 wp-block-columns-is-layout-flex\" style=\"margin-top:0;margin-bottom:0;padding-right:0;padding-left:0\">\n<div class=\"wp-block-column is-layout-flow wp-block-column-is-layout-flow\" style=\"padding-right:0px;padding-left:0px\">\n<h2 id=\"perguntas-frequentes-workshops-de-ceramica\" class=\"wp-block-heading has-medium-font-size\" style=\"font-style:normal;font-weight:700;text-transform:uppercase\">Perguntas Frequentes e Condi\u00e7\u00f5es de participa\u00e7\u00e3o no Curso de cer\u00e2mica<\/h2>\n\n\n\n<p class=\"wp-block-paragraph\" style=\"padding-top:0px\">Perguntas frequentes sobre a oficina de cer\u00e2mica da FICA Oficina Criativa.<\/p>\n\n\n\n<hr class=\"wp-block-separator has-text-color has-cyan-bluish-gray-color has-alpha-channel-opacity has-cyan-bluish-gray-background-color has-background\" style=\"margin-top:0;margin-bottom:0\"\/>\n\n\n<div id=\"rank-math-faq\" class=\"rank-math-block\">\n<div class=\"rank-math-list \">\n<div id=\"faq-question-1774272853138\" class=\"rank-math-list-item\">\n<h3 class=\"rank-math-question \">O curso de cer\u00e2mica tem materiais inclu\u00eddos?<\/h3>\n<div class=\"rank-math-answer \">\n\n<p>Sim, os materiais necess\u00e1rios para a realiza\u00e7\u00e3o do curso de cer\u00e2mica est\u00e3o inclu\u00eddos.<br \/>O barro, engobes, tintas e vidrado utilizados nesta forma\u00e7\u00e3o s\u00e3o feitos em Portugal e fornecidos pela <a href=\"https:\/\/graffitostore.com\/\" target=\"_blank\" rel=\"noreferrer noopener\"><strong>Graffito<\/strong><\/a>. Um parceria com a marca de refer\u00eancia portuguesa, especializada em material de cer\u00e2mica.<br \/>As cozeduras est\u00e3o inclu\u00eddas.<\/p>\n\n<\/div>\n<\/div>\n<\/div>\n<\/div>\n\n\n<hr class=\"wp-block-separator has-text-color has-cyan-bluish-gray-color has-alpha-channel-opacity has-cyan-bluish-gray-background-color has-background\" style=\"margin-top:0;margin-bottom:0\"\/>\n\n\n<div id=\"rank-math-faq\" class=\"rank-math-block\">\n<div class=\"rank-math-list \">\n<div id=\"faq-question-1774272864136\" class=\"rank-math-list-item\">\n<h3 class=\"rank-math-question \">Preciso de fazer um workshop primeiro?<\/h3>\n<div class=\"rank-math-answer \">\n\n<p>N\u00e3o. Esta Oficina de Cer\u00e2mica pode ser realizada de forma independente, sem necessidade de participar noutros workshops de inicia\u00e7\u00e3o.<br \/>Existem outros workshops que podem ser feitos depois da Oficina de Cer\u00e2mica, em complemento, como o Workshop de Nerikomi, Esgrafitado e Decalques Cer\u00e2micos.<\/p>\n\n<\/div>\n<\/div>\n<\/div>\n<\/div>\n\n\n<hr class=\"wp-block-separator has-text-color has-cyan-bluish-gray-color has-alpha-channel-opacity has-cyan-bluish-gray-background-color has-background\" style=\"margin-top:0;margin-bottom:0\"\/>\n\n\n<div id=\"rank-math-faq\" class=\"rank-math-block\">\n<div class=\"rank-math-list \">\n<div id=\"faq-question-1774272870017\" class=\"rank-math-list-item\">\n<h3 class=\"rank-math-question \">Qual a diferen\u00e7a para um workshop?<\/h3>\n<div class=\"rank-math-answer \">\n\n<p>O Flash Workshop de Cer\u00e2mica \u00e9 uma experi\u00eancia pontual, focada nas t\u00e9cnicas b\u00e1sicas de lastra e bola. N\u00e3o inclui pintura portanto as pe\u00e7as ficam na cor natural do barro, branco (faian\u00e7a). A Oficina de Cer\u00e2mica \u00e9 um curso mais completo de 4 sess\u00f5es, incluindo decora\u00e7\u00e3o, vidragem e acompanhamento de v\u00e1rias fases do processo cer\u00e2mico.<\/p>\n\n<\/div>\n<\/div>\n<\/div>\n<\/div>\n\n\n<hr class=\"wp-block-separator has-text-color has-cyan-bluish-gray-color has-alpha-channel-opacity has-cyan-bluish-gray-background-color has-background\" style=\"margin-top:0;margin-bottom:0\"\/>\n\n\n<div id=\"rank-math-faq\" class=\"rank-math-block\">\n<div class=\"rank-math-list \">\n<div id=\"faq-question-1774272880883\" class=\"rank-math-list-item\">\n<h3 class=\"rank-math-question \">Posso faltar a uma sess\u00e3o?<\/h3>\n<div class=\"rank-math-answer \">\n\n<p>Apesar de, caso o formando falte a uma sess\u00e3o da forma\u00e7\u00e3o, a FICA n\u00e3o tem responsabilidade em substituir ou compensar essa sess\u00e3o. Podemos analisar a possibilidade de compensar (excepto a primeira sess\u00e3o) na nossa modalidade de oficina aberta \u00e0s ter\u00e7as-feiras, dependendo da disponibilidade.<\/p>\n\n<\/div>\n<\/div>\n<\/div>\n<\/div>\n\n\n<hr class=\"wp-block-separator has-text-color has-cyan-bluish-gray-color has-alpha-channel-opacity has-cyan-bluish-gray-background-color has-background\" style=\"margin-top:0;margin-bottom:0\"\/>\n\n\n\n<p class=\"has-text-align-center wp-block-paragraph\" id=\"sabe-mais-sobre-os-termos-e-condicoes\" style=\"font-size:20px\">Para quest\u00f5es sobre inscri\u00e7\u00f5es, pagamentos ou cancelamentos, consulta as condi\u00e7\u00f5es na p\u00e1gina de cada workshop e nos <a href=\"https:\/\/fica-oc.pt\/termos-e-condicoes\/\" data-type=\"page\" data-id=\"6888\">termos e condi\u00e7\u00f5es<\/a><\/p>\n<\/div>\n<\/div>\n<\/div>\n\n\n\n<div style=\"height:60px\" aria-hidden=\"true\" class=\"wp-block-spacer\"><\/div>\n","protected":false},"excerpt":{"rendered":"<p>Cer\u00e2mica Curso de Cer\u00e2mica em Lisboa Oficina de Cer\u00e2mica com 4 sess\u00f5es Este curso de cer\u00e2mica em Lisboa, na FICA Oficina Criativa, \u00e9 uma abordagem onde vais desenvolver uma rela\u00e7\u00e3o mais consistente com o barro. A OFICINA DE CER\u00c2MICA, com 4 sess\u00f5es e 11 horas de forma\u00e7\u00e3o, \u00e9 uma proposta completa para quem quer explorar<\/p>","protected":false},"author":3,"featured_media":26553,"parent":0,"menu_order":0,"comment_status":"closed","ping_status":"closed","template":"","meta":{"_crdt_document":"","footnotes":""},"class_list":["post-44979","page","type-page","status-publish","has-post-thumbnail","hentry"],"_links":{"self":[{"href":"https:\/\/fica-oc.pt\/en\/wp-json\/wp\/v2\/pages\/44979","targetHints":{"allow":["GET"]}}],"collection":[{"href":"https:\/\/fica-oc.pt\/en\/wp-json\/wp\/v2\/pages"}],"about":[{"href":"https:\/\/fica-oc.pt\/en\/wp-json\/wp\/v2\/types\/page"}],"author":[{"embeddable":true,"href":"https:\/\/fica-oc.pt\/en\/wp-json\/wp\/v2\/users\/3"}],"replies":[{"embeddable":true,"href":"https:\/\/fica-oc.pt\/en\/wp-json\/wp\/v2\/comments?post=44979"}],"version-history":[{"count":10,"href":"https:\/\/fica-oc.pt\/en\/wp-json\/wp\/v2\/pages\/44979\/revisions"}],"predecessor-version":[{"id":45202,"href":"https:\/\/fica-oc.pt\/en\/wp-json\/wp\/v2\/pages\/44979\/revisions\/45202"}],"wp:featuredmedia":[{"embeddable":true,"href":"https:\/\/fica-oc.pt\/en\/wp-json\/wp\/v2\/media\/26553"}],"wp:attachment":[{"href":"https:\/\/fica-oc.pt\/en\/wp-json\/wp\/v2\/media?parent=44979"}],"curies":[{"name":"wp","href":"https:\/\/api.w.org\/{rel}","templated":true}]}}